{"id":5272,"date":"2024-03-23T11:39:40","date_gmt":"2024-03-23T10:39:40","guid":{"rendered":"https:\/\/lifting-safety.com\/?post_type=product&#038;p=5272"},"modified":"2024-04-15T13:42:00","modified_gmt":"2024-04-15T11:42:00","slug":"ty2-elektromos-lancos-emelo-elektromos-kocsival","status":"publish","type":"product","link":"https:\/\/lifting-safety.com\/hu_hu\/termek\/ty2-elektromos-lancos-emelo-elektromos-kocsival\/","title":{"rendered":"TY2 elektromos l\u00e1ncos emel\u0151 elektromos halad\u00f3m\u0171vel"},"content":{"rendered":"<p>(1) Haszn\u00e1ljon r\u00e9zmotort, amely j\u00f3 elektromos vezet\u0151k\u00e9pess\u00e9ggel \u00e9s szigetel\u0151k\u00e9pess\u00e9ggel rendelkezik.<\/p>\n<p>(2) Nagy pontoss\u00e1g\u00fa \u00f6tv\u00f6zetb\u0151l k\u00e9sz\u00fclt, h\u0151kezelt fogaskerekek nagy szil\u00e1rds\u00e1ggal \u00e9s alacsony zajszinttel.<\/p>\n<p>(3) Alum\u00ednium\u00f6tv\u00f6zet burkolat, szil\u00e1rd \u00e9s k\u00f6nny\u0171.<\/p>\n<p>(4) Az elektrom\u00e1gneses f\u00e9kberendez\u00e9s azonnali f\u00e9kez\u00e9st tud el\u00e9rni, amikor az \u00e1ramot lekapcsolj\u00e1k.<\/p>\n","protected":false},"excerpt":{"rendered":"<p><strong>Term\u00e9kn\u00e9v:\u00a0<\/strong>\u00a0TY2 elektromos l\u00e1ncos emel\u0151 elektromos kocsival<\/p>\n<p><strong>T\u00edpus:\u00a0<\/strong>\u00a0Emel\u0151berendez\u00e9s<\/p>\n<p><strong>Modell:\u00a0<\/strong>\u00a0TY2 t\u00edpus<\/p>\n<p><strong>Haszn\u00e1lat:\u00a0<\/strong>\u00a0\u00c9p\u00edt\u0151ipari emel\u0151<br \/>\n<strong>Kapacit\u00e1s:\u00a0<\/strong>\u00a01 tonna-5 tonna<br \/>\n<strong>N\u00e9vleges fesz\u00fclts\u00e9g:\u00a0<\/strong>\u00a0200V-690V, 50\/60 Hz<br \/>\n<strong>Sebess\u00e9g t\u00edpusa:\u00a0<\/strong>\u00a0egysebess\u00e9ges, dupla sebess\u00e9g\u0171<br \/>\n<strong>Terhel\u00e9si l\u00e1nc:\u00a0<\/strong>\u00a0FEC nagy szil\u00e1rds\u00e1g\u00fa l\u00e1nc<br \/>\n<strong>Opcion\u00e1lis:\u00a0<\/strong>\u00a0Vezet\u00e9k n\u00e9lk\u00fcli t\u00e1vir\u00e1ny\u00edt\u00f3<\/p>\n<p><strong>Min\u0151s\u00edt\u00e9s:\u00a0<\/strong>\u00a0CE, GS<\/p>\n<p><strong>Alkalmazhat\u00f3 ipar\u00e1gak:\u00a0<\/strong>\u00a0\u00c9p\u00edt\u0151anyag-\u00fczletek, G\u00e9pjav\u00edt\u00f3 m\u0171helyek, Gy\u00e1rt\u00f3\u00fczem, Farmok, Kiskereskedelem, \u00c9p\u00edt\u00e9si munk\u00e1k , Energia \u00e9s b\u00e1ny\u00e1szat<\/p>\n","protected":false},"featured_media":5273,"template":"","meta":{"site-sidebar-layout":"default","site-content-layout":"","ast-site-content-layout":"default","site-content-style":"default","site-sidebar-style":"default","ast-global-header-display":"","ast-banner-title-visibility":"","ast-main-header-display":"","ast-hfb-above-header-display":"","ast-hfb-below-header-display":"","ast-hfb-mobile-header-display":"","site-post-title":"","ast-breadcrumbs-content":"","ast-featured-img":"","footer-sml-layout":"","theme-transparent-header-meta":"default","adv-header-id-meta":"","stick-header-meta":"","header-above-stick-meta":"","header-main-stick-meta":"","header-below-stick-meta":"","astra-migrate-meta-layouts":"set","ast-page-background-enabled":"default","ast-page-background-meta":{"desktop":{"background-color":"","background-image":"","background-repeat":"repeat","background-position":"center center","background-size":"auto","background-attachment":"scroll","background-type":"","background-media":"","overlay-type":"","overlay-color":"","overlay-opacity":"","overlay-gradient":""},"tablet":{"background-color":"","background-image":"","background-repeat":"repeat","background-position":"center center","background-size":"auto","background-attachment":"scroll","background-type":"","background-media":"","overlay-type":"","overlay-color":"","overlay-opacity":"","overlay-gradient":""},"mobile":{"background-color":"","background-image":"","background-repeat":"repeat","background-position":"center center","background-size":"auto","background-attachment":"scroll","background-type":"","background-media":"","overlay-type":"","overlay-color":"","overlay-opacity":"","overlay-gradient":""}},"ast-content-background-meta":{"desktop":{"background-color":"var(--ast-global-color-5)","background-image":"","background-repeat":"repeat","background-position":"center center","background-size":"auto","background-attachment":"scroll","background-type":"","background-media":"","overlay-type":"","overlay-color":"","overlay-opacity":"","overlay-gradient":""},"tablet":{"background-color":"var(--ast-global-color-5)","background-image":"","background-repeat":"repeat","background-position":"center center","background-size":"auto","background-attachment":"scroll","background-type":"","background-media":"","overlay-type":"","overlay-color":"","overlay-opacity":"","overlay-gradient":""},"mobile":{"background-color":"var(--ast-global-color-5)","background-image":"","background-repeat":"repeat","background-position":"center center","background-size":"auto","background-attachment":"scroll","background-type":"","background-media":"","overlay-type":"","overlay-color":"","overlay-opacity":"","overlay-gradient":""}}},"product_brand":[],"product_cat":[69],"product_tag":[],"class_list":{"0":"post-5272","1":"product","2":"type-product","3":"status-publish","4":"has-post-thumbnail","6":"product_cat-elektromos-emelo","7":"desktop-align-left","8":"tablet-align-left","9":"mobile-align-left","11":"first","12":"instock","13":"shipping-taxable","14":"product-type-simple"},"yoast_head":"<!-- This site is optimized with the Yoast SEO plugin v25.3 - https:\/\/yoast.com\/wordpress\/plugins\/seo\/ -->\n<title>TY2 elektromos l\u00e1ncos emel\u0151 elektromos halad\u00f3m\u0171vel - Lifting Safety - Lifting equipment from professionals<\/title>\n<meta name=\"robots\" content=\"index, follow, max-snippet:-1, max-image-preview:large, max-video-preview:-1\" \/>\n<link rel=\"canonical\" href=\"https:\/\/lifting-safety.com\/hu_hu\/termek\/ty2-elektromos-lancos-emelo-elektromos-kocsival\/\" \/>\n<meta property=\"og:locale\" content=\"hu_HU\" \/>\n<meta property=\"og:type\" content=\"article\" \/>\n<meta property=\"og:title\" content=\"TY2 elektromos l\u00e1ncos emel\u0151 elektromos halad\u00f3m\u0171vel - Lifting Safety - Lifting equipment from professionals\" \/>\n<meta property=\"og:description\" content=\"Term\u00e9kn\u00e9v:\u00a0\u00a0TY2 elektromos l\u00e1ncos emel\u0151 elektromos kocsival  T\u00edpus:\u00a0\u00a0Emel\u0151berendez\u00e9s  Modell:\u00a0\u00a0TY2 t\u00edpus  Haszn\u00e1lat:\u00a0\u00a0\u00c9p\u00edt\u0151ipari emel\u0151 Kapacit\u00e1s:\u00a0\u00a01 tonna-5 tonna N\u00e9vleges fesz\u00fclts\u00e9g:\u00a0\u00a0200V-690V, 50\/60 Hz Sebess\u00e9g t\u00edpusa:\u00a0\u00a0egysebess\u00e9ges, dupla sebess\u00e9g\u0171 Terhel\u00e9si l\u00e1nc:\u00a0\u00a0FEC nagy szil\u00e1rds\u00e1g\u00fa l\u00e1nc Opcion\u00e1lis:\u00a0\u00a0Vezet\u00e9k n\u00e9lk\u00fcli t\u00e1vir\u00e1ny\u00edt\u00f3  Min\u0151s\u00edt\u00e9s:\u00a0\u00a0CE, GS  Alkalmazhat\u00f3 ipar\u00e1gak:\u00a0\u00a0\u00c9p\u00edt\u0151anyag-\u00fczletek, G\u00e9pjav\u00edt\u00f3 m\u0171helyek, Gy\u00e1rt\u00f3\u00fczem, Farmok, Kiskereskedelem, \u00c9p\u00edt\u00e9si munk\u00e1k , Energia \u00e9s b\u00e1ny\u00e1szat\" \/>\n<meta property=\"og:url\" content=\"https:\/\/lifting-safety.com\/hu_hu\/termek\/ty2-elektromos-lancos-emelo-elektromos-kocsival\/\" \/>\n<meta property=\"og:site_name\" content=\"Lifting Safety - Lifting equipment from professionals\" \/>\n<meta property=\"article:modified_time\" content=\"2024-04-15T11:42:00+00:00\" \/>\n<meta property=\"og:image\" content=\"https:\/\/lifting-safety.com\/wp-content\/uploads\/2024\/03\/TY2-Electric-Chain-Hoist-With-Electric-Trolley-China.webp\" \/>\n\t<meta property=\"og:image:width\" content=\"800\" \/>\n\t<meta property=\"og:image:height\" content=\"800\" \/>\n\t<meta property=\"og:image:type\" content=\"image\/webp\" \/>\n<meta name=\"twitter:card\" content=\"summary_large_image\" \/>\n<script type=\"application\/ld+json\" class=\"yoast-schema-graph\">{\"@context\":\"https:\/\/schema.org\",\"@graph\":[{\"@type\":\"WebPage\",\"@id\":\"https:\/\/lifting-safety.com\/termek\/ty2-elektromos-lancos-emelo-elektromos-kocsival\/\",\"url\":\"https:\/\/lifting-safety.com\/termek\/ty2-elektromos-lancos-emelo-elektromos-kocsival\/\",\"name\":\"TY2 elektromos l\u00e1ncos emel\u0151 elektromos halad\u00f3m\u0171vel - Lifting Safety - Lifting equipment from professionals\",\"isPartOf\":{\"@id\":\"https:\/\/lifting-safety.com\/hu_hu\/#website\"},\"primaryImageOfPage\":{\"@id\":\"https:\/\/lifting-safety.com\/termek\/ty2-elektromos-lancos-emelo-elektromos-kocsival\/#primaryimage\"},\"image\":{\"@id\":\"https:\/\/lifting-safety.com\/termek\/ty2-elektromos-lancos-emelo-elektromos-kocsival\/#primaryimage\"},\"thumbnailUrl\":\"https:\/\/lifting-safety.com\/wp-content\/uploads\/2024\/03\/TY2-Electric-Chain-Hoist-With-Electric-Trolley-China.webp\",\"datePublished\":\"2024-03-23T10:39:40+00:00\",\"dateModified\":\"2024-04-15T11:42:00+00:00\",\"breadcrumb\":{\"@id\":\"https:\/\/lifting-safety.com\/termek\/ty2-elektromos-lancos-emelo-elektromos-kocsival\/#breadcrumb\"},\"inLanguage\":\"hu\",\"potentialAction\":[{\"@type\":\"ReadAction\",\"target\":[\"https:\/\/lifting-safety.com\/termek\/ty2-elektromos-lancos-emelo-elektromos-kocsival\/\"]}]},{\"@type\":\"ImageObject\",\"inLanguage\":\"hu\",\"@id\":\"https:\/\/lifting-safety.com\/termek\/ty2-elektromos-lancos-emelo-elektromos-kocsival\/#primaryimage\",\"url\":\"https:\/\/lifting-safety.com\/wp-content\/uploads\/2024\/03\/TY2-Electric-Chain-Hoist-With-Electric-Trolley-China.webp\",\"contentUrl\":\"https:\/\/lifting-safety.com\/wp-content\/uploads\/2024\/03\/TY2-Electric-Chain-Hoist-With-Electric-Trolley-China.webp\",\"width\":800,\"height\":800},{\"@type\":\"BreadcrumbList\",\"@id\":\"https:\/\/lifting-safety.com\/termek\/ty2-elektromos-lancos-emelo-elektromos-kocsival\/#breadcrumb\",\"itemListElement\":[{\"@type\":\"ListItem\",\"position\":1,\"name\":\"Kezd\u0151lap\",\"item\":\"https:\/\/lifting-safety.com\/hu_hu\/\"},{\"@type\":\"ListItem\",\"position\":2,\"name\":\"Store\",\"item\":\"https:\/\/lifting-safety.com\/store\/\"},{\"@type\":\"ListItem\",\"position\":3,\"name\":\"TY2 elektromos l\u00e1ncos emel\u0151 elektromos halad\u00f3m\u0171vel\"}]},{\"@type\":\"WebSite\",\"@id\":\"https:\/\/lifting-safety.com\/hu_hu\/#website\",\"url\":\"https:\/\/lifting-safety.com\/hu_hu\/\",\"name\":\"Lifting Safety - Lifting equipment from professionals\",\"description\":\"\",\"publisher\":{\"@id\":\"https:\/\/lifting-safety.com\/hu_hu\/#organization\"},\"potentialAction\":[{\"@type\":\"SearchAction\",\"target\":{\"@type\":\"EntryPoint\",\"urlTemplate\":\"https:\/\/lifting-safety.com\/hu_hu\/?s={search_term_string}\"},\"query-input\":{\"@type\":\"PropertyValueSpecification\",\"valueRequired\":true,\"valueName\":\"search_term_string\"}}],\"inLanguage\":\"hu\"},{\"@type\":\"Organization\",\"@id\":\"https:\/\/lifting-safety.com\/hu_hu\/#organization\",\"name\":\"Lifting Safety - Lifting equipment from professionals\",\"url\":\"https:\/\/lifting-safety.com\/hu_hu\/\",\"logo\":{\"@type\":\"ImageObject\",\"inLanguage\":\"hu\",\"@id\":\"https:\/\/lifting-safety.com\/hu_hu\/#\/schema\/logo\/image\/\",\"url\":\"https:\/\/lifting-safety.com\/wp-content\/uploads\/2024\/02\/cropped-SAFETY_LIFT_LOGO_horizontal_tiny.png\",\"contentUrl\":\"https:\/\/lifting-safety.com\/wp-content\/uploads\/2024\/02\/cropped-SAFETY_LIFT_LOGO_horizontal_tiny.png\",\"width\":520,\"height\":174,\"caption\":\"Lifting Safety - Lifting equipment from professionals\"},\"image\":{\"@id\":\"https:\/\/lifting-safety.com\/hu_hu\/#\/schema\/logo\/image\/\"}}]}<\/script>\n<!-- \/ Yoast SEO plugin. -->","yoast_head_json":{"title":"TY2 elektromos l\u00e1ncos emel\u0151 elektromos halad\u00f3m\u0171vel - Lifting Safety - Lifting equipment from professionals","robots":{"index":"index","follow":"follow","max-snippet":"max-snippet:-1","max-image-preview":"max-image-preview:large","max-video-preview":"max-video-preview:-1"},"canonical":"https:\/\/lifting-safety.com\/hu_hu\/termek\/ty2-elektromos-lancos-emelo-elektromos-kocsival\/","og_locale":"hu_HU","og_type":"article","og_title":"TY2 elektromos l\u00e1ncos emel\u0151 elektromos halad\u00f3m\u0171vel - Lifting Safety - Lifting equipment from professionals","og_description":"Term\u00e9kn\u00e9v:\u00a0\u00a0TY2 elektromos l\u00e1ncos emel\u0151 elektromos kocsival  T\u00edpus:\u00a0\u00a0Emel\u0151berendez\u00e9s  Modell:\u00a0\u00a0TY2 t\u00edpus  Haszn\u00e1lat:\u00a0\u00a0\u00c9p\u00edt\u0151ipari emel\u0151 Kapacit\u00e1s:\u00a0\u00a01 tonna-5 tonna N\u00e9vleges fesz\u00fclts\u00e9g:\u00a0\u00a0200V-690V, 50\/60 Hz Sebess\u00e9g t\u00edpusa:\u00a0\u00a0egysebess\u00e9ges, dupla sebess\u00e9g\u0171 Terhel\u00e9si l\u00e1nc:\u00a0\u00a0FEC nagy szil\u00e1rds\u00e1g\u00fa l\u00e1nc Opcion\u00e1lis:\u00a0\u00a0Vezet\u00e9k n\u00e9lk\u00fcli t\u00e1vir\u00e1ny\u00edt\u00f3  Min\u0151s\u00edt\u00e9s:\u00a0\u00a0CE, GS  Alkalmazhat\u00f3 ipar\u00e1gak:\u00a0\u00a0\u00c9p\u00edt\u0151anyag-\u00fczletek, G\u00e9pjav\u00edt\u00f3 m\u0171helyek, Gy\u00e1rt\u00f3\u00fczem, Farmok, Kiskereskedelem, \u00c9p\u00edt\u00e9si munk\u00e1k , Energia \u00e9s b\u00e1ny\u00e1szat","og_url":"https:\/\/lifting-safety.com\/hu_hu\/termek\/ty2-elektromos-lancos-emelo-elektromos-kocsival\/","og_site_name":"Lifting Safety - Lifting equipment from professionals","article_modified_time":"2024-04-15T11:42:00+00:00","og_image":[{"width":800,"height":800,"url":"https:\/\/lifting-safety.com\/wp-content\/uploads\/2024\/03\/TY2-Electric-Chain-Hoist-With-Electric-Trolley-China.webp","type":"image\/webp"}],"twitter_card":"summary_large_image","schema":{"@context":"https:\/\/schema.org","@graph":[{"@type":"WebPage","@id":"https:\/\/lifting-safety.com\/termek\/ty2-elektromos-lancos-emelo-elektromos-kocsival\/","url":"https:\/\/lifting-safety.com\/termek\/ty2-elektromos-lancos-emelo-elektromos-kocsival\/","name":"TY2 elektromos l\u00e1ncos emel\u0151 elektromos halad\u00f3m\u0171vel - Lifting Safety - Lifting equipment from professionals","isPartOf":{"@id":"https:\/\/lifting-safety.com\/hu_hu\/#website"},"primaryImageOfPage":{"@id":"https:\/\/lifting-safety.com\/termek\/ty2-elektromos-lancos-emelo-elektromos-kocsival\/#primaryimage"},"image":{"@id":"https:\/\/lifting-safety.com\/termek\/ty2-elektromos-lancos-emelo-elektromos-kocsival\/#primaryimage"},"thumbnailUrl":"https:\/\/lifting-safety.com\/wp-content\/uploads\/2024\/03\/TY2-Electric-Chain-Hoist-With-Electric-Trolley-China.webp","datePublished":"2024-03-23T10:39:40+00:00","dateModified":"2024-04-15T11:42:00+00:00","breadcrumb":{"@id":"https:\/\/lifting-safety.com\/termek\/ty2-elektromos-lancos-emelo-elektromos-kocsival\/#breadcrumb"},"inLanguage":"hu","potentialAction":[{"@type":"ReadAction","target":["https:\/\/lifting-safety.com\/termek\/ty2-elektromos-lancos-emelo-elektromos-kocsival\/"]}]},{"@type":"ImageObject","inLanguage":"hu","@id":"https:\/\/lifting-safety.com\/termek\/ty2-elektromos-lancos-emelo-elektromos-kocsival\/#primaryimage","url":"https:\/\/lifting-safety.com\/wp-content\/uploads\/2024\/03\/TY2-Electric-Chain-Hoist-With-Electric-Trolley-China.webp","contentUrl":"https:\/\/lifting-safety.com\/wp-content\/uploads\/2024\/03\/TY2-Electric-Chain-Hoist-With-Electric-Trolley-China.webp","width":800,"height":800},{"@type":"BreadcrumbList","@id":"https:\/\/lifting-safety.com\/termek\/ty2-elektromos-lancos-emelo-elektromos-kocsival\/#breadcrumb","itemListElement":[{"@type":"ListItem","position":1,"name":"Kezd\u0151lap","item":"https:\/\/lifting-safety.com\/hu_hu\/"},{"@type":"ListItem","position":2,"name":"Store","item":"https:\/\/lifting-safety.com\/store\/"},{"@type":"ListItem","position":3,"name":"TY2 elektromos l\u00e1ncos emel\u0151 elektromos halad\u00f3m\u0171vel"}]},{"@type":"WebSite","@id":"https:\/\/lifting-safety.com\/hu_hu\/#website","url":"https:\/\/lifting-safety.com\/hu_hu\/","name":"Lifting Safety - Lifting equipment from professionals","description":"","publisher":{"@id":"https:\/\/lifting-safety.com\/hu_hu\/#organization"},"potentialAction":[{"@type":"SearchAction","target":{"@type":"EntryPoint","urlTemplate":"https:\/\/lifting-safety.com\/hu_hu\/?s={search_term_string}"},"query-input":{"@type":"PropertyValueSpecification","valueRequired":true,"valueName":"search_term_string"}}],"inLanguage":"hu"},{"@type":"Organization","@id":"https:\/\/lifting-safety.com\/hu_hu\/#organization","name":"Lifting Safety - Lifting equipment from professionals","url":"https:\/\/lifting-safety.com\/hu_hu\/","logo":{"@type":"ImageObject","inLanguage":"hu","@id":"https:\/\/lifting-safety.com\/hu_hu\/#\/schema\/logo\/image\/","url":"https:\/\/lifting-safety.com\/wp-content\/uploads\/2024\/02\/cropped-SAFETY_LIFT_LOGO_horizontal_tiny.png","contentUrl":"https:\/\/lifting-safety.com\/wp-content\/uploads\/2024\/02\/cropped-SAFETY_LIFT_LOGO_horizontal_tiny.png","width":520,"height":174,"caption":"Lifting Safety - Lifting equipment from professionals"},"image":{"@id":"https:\/\/lifting-safety.com\/hu_hu\/#\/schema\/logo\/image\/"}}]}},"_links":{"self":[{"href":"https:\/\/lifting-safety.com\/hu_hu\/wp-json\/wp\/v2\/product\/5272","targetHints":{"allow":["GET"]}}],"collection":[{"href":"https:\/\/lifting-safety.com\/hu_hu\/wp-json\/wp\/v2\/product"}],"about":[{"href":"https:\/\/lifting-safety.com\/hu_hu\/wp-json\/wp\/v2\/types\/product"}],"version-history":[{"count":3,"href":"https:\/\/lifting-safety.com\/hu_hu\/wp-json\/wp\/v2\/product\/5272\/revisions"}],"predecessor-version":[{"id":5322,"href":"https:\/\/lifting-safety.com\/hu_hu\/wp-json\/wp\/v2\/product\/5272\/revisions\/5322"}],"wp:featuredmedia":[{"embeddable":true,"href":"https:\/\/lifting-safety.com\/hu_hu\/wp-json\/wp\/v2\/media\/5273"}],"wp:attachment":[{"href":"https:\/\/lifting-safety.com\/hu_hu\/wp-json\/wp\/v2\/media?parent=5272"}],"wp:term":[{"taxonomy":"product_brand","embeddable":true,"href":"https:\/\/lifting-safety.com\/hu_hu\/wp-json\/wp\/v2\/product_brand?post=5272"},{"taxonomy":"product_cat","embeddable":true,"href":"https:\/\/lifting-safety.com\/hu_hu\/wp-json\/wp\/v2\/product_cat?post=5272"},{"taxonomy":"product_tag","embeddable":true,"href":"https:\/\/lifting-safety.com\/hu_hu\/wp-json\/wp\/v2\/product_tag?post=5272"}],"curies":[{"name":"wp","href":"https:\/\/api.w.org\/{rel}","templated":true}]}}