{"id":5254,"date":"2024-03-23T11:27:16","date_gmt":"2024-03-23T10:27:16","guid":{"rendered":"https:\/\/lifting-safety.com\/?post_type=product&#038;p=5254"},"modified":"2024-04-15T13:43:26","modified_gmt":"2024-04-15T11:43:26","slug":"europai-elektromos-lancos-emelo-kampoval","status":"publish","type":"product","link":"https:\/\/lifting-safety.com\/hu_hu\/termek\/europai-elektromos-lancos-emelo-kampoval\/","title":{"rendered":"Eur\u00f3pai elektromos l\u00e1ncos emel\u0151"},"content":{"rendered":"<p><strong>Term\u00e9kel\u0151ny<\/strong><\/p>\n<p>(1) Az eur\u00f3pai elektromos l\u00e1ncos emel\u0151 felszerelhet\u0151 a szabv\u00e1nyos alkatr\u00e9szek alum\u00ednium s\u00ednp\u00e1ly\u00e1j\u00e1ra.<\/p>\n<p>(2) A vez\u00e9rl\u0151k\u00e1bel hossza \u00e1ll\u00edthat\u00f3, a vez\u00e9rl\u0151kar mindig a legmegfelel\u0151bb helyen van.<\/p>\n<p>(3) A vez\u00e9rl\u0151 med\u00e1l humaniz\u00e1lt kialak\u00edt\u00e1s\u00fa, a fog\u00e1s k\u00e9nyelmes, elker\u00fclhet\u0151 a m\u0171k\u00f6d\u00e9si f\u00e1radts\u00e1g<\/p>\n<p>(4) H\u00e1z: Nagy szil\u00e1rds\u00e1g\u00fa \u00f6tv\u00f6zet pr\u00e9s\u00f6ntv\u00e9ny egy darabban, korr\u00f3zi\u00f3\u00e1ll\u00f3, j\u00f3 t\u00f6m\u00edt\u00e9s, speci\u00e1lis felf\u00fcggeszt\u00e9si kialak\u00edt\u00e1s, hogy elker\u00fclje a doboz terhel\u00e9si erej\u00e9t, motorh\u00e1z m\u00e9rn\u00f6ki m\u0171anyag \u00e1ltal\u00e1nos k\u00f6nny\u0171 s\u00faly, j\u00f3 h\u0151elvezet\u00e9s.<\/p>\n<p>(5) T\u00faltengelykapcsol\u00f3: A sebess\u00e9gv\u00e1lt\u00f3 tengely\u00e9be integr\u00e1lva t\u00falterhel\u00e9s elleni v\u00e9delemk\u00e9nt m\u0171k\u00f6dik. A karbantart\u00e1st nem ig\u00e9nyl\u0151 kialak\u00edt\u00e1s a biztons\u00e1gos terhel\u00e9s 1,4-szeres\u00e9t tartja fenn, a t\u00falterhel\u00e9si nyomat\u00e9k pedig \u00e1ll\u00edthat\u00f3.<\/p>\n<p>(6) Cs\u00f6kkent\u0151 fogasker\u00e9k: csavaros fogaskerekes kialak\u00edt\u00e1s, magas \u00e1tviteli hat\u00e1sfok, alacsony zajszint, kem\u00e9ny fogfel\u00fclet feldolgoz\u00e1sa \u00e9s h\u0151kezel\u00e9se k\u00f6sz\u00f6r\u00fcl\u00e9s ut\u00e1n, 7-es vagy m\u00e9g magasabb hajt\u00f3m\u0171pontoss\u00e1gi szint, teljes olajf\u00fcrd\u0151s ken\u00e9s, ultra alacsony zajszint, ultra hossz\u00fa \u00e9lettartam. A h\u00e1l\u00f3 szoros \u00e9s a sebess\u00e9gv\u00e1lt\u00f3 hat\u00e9kony.<\/p>\n<p>(7) Emel\u0151f\u00e9k: Az elektrom\u00e1gneses t\u00e1rcsaf\u00e9k a sebess\u00e9gv\u00e1lt\u00f3 tengely\u00e9nek v\u00e9g\u00e9n van elhelyezve. A f\u00e9kanyag nem tartalmaz azbesztet. A f\u00e9kt\u00e1rcsa karbantart\u00e1smentes kialak\u00edt\u00e1s\u00fa. Automatikusan be\u00e1ll\u00edtja a f\u00e9kk\u00f6zt, \u00e9s norm\u00e1l haszn\u00e1lat mellett ak\u00e1r 1 milli\u00f3 alkalommal is m\u0171k\u00f6dhet. A f\u00e9k teljesen z\u00e1rt \u00e9s magas szint\u0171 v\u00e9delemmel rendelkezik. A zord k\u00f6rnyezetben t\u00f6rt\u00e9n\u0151 munkav\u00e9gz\u00e9s k\u00f6vetelm\u00e9nyeinek teljes\u00edt\u00e9se \u00e9rdek\u00e9ben a f\u00e9kez\u0151nyomat\u00e9k k\u00e9tszerese a motor n\u00e9vleges nyomat\u00e9k\u00e1nak.<\/p>\n<p>(8) Zsebl\u00e1mpa ajt\u00f3kapcsol\u00f3: Szabv\u00e1nyos gyorscsatlakoz\u00f3s csatlakoz\u00f3val, alacsony fesz\u00fclts\u00e9g\u0171 vez\u00e9rl\u0151kapcsol\u00f3val csatlakozik az emel\u0151h\u00f6z, \u00e9s v\u00e9szle\u00e1ll\u00edt\u00f3 gombbal rendelkezik. A zsebl\u00e1mpa ajt\u00f3k\u00e1belei mind kiv\u00e1l\u00f3 min\u0151s\u00e9g\u0171 r\u00e9zmagb\u00f3l k\u00e9sz\u00fclnek. A zsebl\u00e1mpaajt\u00f3 \u00e9s a vezet\u00e9kek s\u00falya az ac\u00e9l dr\u00f3tk\u00f6t\u00e9lre \u00f6sszpontosul, ami nagym\u00e9rt\u00e9kben jav\u00edtja a k\u00e1bel \u00e9lettartam\u00e1t.<\/p>\n","protected":false},"excerpt":{"rendered":"<p><strong>Term\u00e9kn\u00e9v:<\/strong>\u00a0\u00a0Eur\u00f3pai elektromos l\u00e1ncos emel\u0151 kamp\u00f3val<\/p>\n<p><strong>T\u00edpus:<\/strong>\u00a0Emel\u0151berendez\u00e9s<\/p>\n<p><strong>Haszn\u00e1lat:\u00a0<\/strong>\u00a0\u00c9p\u00edt\u0151ipari emel\u0151<br \/>\n<strong>Kapacit\u00e1s:\u00a0<\/strong>\u00a00,125 tonna-5 tonna<br \/>\n<strong>Fesz\u00fclts\u00e9g:\u00a0<\/strong>\u00a03 f\u00e1zis\u00fa 380 V<br \/>\n<strong>Sebess\u00e9g t\u00edpusa:\u00a0<\/strong>\u00a0egysebess\u00e9ges, dupla sebess\u00e9g\u0171<br \/>\n<strong>L\u00e1nc:\u00a0<\/strong>\u00a0Nagy kem\u00e9nys\u00e9g, a fel\u00fclet edzett, horganyzott \u00e9s kieg\u00e9sz\u00edt\u0151 fel\u00fcletkezel\u00e9s, hogy megv\u00e9dje a zord k\u00f6rnyezet er\u00f3zi\u00f3j\u00e1t\u00f3l.<br \/>\n<strong>Motor:\u00a0<\/strong>\u00a0Nagy ind\u00edt\u00e1si nyomat\u00e9kkal, nagy energiahat\u00e9konys\u00e1ggal \u00e9s 60%-os \u00e1ramfolytonoss\u00e1gi ar\u00e1nnyal rendelkezik, amely megfelel a nagyfrekvenci\u00e1s sz\u00e1ll\u00edt\u00e1s ig\u00e9nyeinek. V\u00e9detts\u00e9g IP55. Szigetel\u00e9si fokozat F.<\/p>\n<p><strong>Min\u0151s\u00edt\u00e9s:<\/strong>\u00a0CE, GS<\/p>\n<p><strong>Alkalmazhat\u00f3 ipar\u00e1gak:<\/strong>\u00a0\u00c9p\u00edt\u0151anyag-\u00fczletek, Bev\u00e1s\u00e1rl\u00f3k\u00f6zpont, G\u00e9pjav\u00edt\u00f3 m\u0171helyek, Gy\u00e1rt\u00f3\u00fczem, Kiskereskedelem, \u00c9p\u00edt\u00e9si munk\u00e1k<\/p>\n","protected":false},"featured_media":5255,"template":"","meta":{"site-sidebar-layout":"default","site-content-layout":"","ast-site-content-layout":"default","site-content-style":"default","site-sidebar-style":"default","ast-global-header-display":"","ast-banner-title-visibility":"","ast-main-header-display":"","ast-hfb-above-header-display":"","ast-hfb-below-header-display":"","ast-hfb-mobile-header-display":"","site-post-title":"","ast-breadcrumbs-content":"","ast-featured-img":"","footer-sml-layout":"","theme-transparent-header-meta":"default","adv-header-id-meta":"","stick-header-meta":"","header-above-stick-meta":"","header-main-stick-meta":"","header-below-stick-meta":"","astra-migrate-meta-layouts":"set","ast-page-background-enabled":"default","ast-page-background-meta":{"desktop":{"background-color":"","background-image":"","background-repeat":"repeat","background-position":"center center","background-size":"auto","background-attachment":"scroll","background-type":"","background-media":"","overlay-type":"","overlay-color":"","overlay-opacity":"","overlay-gradient":""},"tablet":{"background-color":"","background-image":"","background-repeat":"repeat","background-position":"center center","background-size":"auto","background-attachment":"scroll","background-type":"","background-media":"","overlay-type":"","overlay-color":"","overlay-opacity":"","overlay-gradient":""},"mobile":{"background-color":"","background-image":"","background-repeat":"repeat","background-position":"center center","background-size":"auto","background-attachment":"scroll","background-type":"","background-media":"","overlay-type":"","overlay-color":"","overlay-opacity":"","overlay-gradient":""}},"ast-content-background-meta":{"desktop":{"background-color":"var(--ast-global-color-5)","background-image":"","background-repeat":"repeat","background-position":"center center","background-size":"auto","background-attachment":"scroll","background-type":"","background-media":"","overlay-type":"","overlay-color":"","overlay-opacity":"","overlay-gradient":""},"tablet":{"background-color":"var(--ast-global-color-5)","background-image":"","background-repeat":"repeat","background-position":"center center","background-size":"auto","background-attachment":"scroll","background-type":"","background-media":"","overlay-type":"","overlay-color":"","overlay-opacity":"","overlay-gradient":""},"mobile":{"background-color":"var(--ast-global-color-5)","background-image":"","background-repeat":"repeat","background-position":"center center","background-size":"auto","background-attachment":"scroll","background-type":"","background-media":"","overlay-type":"","overlay-color":"","overlay-opacity":"","overlay-gradient":""}}},"product_brand":[],"product_cat":[69],"product_tag":[],"class_list":{"0":"post-5254","1":"product","2":"type-product","3":"status-publish","4":"has-post-thumbnail","6":"product_cat-elektromos-emelo","7":"desktop-align-left","8":"tablet-align-left","9":"mobile-align-left","11":"first","12":"instock","13":"shipping-taxable","14":"product-type-simple"},"yoast_head":"<!-- This site is optimized with the Yoast SEO plugin v25.3 - https:\/\/yoast.com\/wordpress\/plugins\/seo\/ -->\n<title>Eur\u00f3pai elektromos l\u00e1ncos emel\u0151 - Lifting Safety - Lifting equipment from professionals<\/title>\n<meta name=\"robots\" content=\"index, follow, max-snippet:-1, max-image-preview:large, max-video-preview:-1\" \/>\n<link rel=\"canonical\" href=\"https:\/\/lifting-safety.com\/hu_hu\/termek\/europai-elektromos-lancos-emelo-kampoval\/\" \/>\n<meta property=\"og:locale\" content=\"hu_HU\" \/>\n<meta property=\"og:type\" content=\"article\" \/>\n<meta property=\"og:title\" content=\"Eur\u00f3pai elektromos l\u00e1ncos emel\u0151 - Lifting Safety - Lifting equipment from professionals\" \/>\n<meta property=\"og:description\" content=\"Term\u00e9kn\u00e9v:\u00a0\u00a0Eur\u00f3pai elektromos l\u00e1ncos emel\u0151 kamp\u00f3val  T\u00edpus:\u00a0Emel\u0151berendez\u00e9s  Haszn\u00e1lat:\u00a0\u00a0\u00c9p\u00edt\u0151ipari emel\u0151 Kapacit\u00e1s:\u00a0\u00a00,125 tonna-5 tonna Fesz\u00fclts\u00e9g:\u00a0\u00a03 f\u00e1zis\u00fa 380 V Sebess\u00e9g t\u00edpusa:\u00a0\u00a0egysebess\u00e9ges, dupla sebess\u00e9g\u0171 L\u00e1nc:\u00a0\u00a0Nagy kem\u00e9nys\u00e9g, a fel\u00fclet edzett, horganyzott \u00e9s kieg\u00e9sz\u00edt\u0151 fel\u00fcletkezel\u00e9s, hogy megv\u00e9dje a zord k\u00f6rnyezet er\u00f3zi\u00f3j\u00e1t\u00f3l. Motor:\u00a0\u00a0Nagy ind\u00edt\u00e1si nyomat\u00e9kkal, nagy energiahat\u00e9konys\u00e1ggal \u00e9s 60%-os \u00e1ramfolytonoss\u00e1gi ar\u00e1nnyal rendelkezik, amely megfelel a nagyfrekvenci\u00e1s sz\u00e1ll\u00edt\u00e1s ig\u00e9nyeinek. V\u00e9detts\u00e9g IP55. Szigetel\u00e9si fokozat F.  Min\u0151s\u00edt\u00e9s:\u00a0CE, GS  Alkalmazhat\u00f3 ipar\u00e1gak:\u00a0\u00c9p\u00edt\u0151anyag-\u00fczletek, Bev\u00e1s\u00e1rl\u00f3k\u00f6zpont, G\u00e9pjav\u00edt\u00f3 m\u0171helyek, Gy\u00e1rt\u00f3\u00fczem, Kiskereskedelem, \u00c9p\u00edt\u00e9si munk\u00e1k\" \/>\n<meta property=\"og:url\" content=\"https:\/\/lifting-safety.com\/hu_hu\/termek\/europai-elektromos-lancos-emelo-kampoval\/\" \/>\n<meta property=\"og:site_name\" content=\"Lifting Safety - Lifting equipment from professionals\" \/>\n<meta property=\"article:modified_time\" content=\"2024-04-15T11:43:26+00:00\" \/>\n<meta property=\"og:image\" content=\"https:\/\/lifting-safety.com\/wp-content\/uploads\/2024\/03\/23-fuben.webp\" \/>\n\t<meta property=\"og:image:width\" content=\"800\" \/>\n\t<meta property=\"og:image:height\" content=\"800\" \/>\n\t<meta property=\"og:image:type\" content=\"image\/webp\" \/>\n<meta name=\"twitter:card\" content=\"summary_large_image\" \/>\n<meta name=\"twitter:label1\" content=\"Becs\u00fclt olvas\u00e1si id\u0151\" \/>\n\t<meta name=\"twitter:data1\" content=\"2 perc\" \/>\n<script type=\"application\/ld+json\" class=\"yoast-schema-graph\">{\"@context\":\"https:\/\/schema.org\",\"@graph\":[{\"@type\":\"WebPage\",\"@id\":\"https:\/\/lifting-safety.com\/termek\/europai-elektromos-lancos-emelo-kampoval\/\",\"url\":\"https:\/\/lifting-safety.com\/termek\/europai-elektromos-lancos-emelo-kampoval\/\",\"name\":\"Eur\u00f3pai elektromos l\u00e1ncos emel\u0151 - Lifting Safety - Lifting equipment from professionals\",\"isPartOf\":{\"@id\":\"https:\/\/lifting-safety.com\/hu_hu\/#website\"},\"primaryImageOfPage\":{\"@id\":\"https:\/\/lifting-safety.com\/termek\/europai-elektromos-lancos-emelo-kampoval\/#primaryimage\"},\"image\":{\"@id\":\"https:\/\/lifting-safety.com\/termek\/europai-elektromos-lancos-emelo-kampoval\/#primaryimage\"},\"thumbnailUrl\":\"https:\/\/lifting-safety.com\/wp-content\/uploads\/2024\/03\/23-fuben.webp\",\"datePublished\":\"2024-03-23T10:27:16+00:00\",\"dateModified\":\"2024-04-15T11:43:26+00:00\",\"breadcrumb\":{\"@id\":\"https:\/\/lifting-safety.com\/termek\/europai-elektromos-lancos-emelo-kampoval\/#breadcrumb\"},\"inLanguage\":\"hu\",\"potentialAction\":[{\"@type\":\"ReadAction\",\"target\":[\"https:\/\/lifting-safety.com\/termek\/europai-elektromos-lancos-emelo-kampoval\/\"]}]},{\"@type\":\"ImageObject\",\"inLanguage\":\"hu\",\"@id\":\"https:\/\/lifting-safety.com\/termek\/europai-elektromos-lancos-emelo-kampoval\/#primaryimage\",\"url\":\"https:\/\/lifting-safety.com\/wp-content\/uploads\/2024\/03\/23-fuben.webp\",\"contentUrl\":\"https:\/\/lifting-safety.com\/wp-content\/uploads\/2024\/03\/23-fuben.webp\",\"width\":800,\"height\":800},{\"@type\":\"BreadcrumbList\",\"@id\":\"https:\/\/lifting-safety.com\/termek\/europai-elektromos-lancos-emelo-kampoval\/#breadcrumb\",\"itemListElement\":[{\"@type\":\"ListItem\",\"position\":1,\"name\":\"Kezd\u0151lap\",\"item\":\"https:\/\/lifting-safety.com\/hu_hu\/\"},{\"@type\":\"ListItem\",\"position\":2,\"name\":\"Store\",\"item\":\"https:\/\/lifting-safety.com\/store\/\"},{\"@type\":\"ListItem\",\"position\":3,\"name\":\"Eur\u00f3pai elektromos l\u00e1ncos emel\u0151\"}]},{\"@type\":\"WebSite\",\"@id\":\"https:\/\/lifting-safety.com\/hu_hu\/#website\",\"url\":\"https:\/\/lifting-safety.com\/hu_hu\/\",\"name\":\"Lifting Safety - Lifting equipment from professionals\",\"description\":\"\",\"publisher\":{\"@id\":\"https:\/\/lifting-safety.com\/hu_hu\/#organization\"},\"potentialAction\":[{\"@type\":\"SearchAction\",\"target\":{\"@type\":\"EntryPoint\",\"urlTemplate\":\"https:\/\/lifting-safety.com\/hu_hu\/?s={search_term_string}\"},\"query-input\":{\"@type\":\"PropertyValueSpecification\",\"valueRequired\":true,\"valueName\":\"search_term_string\"}}],\"inLanguage\":\"hu\"},{\"@type\":\"Organization\",\"@id\":\"https:\/\/lifting-safety.com\/hu_hu\/#organization\",\"name\":\"Lifting Safety - Lifting equipment from professionals\",\"url\":\"https:\/\/lifting-safety.com\/hu_hu\/\",\"logo\":{\"@type\":\"ImageObject\",\"inLanguage\":\"hu\",\"@id\":\"https:\/\/lifting-safety.com\/hu_hu\/#\/schema\/logo\/image\/\",\"url\":\"https:\/\/lifting-safety.com\/wp-content\/uploads\/2024\/02\/cropped-SAFETY_LIFT_LOGO_horizontal_tiny.png\",\"contentUrl\":\"https:\/\/lifting-safety.com\/wp-content\/uploads\/2024\/02\/cropped-SAFETY_LIFT_LOGO_horizontal_tiny.png\",\"width\":520,\"height\":174,\"caption\":\"Lifting Safety - Lifting equipment from professionals\"},\"image\":{\"@id\":\"https:\/\/lifting-safety.com\/hu_hu\/#\/schema\/logo\/image\/\"}}]}<\/script>\n<!-- \/ Yoast SEO plugin. -->","yoast_head_json":{"title":"Eur\u00f3pai elektromos l\u00e1ncos emel\u0151 - Lifting Safety - Lifting equipment from professionals","robots":{"index":"index","follow":"follow","max-snippet":"max-snippet:-1","max-image-preview":"max-image-preview:large","max-video-preview":"max-video-preview:-1"},"canonical":"https:\/\/lifting-safety.com\/hu_hu\/termek\/europai-elektromos-lancos-emelo-kampoval\/","og_locale":"hu_HU","og_type":"article","og_title":"Eur\u00f3pai elektromos l\u00e1ncos emel\u0151 - Lifting Safety - Lifting equipment from professionals","og_description":"Term\u00e9kn\u00e9v:\u00a0\u00a0Eur\u00f3pai elektromos l\u00e1ncos emel\u0151 kamp\u00f3val  T\u00edpus:\u00a0Emel\u0151berendez\u00e9s  Haszn\u00e1lat:\u00a0\u00a0\u00c9p\u00edt\u0151ipari emel\u0151 Kapacit\u00e1s:\u00a0\u00a00,125 tonna-5 tonna Fesz\u00fclts\u00e9g:\u00a0\u00a03 f\u00e1zis\u00fa 380 V Sebess\u00e9g t\u00edpusa:\u00a0\u00a0egysebess\u00e9ges, dupla sebess\u00e9g\u0171 L\u00e1nc:\u00a0\u00a0Nagy kem\u00e9nys\u00e9g, a fel\u00fclet edzett, horganyzott \u00e9s kieg\u00e9sz\u00edt\u0151 fel\u00fcletkezel\u00e9s, hogy megv\u00e9dje a zord k\u00f6rnyezet er\u00f3zi\u00f3j\u00e1t\u00f3l. Motor:\u00a0\u00a0Nagy ind\u00edt\u00e1si nyomat\u00e9kkal, nagy energiahat\u00e9konys\u00e1ggal \u00e9s 60%-os \u00e1ramfolytonoss\u00e1gi ar\u00e1nnyal rendelkezik, amely megfelel a nagyfrekvenci\u00e1s sz\u00e1ll\u00edt\u00e1s ig\u00e9nyeinek. V\u00e9detts\u00e9g IP55. Szigetel\u00e9si fokozat F.  Min\u0151s\u00edt\u00e9s:\u00a0CE, GS  Alkalmazhat\u00f3 ipar\u00e1gak:\u00a0\u00c9p\u00edt\u0151anyag-\u00fczletek, Bev\u00e1s\u00e1rl\u00f3k\u00f6zpont, G\u00e9pjav\u00edt\u00f3 m\u0171helyek, Gy\u00e1rt\u00f3\u00fczem, Kiskereskedelem, \u00c9p\u00edt\u00e9si munk\u00e1k","og_url":"https:\/\/lifting-safety.com\/hu_hu\/termek\/europai-elektromos-lancos-emelo-kampoval\/","og_site_name":"Lifting Safety - Lifting equipment from professionals","article_modified_time":"2024-04-15T11:43:26+00:00","og_image":[{"width":800,"height":800,"url":"https:\/\/lifting-safety.com\/wp-content\/uploads\/2024\/03\/23-fuben.webp","type":"image\/webp"}],"twitter_card":"summary_large_image","twitter_misc":{"Becs\u00fclt olvas\u00e1si id\u0151":"2 perc"},"schema":{"@context":"https:\/\/schema.org","@graph":[{"@type":"WebPage","@id":"https:\/\/lifting-safety.com\/termek\/europai-elektromos-lancos-emelo-kampoval\/","url":"https:\/\/lifting-safety.com\/termek\/europai-elektromos-lancos-emelo-kampoval\/","name":"Eur\u00f3pai elektromos l\u00e1ncos emel\u0151 - Lifting Safety - Lifting equipment from professionals","isPartOf":{"@id":"https:\/\/lifting-safety.com\/hu_hu\/#website"},"primaryImageOfPage":{"@id":"https:\/\/lifting-safety.com\/termek\/europai-elektromos-lancos-emelo-kampoval\/#primaryimage"},"image":{"@id":"https:\/\/lifting-safety.com\/termek\/europai-elektromos-lancos-emelo-kampoval\/#primaryimage"},"thumbnailUrl":"https:\/\/lifting-safety.com\/wp-content\/uploads\/2024\/03\/23-fuben.webp","datePublished":"2024-03-23T10:27:16+00:00","dateModified":"2024-04-15T11:43:26+00:00","breadcrumb":{"@id":"https:\/\/lifting-safety.com\/termek\/europai-elektromos-lancos-emelo-kampoval\/#breadcrumb"},"inLanguage":"hu","potentialAction":[{"@type":"ReadAction","target":["https:\/\/lifting-safety.com\/termek\/europai-elektromos-lancos-emelo-kampoval\/"]}]},{"@type":"ImageObject","inLanguage":"hu","@id":"https:\/\/lifting-safety.com\/termek\/europai-elektromos-lancos-emelo-kampoval\/#primaryimage","url":"https:\/\/lifting-safety.com\/wp-content\/uploads\/2024\/03\/23-fuben.webp","contentUrl":"https:\/\/lifting-safety.com\/wp-content\/uploads\/2024\/03\/23-fuben.webp","width":800,"height":800},{"@type":"BreadcrumbList","@id":"https:\/\/lifting-safety.com\/termek\/europai-elektromos-lancos-emelo-kampoval\/#breadcrumb","itemListElement":[{"@type":"ListItem","position":1,"name":"Kezd\u0151lap","item":"https:\/\/lifting-safety.com\/hu_hu\/"},{"@type":"ListItem","position":2,"name":"Store","item":"https:\/\/lifting-safety.com\/store\/"},{"@type":"ListItem","position":3,"name":"Eur\u00f3pai elektromos l\u00e1ncos emel\u0151"}]},{"@type":"WebSite","@id":"https:\/\/lifting-safety.com\/hu_hu\/#website","url":"https:\/\/lifting-safety.com\/hu_hu\/","name":"Lifting Safety - Lifting equipment from professionals","description":"","publisher":{"@id":"https:\/\/lifting-safety.com\/hu_hu\/#organization"},"potentialAction":[{"@type":"SearchAction","target":{"@type":"EntryPoint","urlTemplate":"https:\/\/lifting-safety.com\/hu_hu\/?s={search_term_string}"},"query-input":{"@type":"PropertyValueSpecification","valueRequired":true,"valueName":"search_term_string"}}],"inLanguage":"hu"},{"@type":"Organization","@id":"https:\/\/lifting-safety.com\/hu_hu\/#organization","name":"Lifting Safety - Lifting equipment from professionals","url":"https:\/\/lifting-safety.com\/hu_hu\/","logo":{"@type":"ImageObject","inLanguage":"hu","@id":"https:\/\/lifting-safety.com\/hu_hu\/#\/schema\/logo\/image\/","url":"https:\/\/lifting-safety.com\/wp-content\/uploads\/2024\/02\/cropped-SAFETY_LIFT_LOGO_horizontal_tiny.png","contentUrl":"https:\/\/lifting-safety.com\/wp-content\/uploads\/2024\/02\/cropped-SAFETY_LIFT_LOGO_horizontal_tiny.png","width":520,"height":174,"caption":"Lifting Safety - Lifting equipment from professionals"},"image":{"@id":"https:\/\/lifting-safety.com\/hu_hu\/#\/schema\/logo\/image\/"}}]}},"_links":{"self":[{"href":"https:\/\/lifting-safety.com\/hu_hu\/wp-json\/wp\/v2\/product\/5254","targetHints":{"allow":["GET"]}}],"collection":[{"href":"https:\/\/lifting-safety.com\/hu_hu\/wp-json\/wp\/v2\/product"}],"about":[{"href":"https:\/\/lifting-safety.com\/hu_hu\/wp-json\/wp\/v2\/types\/product"}],"version-history":[{"count":2,"href":"https:\/\/lifting-safety.com\/hu_hu\/wp-json\/wp\/v2\/product\/5254\/revisions"}],"predecessor-version":[{"id":5325,"href":"https:\/\/lifting-safety.com\/hu_hu\/wp-json\/wp\/v2\/product\/5254\/revisions\/5325"}],"wp:featuredmedia":[{"embeddable":true,"href":"https:\/\/lifting-safety.com\/hu_hu\/wp-json\/wp\/v2\/media\/5255"}],"wp:attachment":[{"href":"https:\/\/lifting-safety.com\/hu_hu\/wp-json\/wp\/v2\/media?parent=5254"}],"wp:term":[{"taxonomy":"product_brand","embeddable":true,"href":"https:\/\/lifting-safety.com\/hu_hu\/wp-json\/wp\/v2\/product_brand?post=5254"},{"taxonomy":"product_cat","embeddable":true,"href":"https:\/\/lifting-safety.com\/hu_hu\/wp-json\/wp\/v2\/product_cat?post=5254"},{"taxonomy":"product_tag","embeddable":true,"href":"https:\/\/lifting-safety.com\/hu_hu\/wp-json\/wp\/v2\/product_tag?post=5254"}],"curies":[{"name":"wp","href":"https:\/\/api.w.org\/{rel}","templated":true}]}}