{"id":4467,"date":"2023-09-03T13:21:10","date_gmt":"2023-09-03T11:21:10","guid":{"rendered":"https:\/\/lifting-safety.com\/?post_type=product&#038;p=4467"},"modified":"2024-03-25T14:28:00","modified_gmt":"2024-03-25T13:28:00","slug":"mini-elektromos-daru","status":"publish","type":"product","link":"https:\/\/lifting-safety.com\/hu_hu\/termek\/mini-elektromos-daru\/","title":{"rendered":"Mini elektromos daru"},"content":{"rendered":"<p><strong>Term\u00e9k neve:<\/strong>\u00a0Mini Electric Wire Rope Hoist<\/p>\n<p><strong>T\u00edpusa:<\/strong>\u00a0Lifting Equipment<\/p>\n<p><strong>Model:\u00a0<\/strong>B t\u00edpus<\/p>\n<p><strong>Biztons\u00e1gi berendez\u00e9s:<\/strong> Magass\u00e1g szab\u00e1lyoz\u00f3<\/p>\n<p><strong>Tan\u00fas\u00edtv\u00e1nyok:<\/strong>\u00a0CE, GS<\/p>\n<p><strong>Alkalmas: <\/strong>Anyag megmunk\u00e1l\u00f3hoz, G\u00e9p jav\u00edt\u00f3 m\u0171helyekbe, Gy\u00e1rt\u00f3sorokhoz, Tany\u00e1kra, \u00c9p\u00edt\u00e9szeti munk\u00e1khoz, Energia \u00e9s b\u00e1ny\u00e1szathoz<\/p>\n<p><img fetchpriority=\"high\" decoding=\"async\" class=\"alignleft wp-image-4476 size-large\" src=\"http:\/\/lifting-safety.com\/wp-content\/uploads\/2023\/09\/PRODUCT-PARAMETERS-1024x443.jpg\" alt=\"\" width=\"1024\" height=\"443\" srcset=\"https:\/\/lifting-safety.com\/wp-content\/uploads\/2023\/09\/PRODUCT-PARAMETERS-1024x443.jpg 1024w, https:\/\/lifting-safety.com\/wp-content\/uploads\/2023\/09\/PRODUCT-PARAMETERS-300x130.jpg 300w, https:\/\/lifting-safety.com\/wp-content\/uploads\/2023\/09\/PRODUCT-PARAMETERS-768x332.jpg 768w, https:\/\/lifting-safety.com\/wp-content\/uploads\/2023\/09\/PRODUCT-PARAMETERS-18x8.jpg 18w, https:\/\/lifting-safety.com\/wp-content\/uploads\/2023\/09\/PRODUCT-PARAMETERS-600x260.jpg 600w, https:\/\/lifting-safety.com\/wp-content\/uploads\/2023\/09\/PRODUCT-PARAMETERS.jpg 1200w\" sizes=\"(max-width: 1024px) 100vw, 1024px\" \/><\/p>\n","protected":false},"excerpt":{"rendered":"<p><strong>Haszn\u00e1lat: <\/strong>\u00c9p\u00edt\u0151ipari emel\u0151<br \/>\n<strong>Energia forr\u00e1s: <\/strong>Elektromos<br \/>\n<strong>\u00dczemeltet\u00e9si fesz\u00fclts\u00e9g: <\/strong>AC 220\/230V, 50\/60Hz<br \/>\n<strong>Emel\u00e9si sebess\u00e9g: <\/strong>5\/10m\/perc<br \/>\n<strong>Motor: <\/strong>Tiszta r\u00e9z motor, F180 fokozat<br \/>\n<strong>Opcion\u00e1lis tartoz\u00e9k: <\/strong>T\u00e1vir\u00e1ny\u00edt\u00f3, Elektromos targonca<\/p>\n","protected":false},"featured_media":4472,"template":"","meta":{"site-sidebar-layout":"default","site-content-layout":"","ast-site-content-layout":"default","site-content-style":"default","site-sidebar-style":"default","ast-global-header-display":"","ast-banner-title-visibility":"","ast-main-header-display":"","ast-hfb-above-header-display":"","ast-hfb-below-header-display":"","ast-hfb-mobile-header-display":"","site-post-title":"","ast-breadcrumbs-content":"","ast-featured-img":"","footer-sml-layout":"","theme-transparent-header-meta":"default","adv-header-id-meta":"","stick-header-meta":"","header-above-stick-meta":"","header-main-stick-meta":"","header-below-stick-meta":"","astra-migrate-meta-layouts":"set","ast-page-background-enabled":"default","ast-page-background-meta":{"desktop":{"background-color":"","background-image":"","background-repeat":"repeat","background-position":"center center","background-size":"auto","background-attachment":"scroll","background-type":"","background-media":"","overlay-type":"","overlay-color":"","overlay-opacity":"","overlay-gradient":""},"tablet":{"background-color":"","background-image":"","background-repeat":"repeat","background-position":"center center","background-size":"auto","background-attachment":"scroll","background-type":"","background-media":"","overlay-type":"","overlay-color":"","overlay-opacity":"","overlay-gradient":""},"mobile":{"background-color":"","background-image":"","background-repeat":"repeat","background-position":"center center","background-size":"auto","background-attachment":"scroll","background-type":"","background-media":"","overlay-type":"","overlay-color":"","overlay-opacity":"","overlay-gradient":""}},"ast-content-background-meta":{"desktop":{"background-color":"var(--ast-global-color-5)","background-image":"","background-repeat":"repeat","background-position":"center center","background-size":"auto","background-attachment":"scroll","background-type":"","background-media":"","overlay-type":"","overlay-color":"","overlay-opacity":"","overlay-gradient":""},"tablet":{"background-color":"var(--ast-global-color-5)","background-image":"","background-repeat":"repeat","background-position":"center center","background-size":"auto","background-attachment":"scroll","background-type":"","background-media":"","overlay-type":"","overlay-color":"","overlay-opacity":"","overlay-gradient":""},"mobile":{"background-color":"var(--ast-global-color-5)","background-image":"","background-repeat":"repeat","background-position":"center center","background-size":"auto","background-attachment":"scroll","background-type":"","background-media":"","overlay-type":"","overlay-color":"","overlay-opacity":"","overlay-gradient":""}}},"product_brand":[],"product_cat":[68],"product_tag":[],"class_list":{"0":"post-4467","1":"product","2":"type-product","3":"status-publish","4":"has-post-thumbnail","6":"product_cat-mini-elektromos-emelo-es-elektromos-csorlo","7":"desktop-align-left","8":"tablet-align-left","9":"mobile-align-left","11":"first","12":"instock","13":"featured","14":"shipping-taxable","15":"product-type-simple"},"yoast_head":"<!-- This site is optimized with the Yoast SEO plugin v25.3 - https:\/\/yoast.com\/wordpress\/plugins\/seo\/ -->\n<title>Mini elektromos daru - Lifting Safety - Lifting equipment from professionals<\/title>\n<meta name=\"robots\" content=\"index, follow, max-snippet:-1, max-image-preview:large, max-video-preview:-1\" \/>\n<link rel=\"canonical\" href=\"https:\/\/lifting-safety.com\/hu_hu\/termek\/mini-elektromos-daru\/\" \/>\n<meta property=\"og:locale\" content=\"hu_HU\" \/>\n<meta property=\"og:type\" content=\"article\" \/>\n<meta property=\"og:title\" content=\"Mini elektromos daru - Lifting Safety - Lifting equipment from professionals\" \/>\n<meta property=\"og:description\" content=\"Haszn\u00e1lat: \u00c9p\u00edt\u0151ipari emel\u0151 Energia forr\u00e1s: Elektromos \u00dczemeltet\u00e9si fesz\u00fclts\u00e9g: AC 220\/230V, 50\/60Hz Emel\u00e9si sebess\u00e9g: 5\/10m\/perc Motor: Tiszta r\u00e9z motor, F180 fokozat Opcion\u00e1lis tartoz\u00e9k: T\u00e1vir\u00e1ny\u00edt\u00f3, Elektromos targonca\" \/>\n<meta property=\"og:url\" content=\"https:\/\/lifting-safety.com\/hu_hu\/termek\/mini-elektromos-daru\/\" \/>\n<meta property=\"og:site_name\" content=\"Lifting Safety - Lifting equipment from professionals\" \/>\n<meta property=\"article:modified_time\" content=\"2024-03-25T13:28:00+00:00\" \/>\n<meta property=\"og:image\" content=\"https:\/\/lifting-safety.com\/wp-content\/uploads\/2023\/09\/Mini-Electric-Hoist-B-Series-China.webp\" \/>\n\t<meta property=\"og:image:width\" content=\"600\" \/>\n\t<meta property=\"og:image:height\" content=\"600\" \/>\n\t<meta property=\"og:image:type\" content=\"image\/webp\" \/>\n<meta name=\"twitter:card\" content=\"summary_large_image\" \/>\n<script type=\"application\/ld+json\" class=\"yoast-schema-graph\">{\"@context\":\"https:\/\/schema.org\",\"@graph\":[{\"@type\":\"WebPage\",\"@id\":\"https:\/\/lifting-safety.com\/termek\/mini-elektromos-daru\/\",\"url\":\"https:\/\/lifting-safety.com\/termek\/mini-elektromos-daru\/\",\"name\":\"Mini elektromos daru - Lifting Safety - Lifting equipment from professionals\",\"isPartOf\":{\"@id\":\"https:\/\/lifting-safety.com\/hu_hu\/#website\"},\"primaryImageOfPage\":{\"@id\":\"https:\/\/lifting-safety.com\/termek\/mini-elektromos-daru\/#primaryimage\"},\"image\":{\"@id\":\"https:\/\/lifting-safety.com\/termek\/mini-elektromos-daru\/#primaryimage\"},\"thumbnailUrl\":\"https:\/\/lifting-safety.com\/wp-content\/uploads\/2023\/09\/Mini-Electric-Hoist-B-Series-China.webp\",\"datePublished\":\"2023-09-03T11:21:10+00:00\",\"dateModified\":\"2024-03-25T13:28:00+00:00\",\"breadcrumb\":{\"@id\":\"https:\/\/lifting-safety.com\/termek\/mini-elektromos-daru\/#breadcrumb\"},\"inLanguage\":\"hu\",\"potentialAction\":[{\"@type\":\"ReadAction\",\"target\":[\"https:\/\/lifting-safety.com\/termek\/mini-elektromos-daru\/\"]}]},{\"@type\":\"ImageObject\",\"inLanguage\":\"hu\",\"@id\":\"https:\/\/lifting-safety.com\/termek\/mini-elektromos-daru\/#primaryimage\",\"url\":\"https:\/\/lifting-safety.com\/wp-content\/uploads\/2023\/09\/Mini-Electric-Hoist-B-Series-China.webp\",\"contentUrl\":\"https:\/\/lifting-safety.com\/wp-content\/uploads\/2023\/09\/Mini-Electric-Hoist-B-Series-China.webp\",\"width\":600,\"height\":600},{\"@type\":\"BreadcrumbList\",\"@id\":\"https:\/\/lifting-safety.com\/termek\/mini-elektromos-daru\/#breadcrumb\",\"itemListElement\":[{\"@type\":\"ListItem\",\"position\":1,\"name\":\"Kezd\u0151lap\",\"item\":\"https:\/\/lifting-safety.com\/hu_hu\/\"},{\"@type\":\"ListItem\",\"position\":2,\"name\":\"Store\",\"item\":\"https:\/\/lifting-safety.com\/store\/\"},{\"@type\":\"ListItem\",\"position\":3,\"name\":\"Mini elektromos daru\"}]},{\"@type\":\"WebSite\",\"@id\":\"https:\/\/lifting-safety.com\/hu_hu\/#website\",\"url\":\"https:\/\/lifting-safety.com\/hu_hu\/\",\"name\":\"Lifting Safety - Lifting equipment from professionals\",\"description\":\"\",\"publisher\":{\"@id\":\"https:\/\/lifting-safety.com\/hu_hu\/#organization\"},\"potentialAction\":[{\"@type\":\"SearchAction\",\"target\":{\"@type\":\"EntryPoint\",\"urlTemplate\":\"https:\/\/lifting-safety.com\/hu_hu\/?s={search_term_string}\"},\"query-input\":{\"@type\":\"PropertyValueSpecification\",\"valueRequired\":true,\"valueName\":\"search_term_string\"}}],\"inLanguage\":\"hu\"},{\"@type\":\"Organization\",\"@id\":\"https:\/\/lifting-safety.com\/hu_hu\/#organization\",\"name\":\"Lifting Safety - Lifting equipment from professionals\",\"url\":\"https:\/\/lifting-safety.com\/hu_hu\/\",\"logo\":{\"@type\":\"ImageObject\",\"inLanguage\":\"hu\",\"@id\":\"https:\/\/lifting-safety.com\/hu_hu\/#\/schema\/logo\/image\/\",\"url\":\"https:\/\/lifting-safety.com\/wp-content\/uploads\/2024\/02\/cropped-SAFETY_LIFT_LOGO_horizontal_tiny.png\",\"contentUrl\":\"https:\/\/lifting-safety.com\/wp-content\/uploads\/2024\/02\/cropped-SAFETY_LIFT_LOGO_horizontal_tiny.png\",\"width\":520,\"height\":174,\"caption\":\"Lifting Safety - Lifting equipment from professionals\"},\"image\":{\"@id\":\"https:\/\/lifting-safety.com\/hu_hu\/#\/schema\/logo\/image\/\"}}]}<\/script>\n<!-- \/ Yoast SEO plugin. -->","yoast_head_json":{"title":"Mini elektromos daru - Lifting Safety - Lifting equipment from professionals","robots":{"index":"index","follow":"follow","max-snippet":"max-snippet:-1","max-image-preview":"max-image-preview:large","max-video-preview":"max-video-preview:-1"},"canonical":"https:\/\/lifting-safety.com\/hu_hu\/termek\/mini-elektromos-daru\/","og_locale":"hu_HU","og_type":"article","og_title":"Mini elektromos daru - Lifting Safety - Lifting equipment from professionals","og_description":"Haszn\u00e1lat: \u00c9p\u00edt\u0151ipari emel\u0151 Energia forr\u00e1s: Elektromos \u00dczemeltet\u00e9si fesz\u00fclts\u00e9g: AC 220\/230V, 50\/60Hz Emel\u00e9si sebess\u00e9g: 5\/10m\/perc Motor: Tiszta r\u00e9z motor, F180 fokozat Opcion\u00e1lis tartoz\u00e9k: T\u00e1vir\u00e1ny\u00edt\u00f3, Elektromos targonca","og_url":"https:\/\/lifting-safety.com\/hu_hu\/termek\/mini-elektromos-daru\/","og_site_name":"Lifting Safety - Lifting equipment from professionals","article_modified_time":"2024-03-25T13:28:00+00:00","og_image":[{"width":600,"height":600,"url":"https:\/\/lifting-safety.com\/wp-content\/uploads\/2023\/09\/Mini-Electric-Hoist-B-Series-China.webp","type":"image\/webp"}],"twitter_card":"summary_large_image","schema":{"@context":"https:\/\/schema.org","@graph":[{"@type":"WebPage","@id":"https:\/\/lifting-safety.com\/termek\/mini-elektromos-daru\/","url":"https:\/\/lifting-safety.com\/termek\/mini-elektromos-daru\/","name":"Mini elektromos daru - Lifting Safety - Lifting equipment from professionals","isPartOf":{"@id":"https:\/\/lifting-safety.com\/hu_hu\/#website"},"primaryImageOfPage":{"@id":"https:\/\/lifting-safety.com\/termek\/mini-elektromos-daru\/#primaryimage"},"image":{"@id":"https:\/\/lifting-safety.com\/termek\/mini-elektromos-daru\/#primaryimage"},"thumbnailUrl":"https:\/\/lifting-safety.com\/wp-content\/uploads\/2023\/09\/Mini-Electric-Hoist-B-Series-China.webp","datePublished":"2023-09-03T11:21:10+00:00","dateModified":"2024-03-25T13:28:00+00:00","breadcrumb":{"@id":"https:\/\/lifting-safety.com\/termek\/mini-elektromos-daru\/#breadcrumb"},"inLanguage":"hu","potentialAction":[{"@type":"ReadAction","target":["https:\/\/lifting-safety.com\/termek\/mini-elektromos-daru\/"]}]},{"@type":"ImageObject","inLanguage":"hu","@id":"https:\/\/lifting-safety.com\/termek\/mini-elektromos-daru\/#primaryimage","url":"https:\/\/lifting-safety.com\/wp-content\/uploads\/2023\/09\/Mini-Electric-Hoist-B-Series-China.webp","contentUrl":"https:\/\/lifting-safety.com\/wp-content\/uploads\/2023\/09\/Mini-Electric-Hoist-B-Series-China.webp","width":600,"height":600},{"@type":"BreadcrumbList","@id":"https:\/\/lifting-safety.com\/termek\/mini-elektromos-daru\/#breadcrumb","itemListElement":[{"@type":"ListItem","position":1,"name":"Kezd\u0151lap","item":"https:\/\/lifting-safety.com\/hu_hu\/"},{"@type":"ListItem","position":2,"name":"Store","item":"https:\/\/lifting-safety.com\/store\/"},{"@type":"ListItem","position":3,"name":"Mini elektromos daru"}]},{"@type":"WebSite","@id":"https:\/\/lifting-safety.com\/hu_hu\/#website","url":"https:\/\/lifting-safety.com\/hu_hu\/","name":"Lifting Safety - Lifting equipment from professionals","description":"","publisher":{"@id":"https:\/\/lifting-safety.com\/hu_hu\/#organization"},"potentialAction":[{"@type":"SearchAction","target":{"@type":"EntryPoint","urlTemplate":"https:\/\/lifting-safety.com\/hu_hu\/?s={search_term_string}"},"query-input":{"@type":"PropertyValueSpecification","valueRequired":true,"valueName":"search_term_string"}}],"inLanguage":"hu"},{"@type":"Organization","@id":"https:\/\/lifting-safety.com\/hu_hu\/#organization","name":"Lifting Safety - Lifting equipment from professionals","url":"https:\/\/lifting-safety.com\/hu_hu\/","logo":{"@type":"ImageObject","inLanguage":"hu","@id":"https:\/\/lifting-safety.com\/hu_hu\/#\/schema\/logo\/image\/","url":"https:\/\/lifting-safety.com\/wp-content\/uploads\/2024\/02\/cropped-SAFETY_LIFT_LOGO_horizontal_tiny.png","contentUrl":"https:\/\/lifting-safety.com\/wp-content\/uploads\/2024\/02\/cropped-SAFETY_LIFT_LOGO_horizontal_tiny.png","width":520,"height":174,"caption":"Lifting Safety - Lifting equipment from professionals"},"image":{"@id":"https:\/\/lifting-safety.com\/hu_hu\/#\/schema\/logo\/image\/"}}]}},"_links":{"self":[{"href":"https:\/\/lifting-safety.com\/hu_hu\/wp-json\/wp\/v2\/product\/4467","targetHints":{"allow":["GET"]}}],"collection":[{"href":"https:\/\/lifting-safety.com\/hu_hu\/wp-json\/wp\/v2\/product"}],"about":[{"href":"https:\/\/lifting-safety.com\/hu_hu\/wp-json\/wp\/v2\/types\/product"}],"version-history":[{"count":4,"href":"https:\/\/lifting-safety.com\/hu_hu\/wp-json\/wp\/v2\/product\/4467\/revisions"}],"predecessor-version":[{"id":5277,"href":"https:\/\/lifting-safety.com\/hu_hu\/wp-json\/wp\/v2\/product\/4467\/revisions\/5277"}],"wp:featuredmedia":[{"embeddable":true,"href":"https:\/\/lifting-safety.com\/hu_hu\/wp-json\/wp\/v2\/media\/4472"}],"wp:attachment":[{"href":"https:\/\/lifting-safety.com\/hu_hu\/wp-json\/wp\/v2\/media?parent=4467"}],"wp:term":[{"taxonomy":"product_brand","embeddable":true,"href":"https:\/\/lifting-safety.com\/hu_hu\/wp-json\/wp\/v2\/product_brand?post=4467"},{"taxonomy":"product_cat","embeddable":true,"href":"https:\/\/lifting-safety.com\/hu_hu\/wp-json\/wp\/v2\/product_cat?post=4467"},{"taxonomy":"product_tag","embeddable":true,"href":"https:\/\/lifting-safety.com\/hu_hu\/wp-json\/wp\/v2\/product_tag?post=4467"}],"curies":[{"name":"wp","href":"https:\/\/api.w.org\/{rel}","templated":true}]}}