{"id":4606,"date":"2024-01-13T17:10:56","date_gmt":"2024-01-13T16:10:56","guid":{"rendered":"https:\/\/lifting-safety.com\/?page_id=4606"},"modified":"2024-01-13T17:10:58","modified_gmt":"2024-01-13T16:10:58","slug":"altalanos-szerzodesi-feltetelek","status":"publish","type":"page","link":"https:\/\/lifting-safety.com\/hu_hu\/altalanos-szerzodesi-feltetelek\/","title":{"rendered":"\u00c1ltal\u00e1nos Szerz\u0151d\u00e9si Felt\u00e9telek"},"content":{"rendered":"\n<p><strong>\u00c1LTAL\u00c1NOS SZERZ\u0150D\u00c9SI FELT\u00c9TELEK<br>(\u00c1SZF)<br><br>a&nbsp;www.<\/strong> <strong>lifting-safety.com weboldal haszn\u00e1lat\u00e1r\u00f3l<br>2024.01.10.<\/strong><\/p>\n\n\n\n<p><strong>I. PREAMBULUM<\/strong><\/p>\n\n\n\n<p>\u00dcdv\u00f6z\u00f6lj\u00fck honlapunkon! K\u00f6sz\u00f6nj\u00fck, hogy C\u00e9g\u00fcnket tiszteli meg bizalm\u00e1val a v\u00e1s\u00e1rl\u00e1sa sor\u00e1n.<\/p>\n\n\n\n<p><strong>K\u00e9rj\u00fck, hogy megrendel\u00e9se v\u00e9gleges\u00edt\u00e9se el\u0151tt figyelmesen olvassa el a jelen dokumentumot, mert megrendel\u00e9se v\u00e9gleges\u00edt\u00e9s\u00e9vel \u00d6n elfogadja a jelen \u00c1ltal\u00e1nos Szerz\u0151d\u00e9si Felt\u00e9telek (tov\u00e1bbiakban: \u00c1SZF) tartalm\u00e1t.<\/strong><\/p>\n\n\n\n<p><br>A www.lifting-safety.com honlapot a Safety Lift Korl\u00e1tolt Felel\u0151ss\u00e9g\u0171 T\u00e1rsas\u00e1g (C\u00e9gjegyz\u00e9ksz\u00e1m: 13-09-222273, Ad\u00f3sz\u00e1m 32063350-2-13, Sz\u00e9khely: 2145 Kerepes, Esze Tam\u00e1s utca 48.) \u00fczemelteti.<\/p>\n\n\n\n<p><br>A jelen \u00c1SZF \u00e9rv\u00e9nyes \u00e9s hat\u00e1lyos minden megrendel\u00e9s lead\u00e1s\u00e1ra \u00e9s online v\u00e1s\u00e1rl\u00e1sra, mely a Safety Lift Korl\u00e1tolt Felel\u0151ss\u00e9g\u0171 T\u00e1rsas\u00e1g (tov\u00e1bbiakban: Szolg\u00e1ltat\u00f3 vagy Elad\u00f3), \u00e1ltal \u00fczemeltetett&nbsp; http:\/\/www.lifting-safety.com (a tov\u00e1bbiakban: weboldal)&nbsp; weboldalon el\u00e9rhet\u0151 term\u00e9kre vonatkozik.<\/p>\n\n\n\n<p>Az \u00c1SZF tartalmazza a Vev\u0151t \u00e9s az Elad\u00f3t illet\u0151 jogokat \u00e9s k\u00f6telezetts\u00e9geket, a szerz\u0151d\u00e9s l\u00e9trej\u00f6tt\u00e9nek felt\u00e9teleit, a teljes\u00edt\u00e9si hat\u00e1rid\u0151ket, a sz\u00e1ll\u00edt\u00e1si \u00e9s fizet\u00e9si felt\u00e9teleket, a felel\u0151ss\u00e9gi szab\u00e1lyokat, valamint az el\u00e1ll\u00e1si jog gyakorl\u00e1s\u00e1nak felt\u00e9teleit.<\/p>\n\n\n\n<p>Vev\u0151 a megrendel\u00e9se v\u00e9gleges\u00edt\u00e9se el\u0151tt k\u00f6teles megismerni a jelen \u00c1SZF rendelkez\u00e9seit. A weboldalon kereszt\u00fcl t\u00f6rt\u00e9n\u0151 v\u00e1s\u00e1rl\u00e1ssal Vev\u0151 elfogadja a jelen \u00c1SZF rendelkez\u00e9seit, \u00e9s az \u00c1SZF marad\u00e9ktalanul a Vev\u0151 \u00e9s Elad\u00f3 k\u00f6z\u00f6tt l\u00e9trej\u00f6v\u0151 szerz\u0151d\u00e9s r\u00e9sz\u00e9t k\u00e9pezi. Jelen \u00c1SZF magyar nyelv\u0171 szerz\u0151d\u00e9s, amely kiz\u00e1r\u00f3lag elektronikus form\u00e1ban ker\u00fcl megk\u00f6t\u00e9sre, azokat az Elad\u00f3 nem iktatja.<\/p>\n\n\n\n<p><strong>II. SZOLG\u00c1LTAT\u00d3 ADATAI<\/strong><\/p>\n\n\n\n<figure class=\"wp-block-table\"><table><tbody><tr><td colspan=\"2\">Szolg\u00e1ltat\u00f3<\/td><\/tr><tr><td>N\u00e9v:<\/td><td>Safety Lift Korl\u00e1tolt Felel\u0151ss\u00e9g\u0171 T\u00e1rsas\u00e1g<\/td><\/tr><tr><td>R\u00f6vid\u00edtett n\u00e9v<\/td><td>Safety Lift Kft.<\/td><\/tr><tr><td>Sz\u00e9khely:<\/td><td>2145 Kerepes, Esze Tam\u00e1s utca 48.<\/td><\/tr><tr><td>Levelez\u00e9si c\u00edm:<\/td><td>ugyanaz<\/td><\/tr><tr><td>C\u00e9gjegyz\u00e9ksz\u00e1m, nyilv\u00e1ntart\u00f3 c\u00e9gb\u00edr\u00f3s\u00e1g:<\/td><td>&nbsp;13-09-222273 Budapest K\u00f6rny\u00e9ki T\u00f6rv\u00e9nysz\u00e9k C\u00e9gb\u00edr\u00f3s\u00e1ga<\/td><\/tr><tr><td>Ad\u00f3sz\u00e1m:<\/td><td>&nbsp;32063350-2-13<\/td><\/tr><tr><td>K\u00e9pvisel\u0151:<\/td><td>Szendi G\u00e1bor&nbsp; \u00fcgyvezet\u0151 (k\u00e9pviseleti joga \u00f6n\u00e1ll\u00f3)<\/td><\/tr><tr><td>Telefonsz\u00e1m:<\/td><td>+3630-295-6009<\/td><\/tr><tr><td>E-mail:<\/td><td>&nbsp;info@lifting-safety.com<\/td><\/tr><tr><td>Honlap:<\/td><td>&nbsp;www.lifting-safety.com<\/td><\/tr><tr><td>HUF banksz\u00e1mlasz\u00e1m:<\/td><td>11716008-22541457-00000000<\/td><\/tr><tr><td>Banksz\u00e1ml\u00e1t vezet\u0151 p\u00e9nzint\u00e9zet<\/td><td>OTP Bank<\/td><\/tr><tr><td>deviza banksz\u00e1mlasz\u00e1m:<\/td><td>11763165-20502889-00000000<\/td><\/tr><tr><td>Banksz\u00e1ml\u00e1t vezet\u0151 p\u00e9nzint\u00e9zet<\/td><td>OTP Bank<\/td><\/tr><\/tbody><\/table><\/figure>\n\n\n\n<p><br><br><strong>III. AZ ONLINE V\u00c1S\u00c1RL\u00c1S ALAPVET\u0150 SZAB\u00c1LYAI<\/strong><\/p>\n\n\n\n<p>A jelen \u00c1SZF-ben nem szab\u00e1lyozott k\u00e9rd\u00e9sekre, valamint jelen \u00c1SZF \u00e9rtelmez\u00e9s\u00e9re a magyar jog az ir\u00e1nyad\u00f3, k\u00fcl\u00f6n\u00f6s tekintettel a Polg\u00e1ri T\u00f6rv\u00e9nyk\u00f6nyvr\u0151l sz\u00f3l\u00f3 2013. \u00e9vi V. t\u00f6rv\u00e9ny (PTK) \u00e9s az elektronikus kereskedelmi szolg\u00e1ltat\u00e1sok, az inform\u00e1ci\u00f3s t\u00e1rsadalommal \u00f6sszef\u00fcgg\u0151 szolg\u00e1ltat\u00e1sok egyes k\u00e9rd\u00e9seir\u0151l sz\u00f3l\u00f3 2001. \u00e9vi CVIII. (Elker. tv.) t\u00f6rv\u00e9ny, 1997. \u00e9vi CLV. t\u00f6rv\u00e9ny a fogyaszt\u00f3v\u00e9delemr\u0151l, valamint a fogyaszt\u00f3 \u00e9s a v\u00e1llalkoz\u00e1s k\u00f6z\u00f6tti szerz\u0151d\u00e9sek r\u00e9szletes szab\u00e1lyair\u00f3l sz\u00f3l\u00f3 45\/2014. (II. 26.) Korm. rendelet, 151\/2003. (IX. 22.) Korm. rendelet az egyes tart\u00f3s fogyaszt\u00e1si cikkekre vonatkoz\u00f3 k\u00f6telez\u0151 j\u00f3t\u00e1ll\u00e1sr\u00f3l, 19\/2014. (IV. 29.) NGM rendelet a fogyaszt\u00f3 \u00e9s v\u00e1llalkoz\u00e1s k\u00f6z\u00f6tti szerz\u0151d\u00e9s keret\u00e9ben eladott dolgokra vonatkoz\u00f3 szavatoss\u00e1gi \u00e9s j\u00f3t\u00e1ll\u00e1si ig\u00e9nyek int\u00e9z\u00e9s\u00e9nek elj\u00e1r\u00e1si szab\u00e1lyair\u00f3l rendelkez\u00e9seire. T\u00e1j\u00e9koztatjuk, hogy a vonatkoz\u00f3 jogszab\u00e1lyok k\u00f6telez\u0151 rendelkez\u00e9sei a felekre k\u00fcl\u00f6n kik\u00f6t\u00e9s n\u00e9lk\u00fcl ir\u00e1nyad\u00f3ak.<\/p>\n\n\n\n<ol class=\"wp-block-list\" start=\"1\">\n<li><strong>megv\u00e1s\u00e1rolhat\u00f3 term\u00e9kek<\/strong><\/li>\n<\/ol>\n\n\n\n<p>A webshopban t\u00f6rt\u00e9n\u0151 v\u00e1s\u00e1rl\u00e1s eset\u00e9n a term\u00e9klapon \u201ekos\u00e1rba teszem\u201d ikonnal jel\u00f6lt term\u00e9kek online rendelhet\u0151k meg. A term\u00e9kekre vonatkoz\u00f3an megjelen\u00edtett \u00e1rak forintban \u00e9rtend\u0151 egys\u00e9g\u00e1rak, tartalmazz\u00e1k a t\u00f6rv\u00e9nyben el\u0151\u00edrt \u00e1f\u00e1t, azonban nem tartalmazz\u00e1k a csomagk\u00fcld\u00e9s vagy h\u00e1zhoz sz\u00e1ll\u00edt\u00e1s d\u00edj\u00e1t. K\u00fcl\u00f6n csomagol\u00e1si k\u00f6lts\u00e9g nem ker\u00fcl felsz\u00e1m\u00edt\u00e1sra. A web\u00e1ruh\u00e1zban Elad\u00f3 r\u00e9szletesen felt\u00fcnteti a term\u00e9k nev\u00e9t, a term\u00e9kekr\u0151l fot\u00f3t jelen\u00edt meg, a term\u00e9kek l\u00e9nyeges tulajdons\u00e1gair\u00f3l az egyes term\u00e9kekn\u00e9l szerepl\u0151 le\u00edr\u00e1sokban t\u00e1j\u00e9koztat\u00e1st ad, a term\u00e9koldalon tal\u00e1lhat\u00f3 adatok t\u00e1j\u00e9koztat\u00f3 jelleg\u0171ek. A term\u00e9kek adatlapj\u00e1n megjelen\u00edtett k\u00e9pek elt\u00e9rhetnek a val\u00f3s\u00e1gt\u00f3l, illusztr\u00e1ci\u00f3k\u00e9nt szerepelnek. Elad\u00f3 nem v\u00e1llal felel\u0151ss\u00e9get a web\u00e1ruh\u00e1zban megjelen\u0151 k\u00e9p \u00e9s a term\u00e9k t\u00e9nyleges kin\u00e9zete miatti k\u00fcl\u00f6nb\u00f6z\u0151s\u00e9g\u00e9rt.<\/p>\n\n\n\n<p>Amennyiben akci\u00f3s \u00e1r ker\u00fcl bevezet\u00e9sre, Elad\u00f3 teljesk\u00f6r\u0171en t\u00e1j\u00e9koztatja Vev\u0151ket az akci\u00f3r\u00f3l \u00e9s annak pontos id\u0151tartam\u00e1r\u00f3l.<\/p>\n\n\n\n<ol class=\"wp-block-list\" start=\"2\">\n<li><strong>a megrendel\u00e9s folyamata<\/strong><\/li>\n<\/ol>\n\n\n\n<p>A weboldal haszn\u00e1lat\u00e1hoz nem, azonban a v\u00e1s\u00e1rl\u00e1shoz a Vev\u0151nek regisztr\u00e1lnia kell, majd bejelentkeznie a web\u00e1ruh\u00e1zba. Vev\u0151 a kos\u00e1rba helyezi a \u201ekos\u00e1rba teszem\u201d ikonra kattint\u00e1ssal a kiv\u00e1lasztott term\u00e9k(ek)et. Vev\u0151 b\u00e1rmikor megtekintheti a kos\u00e1r tartalm\u00e1t a \u201ekos\u00e1r\u201d ikonra kattintva, amennyiben tov\u00e1bbi term\u00e9ket szeretne kos\u00e1rba helyezni, azt a \u201ev\u00e1s\u00e1rl\u00e1s folytat\u00e1sa\u201d ikonra val\u00f3 kattint\u00e1ssal teheti meg, ha nem szeretne tov\u00e1bbi term\u00e9ket v\u00e1s\u00e1rolni a tov\u00e1bb a kos\u00e1rhoz ikonra kattint, \u00e9s ellen\u0151rzi a megv\u00e1s\u00e1rolni k\u00edv\u00e1nt term\u00e9kek darabsz\u00e1m\u00e1t. Az \u201ex\u201d ikonra kattintva t\u00f6r\u00f6lheti a kos\u00e1r tartalm\u00e1t. Mennyis\u00e9g v\u00e9gleges\u00edt\u00e9s\u00e9t k\u00f6vet\u0151en automatikusan friss\u00fcl a kos\u00e1r tartalma.<\/p>\n\n\n\n<p>A kos\u00e1rba helyezett term\u00e9kek v\u00e1s\u00e1rl\u00e1si sz\u00e1nd\u00e9k\u00e1t Elad\u00f3 sz\u00e1m\u00edt\u00e1stechnikai rendszere nem tekinti v\u00e9glegesnek, ez\u00e9rt a Vev\u0151 \u00e1ltal megrendel\u00e9s\u00e9nek v\u00e9gleges\u00edt\u00e9se el\u0151tt el\u0151fordulhat, hogy az adott term\u00e9ket\/term\u00e9keket id\u0151k\u00f6zben m\u00e1r megv\u00e1s\u00e1rolt\u00e1k \u00e9s emiatt m\u00e1r nincs k\u00e9szleten, ez\u00e9rt Elad\u00f3 felel\u0151ss\u00e9get nem v\u00e1llal. A rendel\u00e9s v\u00e9gleges\u00edt\u00e9se \u00e9rdek\u00e9ben a Vev\u0151 a \u201emegrendel\u00e9s elk\u00fcld\u00e9se\u201d ikonra kattint. Vev\u0151 a rendel\u00e9s lead\u00e1sakor kiv\u00e1lasztja a sz\u00e1ll\u00edt\u00e1si m\u00f3dot.<\/p>\n\n\n\n<p>A sz\u00e1ll\u00edt\u00e1si m\u00f3dok \u00e9s d\u00edjak term\u00e9kenk\u00e9nt ker\u00fclnek meghat\u00e1roz\u00e1sra. Minden term\u00e9kn\u00e9l csak az adott term\u00e9kre el\u00e9rhet\u0151 sz\u00e1ll\u00edt\u00e1si m\u00f3dok \u00e9s d\u00edjak ker\u00fclnek megjelen\u00edt\u00e9sre.<\/p>\n\n\n\n<p>Norm\u00e1l h\u00e1zhozsz\u00e1ll\u00edt\u00e1s: Vev\u0151 a megrendelt term\u00e9kek h\u00e1zhozsz\u00e1ll\u00edt\u00e1s\u00e1t az al\u00e1bbiak szerint is k\u00e9rheti el\u0151re fizet\u00e9ssel, vagy ut\u00e1nv\u00e9ttel. A h\u00e1zhozsz\u00e1ll\u00edt\u00e1shoz sz\u00fcks\u00e9ges a lakc\u00edmnek, tart\u00f3zkod\u00e1si hely\u00e9nek megad\u00e1sa, ezek \u00f6nk\u00e9ntesen megadott inform\u00e1ci\u00f3k, de n\u00e9lk\u00fcl\u00fck a sz\u00e1ll\u00edt\u00e1s nem lehets\u00e9ges. A h\u00e1zhoz sz\u00e1ll\u00edt\u00e1st a GLS Csomag-Logisztikai Kft. v\u00e9gzi.<\/p>\n\n\n\n<p>H\u00e1zhozsz\u00e1ll\u00edt\u00e1skor a Vev\u0151nek sz\u00e1molnia kell azzal, hogy a fut\u00e1rszolg\u00e1lat az olyan term\u00e9ket\/term\u00e9keket, amelyet\/amelyeket a sz\u00e1ll\u00edt\u00f3 c\u00e9g sz\u00e1ll\u00edt\u00e1sn\u00e1l jelen l\u00e9v\u0151 munkat\u00e1rsa(i) nem tud(nak) biztons\u00e1gosan mozgatni, \u00edgy k\u00fcl\u00f6n\u00f6sen a terjedelmes, az egyedi kezel\u00e9s \u00e9s az extra kezel\u00e9ssel j\u00e1r\u00f3 t\u00f6bbletszolg\u00e1ltat\u00e1ssal feladott term\u00e9k\/term\u00e9kek, k\u00e9zi mozgat\u00e1s\u00e1hoz sz\u00fcks\u00e9ges eszk\u00f6z\u00f6ket \u00e9s munkaer\u0151t, a k\u00e9zbes\u00edt\u00e9skor a Vev\u0151 (c\u00edmzett) k\u00f6teles biztos\u00edtani. A GLS Csomag-Logisztikai Kft. a term\u00e9keket kiz\u00e1r\u00f3lag a sz\u00e1ll\u00edt\u00e1si c\u00edmre viszi ki \u00e9s nem az ajt\u00f3ig.<\/p>\n\n\n\n<p>Elad\u00f3 h\u00e1zhozsz\u00e1ll\u00edt\u00e1s d\u00edj\u00e1nak meg\u00e1llap\u00edt\u00e1sakor a k\u00f6vetkez\u0151 csomag m\u00e9reteket k\u00fcl\u00f6nb\u00f6zteti meg a GLS Csomag-Logisztikai Kft sz\u00e1ll\u00edt\u00f3 partner \u00e1ltali bont\u00e1sban:<\/p>\n\n\n\n<figure class=\"wp-block-table\"><table><tbody><tr><td>Csomag s\u00falya<\/td><td>\u00c1r\/csomag<\/td><\/tr><tr><td>&lt; 2 kg<\/td><td><em>1230 Ft<\/em><\/td><\/tr><tr><td>&lt; 3 kg<\/td><td><em>1421 Ft<\/em><\/td><\/tr><tr><td>&lt; 5 kg<\/td><td><em>1498 Ft<\/em><\/td><\/tr><tr><td>&lt; 10 kg<\/td><td><em>1623 Ft<\/em><\/td><\/tr><tr><td>&lt; 15 kg<\/td><td><em>1788 Ft<\/em><\/td><\/tr><tr><td>&lt; 20 kg<\/td><td><em>1938 Ft<\/em><\/td><\/tr><tr><td>&lt; 25 kg<\/td><td><em>2110 Ft<\/em><\/td><\/tr><tr><td>&lt; 30 kg<\/td><td><em>2231 Ft<\/em><\/td><\/tr><tr><td>&lt; 40 kg<\/td><td><em>2556 Ft<\/em><\/td><\/tr><\/tbody><\/table><\/figure>\n\n\n\n<p>Fenti csomagd\u00edjakhoz az al\u00e1bbi k\u00f6lts\u00e9gek j\u00e1rulnak:<\/p>\n\n\n\n<figure class=\"wp-block-table\"><table><tbody><tr><td>Rugalmas k\u00e9zbes\u00edt\u00e9s szolg\u00e1ltat\u00e1s (e-mail \u00e9rt.)<\/td><td><em>30 Ft<\/em><em><\/em><\/td><\/tr><tr><td>Bankk\u00e1rty\u00e1s fizet\u00e9s<\/td><td><em>+ A beszedett ut\u00e1nv\u00e9t \u00e9rt\u00e9k 0,99 %-a<\/em><\/td><\/tr><tr><td>Ut\u00e1nv\u00e9t beszed\u00e9s<\/td><td><\/td><\/tr><tr><td><\/td><td><\/td><\/tr><tr><td>30 000 Ft -ig 50 000 Ft -ig 100 000 Ft -ig 150 000 Ft -ig 500 000 Ft \u2013ig<\/td><td><em>+190 Ft<\/em> <em>+ 220 Ft<\/em> <em>+ 280 Ft<\/em> <em>+ 340 Ft<\/em> <em>+A beszedett ut\u00e1nv\u00e9t \u00e9rt\u00e9k 1 %-a<\/em><\/td><\/tr><\/tbody><\/table><\/figure>\n\n\n\n<p>Vev\u0151 ellen\u0151rzi a profilj\u00e1hoz r\u00f6gz\u00edtett sz\u00e1ll\u00edt\u00e1si \u00e9s sz\u00e1ml\u00e1z\u00e1si c\u00edmet. A rendel\u00e9s v\u00e9gleges\u00edt\u00e9s\u00e9t k\u00f6vet\u0151en az adott rendel\u00e9s vonatkoz\u00e1s\u00e1ban a sz\u00e1ml\u00e1z\u00e1si \u00e9s sz\u00e1ll\u00edt\u00e1si adatokban v\u00e1ltoztat\u00e1s nem eszk\u00f6z\u00f6lhet\u0151.<\/p>\n\n\n\n<p>V\u00e9g\u00fcl Vev\u0151 kiv\u00e1lasztja a fizet\u00e9si m\u00f3dot, melynek t\u00edpusai a k\u00f6vetkez\u0151k lehetnek (Figyelem! Nem minden fizet\u00e9si m\u00f3d \u00e9rhet\u0151 el egyes sz\u00e1ll\u00edt\u00e1si m\u00f3dokn\u00e1l!):<\/p>\n\n\n\n<p>Ut\u00e1nv\u00e9tel: Amennyiben a rendel\u00e9s \u00e9rt\u00e9k\u00e9t a csomag k\u00e9zhezv\u00e9telekor k\u00edv\u00e1nja kiegyenl\u00edteni \u00e9s a sz\u00e1ll\u00edt\u00e1si m\u00f3d erre lehet\u0151s\u00e9get k\u00edn\u00e1l, akkor v\u00e1lassza az &#8220;Ut\u00e1nv\u00e9tel&#8221; fizet\u00e9si m\u00f3dot.<\/p>\n\n\n\n<p>Amennyiben nem k\u00edv\u00e1nja lakc\u00edm\u00e9t, tart\u00f3zkod\u00e1si hely\u00e9t megadni, lehet\u0151s\u00e9g van arra is, hogy az \u00c1tv\u00e9tel egy\u00e9b \u00e1tvev\u0151helyen t\u00f6rt\u00e9njen:<\/p>\n\n\n\n<p>\u00c1tv\u00e9teli pontra t\u00f6rt\u00e9n\u0151 kisz\u00e1ll\u00edt\u00e1s t\u00f6rt\u00e9nhet a GLS Csomag-Logisztikai Kft.\u00e1ltal \u00fczemeltetett \u00e1tv\u00e9teli pontokra az al\u00e1bbiak szerint:<\/p>\n\n\n\n<p>&#8211; GLS Csomag-Logisztikai Kft. \u00e1ltal \u00fczemeltetett pontok list\u00e1ja az al\u00e1bbi fel\u00fcleten \u00e9rhet\u0151 el:<\/p>\n\n\n\n<figure class=\"wp-block-embed\">https:\/\/www.csomag.hu\/hu\/csomagatvetel<\/figure>\n\n\n\n<p><strong>CsomagPontba k\u00e9zbes\u00edt\u00e9s<\/strong><\/p>\n\n\n\n<figure class=\"wp-block-table\"><table><tbody><tr><td>Fuvard\u00edj 0 &#8211; 5 kg (\u00e1r\/csomag)&nbsp;&nbsp;&nbsp;&nbsp;&nbsp;&nbsp;&nbsp;&nbsp;&nbsp;&nbsp;&nbsp;&nbsp;&nbsp;&nbsp;&nbsp;&nbsp;&nbsp;&nbsp;&nbsp;&nbsp;&nbsp;&nbsp;&nbsp;&nbsp;&nbsp;&nbsp;&nbsp;&nbsp;&nbsp;&nbsp;&nbsp;&nbsp;&nbsp;&nbsp;&nbsp;&nbsp;&nbsp;&nbsp;&nbsp;&nbsp;&nbsp;&nbsp;&nbsp;&nbsp;&nbsp;&nbsp;&nbsp;&nbsp;&nbsp;&nbsp;&nbsp;&nbsp;&nbsp;&nbsp;&nbsp;&nbsp;&nbsp;&nbsp;&nbsp;&nbsp;&nbsp;&nbsp;&nbsp;&nbsp;&nbsp;&nbsp;&nbsp;&nbsp;&nbsp; 1 090 Ft<\/td><td>1 090 Ft<\/td><\/tr><tr><td>5 kg felett a fuvard\u00edjon fel\u00fcl\/csomag<\/td><td>+ 500 Ft<\/td><\/tr><tr><td>Ut\u00e1nv\u00e9t d\u00edj 0 &#8211; 500 000 Ft-ig<\/td><td>+160 Ft<\/td><\/tr><tr><td>Bankk\u00e1rty\u00e1s fizet\u00e9s d\u00edja<\/td><td>+ A beszedett ut\u00e1nv\u00e9t \u00e9rt\u00e9k 0,99 %-a<\/td><\/tr><\/tbody><\/table><\/figure>\n\n\n\n<p><strong>A GLS csomagautomat\u00e1ba<\/strong> <strong>k\u00e9zbes\u00edt\u00e9s<\/strong><\/p>\n\n\n\n<figure class=\"wp-block-table\"><table><tbody><tr><td>Fuvard\u00edj 0 &#8211; 5 kg (\u00e1r\/csomag)&nbsp;&nbsp;&nbsp;&nbsp;&nbsp;&nbsp;&nbsp;&nbsp;&nbsp;&nbsp;&nbsp;&nbsp;&nbsp;&nbsp;&nbsp;&nbsp;&nbsp;&nbsp;&nbsp;&nbsp;&nbsp;&nbsp;&nbsp;&nbsp;&nbsp;&nbsp;&nbsp;&nbsp;&nbsp;&nbsp;&nbsp;&nbsp;&nbsp;&nbsp;&nbsp;&nbsp;&nbsp;&nbsp;&nbsp;&nbsp;&nbsp;&nbsp;&nbsp;&nbsp;&nbsp;&nbsp;&nbsp;&nbsp;&nbsp;&nbsp;&nbsp;&nbsp;&nbsp;&nbsp;&nbsp;&nbsp;&nbsp;&nbsp;&nbsp;&nbsp;&nbsp;&nbsp;&nbsp;&nbsp;&nbsp;&nbsp;&nbsp;&nbsp;&nbsp; 1 090 Ft<\/td><td>990 Ft<\/td><\/tr><tr><td>5 kg felett a fuvard\u00edjon fel\u00fcl\/csomag<\/td><td>+ 500 Ft<\/td><\/tr><tr><td>Ut\u00e1nv\u00e9t d\u00edj 0 &#8211; 500 000 Ft-ig<\/td><td>A szolg\u00e1ltat\u00e1s d\u00edj\u00e1t a fuvard\u00edj tartalmazza.<\/td><\/tr><tr><td>Bankk\u00e1rty\u00e1s fizet\u00e9s d\u00edja<\/td><td>+ A beszedett ut\u00e1nv\u00e9t \u00e9rt\u00e9k 0,99 %-a<\/td><\/tr><\/tbody><\/table><\/figure>\n\n\n\n<p>A GLS Csomag Logisztikai Kft. SMS-ben \u00e9rtes\u00edt\u00e9st k\u00fcld, amikor a csomag \u00e1tvehet\u0151. A GLS csomagpontra \u00e9s GLS csomagautomat\u00e1ba t\u00f6rt\u00e9n\u0151 megrendel\u00e9s eset\u00e9n a csomagot online bankk\u00e1rty\u00e1s fizet\u00e9ssel vagy a rendel\u00e9s \u00e1tv\u00e9telekor az automat\u00e1n\u00e1l biztos\u00edtott termin\u00e1lon kereszt\u00fcl van lehet\u0151s\u00e9g kifizetni (ut\u00e1nv\u00e9t).<\/p>\n\n\n\n<p><strong><u>Online Bankk\u00e1rty\u00e1s fizet\u00e9s:<\/u><\/strong><\/p>\n\n\n\n<p>Amennyiben a rendel\u00e9s \u00e9rt\u00e9k\u00e9t bankk\u00e1rty\u00e1val k\u00edv\u00e1nja kiegyenl\u00edteni \u00e9s a sz\u00e1ll\u00edt\u00e1si m\u00f3d erre lehet\u0151s\u00e9get k\u00edn\u00e1l az al\u00e1bbi m\u00f3dokkal egyenl\u00edthet\u0151 ki a v\u00e1s\u00e1rl\u00e1s \u00e9rt\u00e9ke:&nbsp;<\/p>\n\n\n\n<p>A bankk\u00e1rty\u00e1s fizet\u00e9s Elad\u00f3 online fizet\u00e9si partner\u00e9n, az OTP Simplepay online fizet\u00e9si rendszer\u00e9n kereszt\u00fcl ker\u00fcl lebonyol\u00edt\u00e1sra, az aktu\u00e1lis biztons\u00e1gi el\u0151\u00edr\u00e1soknak megfelel\u0151en.<\/p>\n\n\n\n<p>A fizet\u00e9shez a k\u00f6vetkez\u0151 bankk\u00e1rty\u00e1k haszn\u00e1lhat\u00f3k fel: Visa, Mastercard, Maestro.<\/p>\n\n\n\n<p>Vev\u0151 tudom\u00e1sul veszi, hogy a Safety Lift Korl\u00e1tolt Felel\u0151ss\u00e9g\u0171 T\u00e1rsas\u00e1g (sz\u00e9khely: 2145 Kerepes, Esze Tam\u00e1s utca 48.) adatkezel\u0151 \u00e1ltal a(z) www.lifting-safety.com felhaszn\u00e1l\u00f3i adatb\u00e1zis\u00e1ban t\u00e1rolt al\u00e1bbi szem\u00e9lyes adataim \u00e1tad\u00e1sra ker\u00fclnek az OTP Mobil Kft., mint adatfeldolgoz\u00f3 r\u00e9sz\u00e9re.<\/p>\n\n\n\n<p>Tov\u00e1bb\u00edtott adatok k\u00f6re: https:\/\/simplepay.hu\/adatkezelesi-tajekoztatok\/ hivatkoz\u00e1s alatt megtal\u00e1lhat\u00f3, SimplePay adatkezel\u00e9si t\u00e1j\u00e9koztat\u00f3j\u00e1ban meghat\u00e1rozott szem\u00e9lyes adatok (pl.: \u00e9rintett neve (vezet\u00e9kn\u00e9v \u00e9s keresztn\u00e9v), lakc\u00edme (sz\u00e1ll\u00edt\u00e1si c\u00edme), telefonsz\u00e1ma, sz\u00e1ml\u00e1z\u00e1si neve, sz\u00e1ml\u00e1z\u00e1si c\u00edme, email c\u00edme, a v\u00e1s\u00e1rl\u00e1ssal kapcsolatos adatok (v\u00e1s\u00e1rl\u00e1s \u00f6sszege, r\u00e9szletes kos\u00e1rtartalom), IP c\u00edm, stb.).<\/p>\n\n\n\n<p>Az adatfeldolgoz\u00f3 \u00e1ltal v\u00e9gzett adatfeldolgoz\u00e1si tev\u00e9kenys\u00e9g jellege \u00e9s c\u00e9lja a SimplePay Adatkezel\u00e9si t\u00e1j\u00e9koztat\u00f3ban, az al\u00e1bbi linken tekinthet\u0151 meg: https:\/\/simplepay.hu\/vasarlo-aff \/.<\/p>\n\n\n\n<p>A \u201eMegrendel\u00e9s lead\u00e1sa\u201d linkre kattintva a megrendel\u00e9st megtettnek kell tekinteni, \u00e9s\u2013 az Elad\u00f3 jelen \u00c1SZF szerinti visszaigazol\u00e1sa ut\u00e1n &#8211; fizet\u00e9si k\u00f6telezetts\u00e9get von maga ut\u00e1n.<\/p>\n\n\n\n<p>Az \u00e1ltal\u00e1nos forgalmi ad\u00f3r\u00f3l sz\u00f3l\u00f3 2007. \u00e9vi CXXVII. t\u00f6rv\u00e9ny 175 \u00a7 -\u00e1ban foglaltaknak megfelel\u0151en \u00e9s a jelen \u00c1SZF elfogad\u00e1s\u00e1val a Vev\u0151 beleegyezik, hogy az Elad\u00f3 valamennyi \u00e9rt\u00e9kes\u00edt\u00e9sr\u0151l <strong>elektronikus sz\u00e1ml\u00e1t \u00e1ll\u00edtson<\/strong> ki.<\/p>\n\n\n\n<p><strong>3. rendel\u00e9s feldolgoz\u00e1sa<\/strong><\/p>\n\n\n\n<p>1. A rendel\u00e9sek feldolgoz\u00e1sa folyamatosan \u00e9s k\u00e9t l\u00e9pcs\u0151ben t\u00f6rt\u00e9nik. Vev\u0151nek b\u00e1rmilyen id\u0151pontban lehet\u0151s\u00e9ge van a megrendel\u00e9s lead\u00e1s\u00e1ra. A rendel\u00e9sr\u0151l el\u0151sz\u00f6r egy automatikus visszaigazol\u00e1st fog kapni a rendszert\u0151l, majd az Elad\u00f3 visszaigazolja a megrendel\u00e9st, amely tartalmazni fogja a v\u00e1rhat\u00f3 sz\u00e1ll\u00edt\u00e1si hat\u00e1rid\u0151t.<\/p>\n\n\n\n<p>1.1. Automata visszaigazol\u00f3 e-mail.<\/p>\n\n\n\n<p>Vev\u0151 a megrendel\u00e9s\u00e9t k\u00f6vet\u0151 10 percen bel\u00fcl egy automatikus visszaigazol\u00f3 e-mail \u00e9rtes\u00edt\u00e9st kap az Vev\u0151 \u00e1ltal megadott e-mail c\u00edmre. Az automatikus e-mail csak annak t\u00e9ny\u00e9t r\u00f6gz\u00edti, hogy Vev\u0151 megrendel\u00e9se a honlapon kereszt\u00fcl meg\u00e9rkezett, de ez a visszaigazol\u00e1s nem min\u0151s\u00fcl Vev\u0151 rendel\u00e9s\u00e9nek visszaigazol\u00e1s\u00e1nak. Amennyiben Vev\u0151 azt \u00e9szleli, hogy az automata visszaigazol\u00f3 e-mail \u00e9rtes\u00edt\u00e9s Vev\u0151 adatait t\u00e9vesen tartalmazza (pl. n\u00e9v, sz\u00e1ll\u00edt\u00e1si c\u00edm, telefonsz\u00e1m stb.), \u00fagy Vev\u0151 k\u00f6teles ennek t\u00e9ny\u00e9t \u2013 a helyes adatok megad\u00e1s\u00e1val egyidej\u0171leg \u2013 Elad\u00f3val e-mail \u00fatj\u00e1n halad\u00e9ktalanul k\u00f6z\u00f6lni. Amennyiben Vev\u0151 a megrendel\u00e9s\u00e9t\u0151l sz\u00e1m\u00edtott 24 \u00f3r\u00e1n bel\u00fcl nem kapja meg az automata visszaigazol\u00f3 e-mailt, \u00fagy k\u00e9rj\u00fck, vegye fel Elad\u00f3val a kapcsolatot, mert elk\u00e9pzelhet\u0151, hogy megrendel\u00e9se technikai okok miatt nem \u00e9rkezett meg rendszerbe.<\/p>\n\n\n\n<p>A rendel\u00e9s lead\u00e1s\u00e1t k\u00f6vet\u0151en Elad\u00f3 a visszaigazol\u00f3 e-mailben t\u00e1j\u00e9koztatja a Vev\u0151t rendel\u00e9se befogad\u00e1s\u00e1r\u00f3l, amely egyben a rendel\u00e9s visszaigazol\u00e1s\u00e1t is jelenti, valamint csomagja \u00f6sszek\u00e9sz\u00edt\u00e9s\u00e9t k\u00f6vet\u0151en a sz\u00e1ll\u00edt\u00f3 partner r\u00e9sz\u00e9re t\u00f6rt\u00e9n\u0151 \u00e1tad\u00e1sr\u00f3l. Elad\u00f3 a sz\u00e1ll\u00edt\u00e1st kiz\u00e1r\u00f3lag magyarorsz\u00e1gi c\u00edmre teljes\u00edti.<\/p>\n\n\n\n<p>Az Elad\u00f3t\u00f3l v\u00e1s\u00e1rolt term\u00e9k eset\u00e9n a csomag k\u00e9zbes\u00edt\u00e9se el\u0151tt a csomagsz\u00e1ll\u00edt\u00f3 c\u00e9g a Vev\u0151 \u00e1ltal megadott e-mail c\u00edmre a k\u00e9zbes\u00edt\u00e9s id\u0151pontj\u00e1r\u00f3l k\u00fcld meger\u0151s\u00edt\u00e9st.<\/p>\n\n\n\n<p>Az Elad\u00f3 \u00e1ltali \u00e9rt\u00e9kes\u00edt\u00e9s teljes\u00edt\u00e9s\u00e9nek napja: Az \u00e1ltal\u00e1nos forgalmi ad\u00f3r\u00f3l sz\u00f3l\u00f3 2007. \u00e9vi CXXVII. t\u00f6rv\u00e9ny szerinti teljes\u00edt\u00e9s napj\u00e1nak a csomagsz\u00e1ll\u00edt\u00e1st v\u00e9gz\u0151 c\u00e9gnek t\u00f6rt\u00e9n\u0151 informatikai \u00e1tad\u00e1s napja min\u0151s\u00fcl.<\/p>\n\n\n\n<p>Ha Elad\u00f3 a szerz\u0151d\u00e9sben v\u00e1llalt k\u00f6telezetts\u00e9g\u00e9t az\u00e9rt nem teljes\u00edti, mert a szerz\u0151d\u00e9sben meghat\u00e1rozott term\u00e9k nem \u00e1ll rendelkez\u00e9s\u00e9re, k\u00f6teles err\u0151l Vev\u0151t halad\u00e9ktalanul t\u00e1j\u00e9koztatni, valamint Vev\u0151 \u00e1ltal fizetett \u00f6sszeget halad\u00e9ktalanul, de legk\u00e9s\u0151bb 14 napon bel\u00fcl visszat\u00e9r\u00edteni.<\/p>\n\n\n\n<p>Elad\u00f3 nem v\u00e1llal felel\u0151ss\u00e9get az esetleges technikai ismertet\u0151k, le\u00edr\u00e1sok, a besz\u00e1ll\u00edt\u00f3, csomagsz\u00e1ll\u00edt\u00f3 c\u00e9g vagy rajta k\u00edv\u00fcl \u00e1ll\u00f3 okok miatt t\u00f6rt\u00e9n\u0151 el\u0151zetes bejelent\u00e9s n\u00e9lk\u00fcli v\u00e1ltoz\u00e1sa miatt. Elad\u00f3 fenntartja a jogot a m\u00e1r visszaigazolt megrendel\u00e9sek visszautas\u00edt\u00e1s\u00e1ra r\u00e9szben, vagy teljes eg\u00e9szben. R\u00e9szben t\u00f6rt\u00e9n\u0151 teljes\u00edt\u00e9s kiz\u00e1r\u00f3lag Vev\u0151vel t\u00f6rt\u00e9n\u0151 egyeztet\u00e9st k\u00f6vet\u0151en ker\u00fclhet sor. Elad\u00f3 nem v\u00e1llal felel\u0151ss\u00e9get a web\u00e1ruh\u00e1zban megjelen\u00edtett term\u00e9k k\u00e9szlethi\u00e1nya miatt.<\/p>\n\n\n\n<p>Elad\u00f3 nem v\u00e1llal felel\u0151ss\u00e9get az\u00e9rt, ha a rendszer t\u00falterhelts\u00e9ge, az internetkapcsolat megszakad\u00e1sa, vagy b\u00e1rmely m\u00e1s, az Elad\u00f3nak fel nem r\u00f3hat\u00f3 technikai hiba, akad\u00e1ly miatt a v\u00e1s\u00e1rl\u00e1s nem tud megval\u00f3sulni.<\/p>\n\n\n\n<ol class=\"wp-block-list\" start=\"4\">\n<li><strong>el\u00e1ll\u00e1s<\/strong><\/li>\n<\/ol>\n\n\n\n<p>Az el\u00e1ll\u00e1s jog\u00e1t a fogyaszt\u00f3 \u00e9s a v\u00e1llalkoz\u00e1s k\u00f6z\u00f6tti szerz\u0151d\u00e9sek r\u00e9szletes szab\u00e1lyair\u00f3l sz\u00f3l\u00f3 45\/2014. (II. 26.) Korm. rendelet szab\u00e1lyozza.<\/p>\n\n\n\n<p>El\u00e1ll\u00e1si jogra jogosult Vev\u0151 alatt a fogyaszt\u00f3 \u00e9s a v\u00e1llalkoz\u00e1s k\u00f6z\u00f6tti szerz\u0151d\u00e9sek r\u00e9szletes szab\u00e1lyair\u00f3l sz\u00f3l\u00f3 45\/2014. (II.26.) Korm\u00e1ny rendelet alapj\u00e1n a Polg\u00e1ri T\u00f6rv\u00e9nyk\u00f6nyv 2013. \u00e9vi V. t\u00f6rv\u00e9ny 8:1.\u00a7 (1)bekezd\u00e9s 3. pontja alapj\u00e1n meghat\u00e1rozott fogyaszt\u00f3t kell \u00e9rteni \u201efogyaszt\u00f3: a szakm\u00e1ja, \u00f6n\u00e1ll\u00f3 foglalkoz\u00e1sa vagy \u00fczleti tev\u00e9kenys\u00e9ge k\u00f6r\u00e9n k\u00edv\u00fcl elj\u00e1r\u00f3 term\u00e9szetes szem\u00e9ly\u201d.<\/p>\n\n\n\n<p>El\u00e1ll\u00e1si jog<\/p>\n\n\n\n<p><strong>\u00d6n 14 napon bel\u00fcl jogosult indokol\u00e1s n\u00e9lk\u00fcl el\u00e1llni e szerz\u0151d\u00e9st\u0151l<\/strong>. Hasonl\u00f3k\u00e9ppen, ha a szolg\u00e1ltat\u00e1s ny\u00fajt\u00e1s\u00e1ra ir\u00e1nyul\u00f3 szerz\u0151d\u00e9s eset\u00e9n a szerz\u0151d\u00e9s teljes\u00edt\u00e9se megkezd\u0151d\u00f6tt, \u00d6n jogosult 14 napon bel\u00fcl indokol\u00e1s n\u00e9lk\u00fcl felmondani a szerz\u0151d\u00e9st.<\/p>\n\n\n\n<p>Az el\u00e1ll\u00e1si hat\u00e1rid\u0151 a(z)<\/p>\n\n\n\n<p>&#8211; \u00e1ru ad\u00e1sv\u00e9tel\u00e9re ir\u00e1nyul\u00f3 szerz\u0151d\u00e9s eset\u00e9ben: att\u00f3l a napt\u00f3l sz\u00e1m\u00edtott 14 nap eltelt\u00e9vel j\u00e1r le, amelyen \u00d6n vagy az \u00d6n \u00e1ltal megjel\u00f6lt, a fuvaroz\u00f3t\u00f3l elt\u00e9r\u0151 harmadik szem\u00e9ly az \u00e1rut \u00e1tveszi.;<\/p>\n\n\n\n<p>&#8211; t\u00f6bb \u00e1ru szolg\u00e1ltat\u00e1sakor: att\u00f3l a napt\u00f3l sz\u00e1m\u00edtott 14 nap eltelt\u00e9vel j\u00e1r le, amelyen \u00d6n vagy az \u00d6n \u00e1ltal megjel\u00f6lt, a fuvaroz\u00f3t\u00f3l elt\u00e9r\u0151 harmadik szem\u00e9ly az utols\u00f3 \u00e1rut \u00e1tveszi.;<\/p>\n\n\n\n<p>&#8211; t\u00f6bb t\u00e9telb\u0151l vagy darabb\u00f3l \u00e1ll\u00f3 \u00e1ru szolg\u00e1ltat\u00e1sakor: amelyen \u00d6n vagy az \u00d6n \u00e1ltal megjel\u00f6lt, a fuvaroz\u00f3t\u00f3l elt\u00e9r\u0151 harmadik szem\u00e9ly az utols\u00f3 t\u00e9telt vagy darabot \u00e1tveszi.;<\/p>\n\n\n\n<p>&#8211; \u00e1ru meghat\u00e1rozott id\u0151szakon bel\u00fcli rendszeres szolg\u00e1ltat\u00e1s\u00e1ra vonatkoz\u00f3 szerz\u0151d\u00e9s eset\u00e9ben: att\u00f3l a napt\u00f3l sz\u00e1m\u00edtott 14 nap eltelt\u00e9vel j\u00e1r le, amelyen \u00d6n vagy az \u00d6n \u00e1ltal megjel\u00f6lt, a fuvaroz\u00f3t\u00f3l elt\u00e9r\u0151 harmadik szem\u00e9ly \u00e1tveszi az els\u0151 \u00e1rut;<\/p>\n\n\n\n<p>Ha \u00d6n el\u00e1ll\u00e1si jog\u00e1val \u00e9lni k\u00edv\u00e1n, el\u00e1ll\u00e1si sz\u00e1nd\u00e9k\u00e1t tartalmaz\u00f3 egy\u00e9rtelm\u0171 nyilatkozat\u00e1t k\u00f6teles eljuttatni (p\u00e9ld\u00e1ul post\u00e1n vagy elektronikus \u00faton k\u00fcld\u00f6tt lev\u00e9l \u00fatj\u00e1n) az al\u00e1bbi postai c\u00edmre: <strong>Safety Lift Korl\u00e1tolt Felel\u0151ss\u00e9g\u0171 T\u00e1rsas\u00e1g<\/strong>, <strong>2145 Kerepes, Esze Tam\u00e1s utca 48<\/strong>., vagy e-mail c\u00edmre: <strong>info@lifting-safety.com<\/strong>.<\/p>\n\n\n\n<p>\u00d6n minden esetben jogosult a 45\/2014. (II.26.) Korm\u00e1ny rendelet 2. sz\u00e1m\u00fa mell\u00e9klete szerinti nyilatkozat mint\u00e1t haszn\u00e1lni abban az esetben, ha el\u00e1ll\u00e1si jog\u00e1t szeretn\u00e9 gyakorolni.<\/p>\n\n\n\n<p>\u00d6n hat\u00e1rid\u0151ben gyakorolja el\u00e1ll\u00e1si jog\u00e1t, ha a fent megjel\u00f6lt hat\u00e1rid\u0151 lej\u00e1rta el\u0151tt elk\u00fcldi el\u00e1ll\u00e1si nyilatkozat\u00e1t.<\/p>\n\n\n\n<p>Az el\u00e1ll\u00e1s joghat\u00e1sai<\/p>\n\n\n\n<p>Ha \u00d6n el\u00e1ll ett\u0151l a szerz\u0151d\u00e9st\u0151l, halad\u00e9ktalanul, de legk\u00e9s\u0151bb az \u00d6n el\u00e1ll\u00e1si nyilatkozat\u00e1nak k\u00e9zhezv\u00e9tel\u00e9t\u0151l sz\u00e1m\u00edtott 14 napon bel\u00fcl visszat\u00e9r\u00edtj\u00fck az \u00d6n \u00e1ltal teljes\u00edtett valamennyi ellenszolg\u00e1ltat\u00e1st, ide\u00e9rtve a fuvaroz\u00e1si k\u00f6lts\u00e9get is (kiv\u00e9ve azokat a t\u00f6bbletk\u00f6lts\u00e9geket, amelyek amiatt mer\u00fcltek fel, hogy \u00d6n az \u00e1ltalunk felk\u00edn\u00e1lt, legolcs\u00f3bb szok\u00e1sos fuvaroz\u00e1si m\u00f3dt\u00f3l elt\u00e9r\u0151 fuvaroz\u00e1si m\u00f3dot v\u00e1lasztott.) A visszat\u00e9r\u00edt\u00e9s sor\u00e1n az eredeti \u00fcgylet sor\u00e1n alkalmazott fizet\u00e9si m\u00f3ddal egyez\u0151 fizet\u00e9si m\u00f3dot alkalmazunk, kiv\u00e9ve, ha \u00d6n m\u00e1s fizet\u00e9si m\u00f3d ig\u00e9nybev\u00e9tel\u00e9hez kifejezetten a hozz\u00e1j\u00e1rul\u00e1s\u00e1t adja; e visszat\u00e9r\u00edt\u00e9si m\u00f3d alkalmaz\u00e1s\u00e1b\u00f3l kifoly\u00f3lag \u00d6nt semmilyen t\u00f6bbletk\u00f6lts\u00e9g nem terheli.<\/p>\n\n\n\n<p>\u00c1ru ad\u00e1sv\u00e9tel\u00e9re ir\u00e1nyul\u00f3 szerz\u0151d\u00e9s eset\u00e9ben a visszat\u00e9r\u00edt\u00e9st mindaddig visszatarthatjuk, am\u00edg vissza nem kaptuk az \u00e1rut, vagy \u00d6n nem igazolta, hogy azt visszak\u00fcldte: a kett\u0151 k\u00f6z\u00fcl a kor\u00e1bbi id\u0151pontot kell figyelembe venni.<\/p>\n\n\n\n<p>Ha a fogyaszt\u00f3 a szerz\u0151d\u00e9s alapj\u00e1n \u00e1rut vett \u00e1t:<\/p>\n\n\n\n<p>\u2013 \u00d6n k\u00f6teles sz\u00e1munkra sz\u00e1m\u00e1ra az \u00e1rut indokolatlan k\u00e9sedelem n\u00e9lk\u00fcl, de legk\u00e9s\u0151bb el\u00e1ll\u00e1si nyilatkozat\u00e1nak k\u00f6zl\u00e9s\u00e9t\u0151l sz\u00e1m\u00edtott 14 napon bel\u00fcl visszak\u00fcldeni. A hat\u00e1rid\u0151 betartottnak min\u0151s\u00fcl, ha a 14 napos hat\u00e1rid\u0151 letelte el\u0151tt elk\u00fcldi az \u00e1rut.<\/p>\n\n\n\n<p>&#8211; Az \u00e1ru visszak\u00fcld\u00e9s\u00e9nek k\u00f6zvetlen k\u00f6lts\u00e9g\u00e9t \u00d6n viseli, amennyiben az \u00e1ru jelleg\u00e9b\u0151l ad\u00f3d\u00f3an postai k\u00fcldem\u00e9nyk\u00e9nt nem adhat\u00f3 fel: a fuvaroz\u00e1si k\u00f6lts\u00e9get viseli \u00d6n.<\/p>\n\n\n\n<p>&#8211; Az \u00e1ruban bek\u00f6vetkezett \u00e9rt\u00e9kcs\u00f6kken\u00e9s\u00e9rt \u00d6n felel\u0151ss\u00e9gre vonhat\u00f3, amennyiben az az \u00e1ru jelleg\u00e9nek, tulajdons\u00e1gainak \u00e9s m\u0171k\u00f6d\u00e9s\u00e9nek meg\u00e1llap\u00edt\u00e1s\u00e1hoz sz\u00fcks\u00e9ges haszn\u00e1latot meghalad\u00f3 haszn\u00e1lat miatt k\u00f6vetkezett be.<\/p>\n\n\n\n<ol class=\"wp-block-list\" start=\"5\">\n<li><strong>kell\u00e9kszavatoss\u00e1gr\u00f3l, a term\u00e9kszavatoss\u00e1g \u00e9s a j\u00f3t\u00e1ll\u00e1s<\/strong><\/li>\n<\/ol>\n\n\n\n<ul class=\"wp-block-list\">\n<li>Kell\u00e9kszavatoss\u00e1g<\/li>\n<\/ul>\n\n\n\n<p>Milyen esetben \u00e9lhet \u00d6n a kell\u00e9kszavatoss\u00e1gi jog\u00e1val?<\/p>\n\n\n\n<p>\u00d6n a(z) Elad\u00f3 (Safety Lift Kft.) hib\u00e1s teljes\u00edt\u00e9se eset\u00e9n a v\u00e1llalkoz\u00e1ssal szemben kell\u00e9kszavatoss\u00e1gi ig\u00e9nyt \u00e9rv\u00e9nyes\u00edthet a Polg\u00e1ri T\u00f6rv\u00e9nyk\u00f6nyv szab\u00e1lyai szerint.<\/p>\n\n\n\n<p>Milyen jogok illetik meg \u00d6nt kell\u00e9kszavatoss\u00e1gi ig\u00e9nye alapj\u00e1n?<\/p>\n\n\n\n<p>\u00d6n \u2013 v\u00e1laszt\u00e1sa szerint \u2013 az al\u00e1bbi kell\u00e9kszavatoss\u00e1gi ig\u00e9nyekkel \u00e9lhet:<\/p>\n\n\n\n<p>K\u00e9rhet kijav\u00edt\u00e1st vagy kicser\u00e9l\u00e9st, kiv\u00e9ve, ha az ezek k\u00f6z\u00fcl az \u00d6n \u00e1ltal v\u00e1lasztott ig\u00e9ny teljes\u00edt\u00e9se lehetetlen vagy a v\u00e1llalkoz\u00e1s sz\u00e1m\u00e1ra m\u00e1s ig\u00e9nye teljes\u00edt\u00e9s\u00e9hez k\u00e9pest ar\u00e1nytalan t\u00f6bbletk\u00f6lts\u00e9ggel j\u00e1rna. Ha a kijav\u00edt\u00e1st vagy a kicser\u00e9l\u00e9st nem k\u00e9rte, illetve nem k\u00e9rhette, \u00fagy ig\u00e9nyelheti az ellenszolg\u00e1ltat\u00e1s ar\u00e1nyos lesz\u00e1ll\u00edt\u00e1s\u00e1t, vagy a hib\u00e1t a v\u00e1llalkoz\u00e1s k\u00f6lts\u00e9g\u00e9re \u00d6n is kijav\u00edthatja, illetve m\u00e1ssal kijav\u00edttathatja, vagy \u2013 v\u00e9gs\u0151 esetben \u2013 a szerz\u0151d\u00e9st\u0151l is el\u00e1llhat. Fogyaszt\u00f3 \u00e9s v\u00e1llalkoz\u00e1s k\u00f6z\u00f6tti \u2013 ing\u00f3 dolognak min\u0151s\u00fcl\u0151 \u00e1ru ad\u00e1sv\u00e9tel\u00e9re, digit\u00e1lis tartalom szolg\u00e1ltat\u00e1s\u00e1ra vagy digit\u00e1lis szolg\u00e1ltat\u00e1sok ny\u00fajt\u00e1s\u00e1ra ir\u00e1nyul\u00f3 \u2013 szerz\u0151d\u00e9s eset\u00e9n \u00d6n a kell\u00e9kszavatoss\u00e1gi jogai gyakorl\u00e1sa keret\u00e9ben a hib\u00e1t a v\u00e1llalkoz\u00e1s k\u00f6lts\u00e9g\u00e9re maga nem jav\u00edthatja ki, illetve m\u00e1ssal sem jav\u00edttathatja ki azt. V\u00e1lasztott kell\u00e9kszavatoss\u00e1gi jog\u00e1r\u00f3l egy m\u00e1sikra is \u00e1tt\u00e9rhet, az \u00e1tt\u00e9r\u00e9s k\u00f6lts\u00e9g\u00e9t azonban \u00d6n viseli, kiv\u00e9ve, ha az indokolt volt, vagy arra a v\u00e1llalkoz\u00e1s adott okot.<\/p>\n\n\n\n<p>Milyen hat\u00e1rid\u0151ben \u00e9rv\u00e9nyes\u00edtheti \u00d6n kell\u00e9kszavatoss\u00e1gi ig\u00e9ny\u00e9t?<\/p>\n\n\n\n<p>\u00d6n k\u00f6teles a hib\u00e1t annak felfedez\u00e9se ut\u00e1n halad\u00e9ktalanul, de nem k\u00e9s\u0151bb, mint a hiba felfedez\u00e9s\u00e9t\u0151l sz\u00e1m\u00edtott kett\u0151 h\u00f3napon bel\u00fcl k\u00f6z\u00f6lni. Ugyanakkor felh\u00edvom a figyelm\u00e9t, hogy a szerz\u0151d\u00e9s teljes\u00edt\u00e9s\u00e9t\u0151l sz\u00e1m\u00edtott k\u00e9t \u00e9ves el\u00e9v\u00fcl\u00e9si hat\u00e1rid\u0151n t\u00fal kell\u00e9kszavatoss\u00e1gi jogait m\u00e1r nem \u00e9rv\u00e9nyes\u00edtheti.<\/p>\n\n\n\n<p>Kivel szemben \u00e9rv\u00e9nyes\u00edtheti kell\u00e9kszavatoss\u00e1gi ig\u00e9ny\u00e9t?<\/p>\n\n\n\n<p>\u00d6n a v\u00e1llalkoz\u00e1ssal szemben \u00e9rv\u00e9nyes\u00edtheti kell\u00e9kszavatoss\u00e1gi ig\u00e9ny\u00e9t.<\/p>\n\n\n\n<p>Milyen egy\u00e9b felt\u00e9tele van kell\u00e9kszavatoss\u00e1gi jogai \u00e9rv\u00e9nyes\u00edt\u00e9s\u00e9nek?<\/p>\n\n\n\n<p>A teljes\u00edt\u00e9st\u0151l sz\u00e1m\u00edtott egy \u00e9ven bel\u00fcl a kell\u00e9kszavatoss\u00e1gi ig\u00e9nye \u00e9rv\u00e9nyes\u00edt\u00e9s\u00e9nek a hiba k\u00f6zl\u00e9s\u00e9n t\u00fal nincs egy\u00e9b felt\u00e9tele, ha \u00d6n igazolja, hogy a term\u00e9ket, illetve a szolg\u00e1ltat\u00e1st a Safety Lift Kft. v\u00e1llalkoz\u00e1s ny\u00fajtotta. A teljes\u00edt\u00e9st\u0151l sz\u00e1m\u00edtott egy \u00e9v eltelte ut\u00e1n azonban m\u00e1r \u00d6n k\u00f6teles bizony\u00edtani, hogy az \u00d6n \u00e1ltal felismert hiba m\u00e1r a teljes\u00edt\u00e9s id\u0151pontj\u00e1ban is megvolt.<\/p>\n\n\n\n<ul class=\"wp-block-list\">\n<li>&nbsp;Term\u00e9kszavatoss\u00e1g<\/li>\n<\/ul>\n\n\n\n<p>Milyen esetben \u00e9lhet \u00d6n a term\u00e9kszavatoss\u00e1gi jog\u00e1val?<\/p>\n\n\n\n<p>Ing\u00f3 dolog (term\u00e9k) hib\u00e1ja eset\u00e9n \u00d6n \u2013 v\u00e1laszt\u00e1sa szerint \u2013 az 5.1. pontban meghat\u00e1rozott jog\u00e1t vagy term\u00e9kszavatoss\u00e1gi ig\u00e9nyt \u00e9rv\u00e9nyes\u00edthet.<\/p>\n\n\n\n<p>Milyen jogok illetik meg \u00d6nt term\u00e9kszavatoss\u00e1gi ig\u00e9nye alapj\u00e1n?<\/p>\n\n\n\n<p>Term\u00e9kszavatoss\u00e1gi ig\u00e9nyk\u00e9nt \u00d6n kiz\u00e1r\u00f3lag a hib\u00e1s term\u00e9k kijav\u00edt\u00e1s\u00e1t vagy kicser\u00e9l\u00e9s\u00e9t k\u00e9rheti.<\/p>\n\n\n\n<p>Milyen esetben min\u0151s\u00fcl a term\u00e9k hib\u00e1snak?<\/p>\n\n\n\n<p>A term\u00e9k akkor hib\u00e1s, ha az nem felel meg a forgalomba hozatalakor hat\u00e1lyos min\u0151s\u00e9gi k\u00f6vetelm\u00e9nyeknek vagy pedig, ha nem rendelkezik a gy\u00e1rt\u00f3 \u00e1ltal adott le\u00edr\u00e1sban szerepl\u0151 tulajdons\u00e1gokkal.<\/p>\n\n\n\n<p>Milyen hat\u00e1rid\u0151ben \u00e9rv\u00e9nyes\u00edtheti \u00d6n term\u00e9kszavatoss\u00e1gi ig\u00e9ny\u00e9t?<\/p>\n\n\n\n<p>Term\u00e9kszavatoss\u00e1gi ig\u00e9ny\u00e9t \u00d6n a term\u00e9k gy\u00e1rt\u00f3 \u00e1ltali forgalomba hozatal\u00e1t\u00f3l sz\u00e1m\u00edtott k\u00e9t \u00e9ven bel\u00fcl \u00e9rv\u00e9nyes\u00edtheti. E hat\u00e1rid\u0151 eltelt\u00e9vel e jogosults\u00e1g\u00e1t elveszti.<\/p>\n\n\n\n<p>Kivel szemben \u00e9s milyen egy\u00e9b felt\u00e9tellel \u00e9rv\u00e9nyes\u00edtheti term\u00e9kszavatoss\u00e1gi ig\u00e9ny\u00e9t?<\/p>\n\n\n\n<p>Term\u00e9kszavatoss\u00e1gi ig\u00e9ny\u00e9t kiz\u00e1r\u00f3lag az ing\u00f3 dolog gy\u00e1rt\u00f3j\u00e1val vagy forgalmaz\u00f3j\u00e1val szemben gyakorolhatja. A term\u00e9k hib\u00e1j\u00e1t term\u00e9kszavatoss\u00e1gi ig\u00e9ny \u00e9rv\u00e9nyes\u00edt\u00e9se eset\u00e9n \u00d6nnek kell bizony\u00edtania.<\/p>\n\n\n\n<p>A gy\u00e1rt\u00f3 (forgalmaz\u00f3) milyen esetben mentes\u00fcl term\u00e9kszavatoss\u00e1gi k\u00f6telezetts\u00e9ge al\u00f3l?<\/p>\n\n\n\n<p>A gy\u00e1rt\u00f3 (forgalmaz\u00f3) kiz\u00e1r\u00f3lag akkor mentes\u00fcl term\u00e9kszavatoss\u00e1gi k\u00f6telezetts\u00e9ge al\u00f3l, ha bizony\u00edtani tudja, hogy:<\/p>\n\n\n\n<p>\u2013 a term\u00e9ket nem \u00fczleti tev\u00e9kenys\u00e9ge k\u00f6r\u00e9ben gy\u00e1rtotta, illetve hozta forgalomba, vagy<\/p>\n\n\n\n<p>\u2013 a hiba a tudom\u00e1ny \u00e9s a technika \u00e1ll\u00e1sa szerint a forgalomba hozatal id\u0151pontj\u00e1ban nem volt felismerhet\u0151 vagy<\/p>\n\n\n\n<p>\u2013 a term\u00e9k hib\u00e1ja jogszab\u00e1ly vagy k\u00f6telez\u0151 hat\u00f3s\u00e1gi el\u0151\u00edr\u00e1s alkalmaz\u00e1s\u00e1b\u00f3l ered.<\/p>\n\n\n\n<p>A gy\u00e1rt\u00f3nak (forgalmaz\u00f3nak) a mentes\u00fcl\u00e9shez elegend\u0151 egy okot bizony\u00edtania.<\/p>\n\n\n\n<p>Felh\u00edvom figyelm\u00e9t, hogy ugyanazon hiba miatt kell\u00e9kszavatoss\u00e1gi \u00e9s term\u00e9kszavatoss\u00e1gi ig\u00e9nyt egyszerre, egym\u00e1ssal p\u00e1rhuzamosan nem \u00e9rv\u00e9nyes\u00edthet. Term\u00e9kszavatoss\u00e1gi ig\u00e9ny\u00e9nek eredm\u00e9nyes \u00e9rv\u00e9nyes\u00edt\u00e9se eset\u00e9n azonban a kicser\u00e9lt term\u00e9kre, illetve kijav\u00edtott r\u00e9szre vonatkoz\u00f3 kell\u00e9kszavatoss\u00e1gi ig\u00e9ny\u00e9t a gy\u00e1rt\u00f3val szemben \u00e9rv\u00e9nyes\u00edtheti.<\/p>\n\n\n\n<ol class=\"wp-block-list\" start=\"3\">\n<li>J\u00f3t\u00e1ll\u00e1s<\/li>\n<\/ol>\n\n\n\n<p>A Polg\u00e1ri T\u00f6rv\u00e9nyk\u00f6nyvr\u0151l sz\u00f3l\u00f3 2013. \u00e9vi V. t\u00f6rv\u00e9ny (Ptk.) \u00e9s az egyes tart\u00f3s fogyaszt\u00e1si cikkekre vonatkoz\u00f3 k\u00f6telez\u0151 j\u00f3t\u00e1ll\u00e1sr\u00f3l sz\u00f3l\u00f3 151\/2003. (IX.22.) Korm. rendelet alapj\u00e1n egyes tart\u00f3s fogyaszt\u00e1sra rendelt term\u00e9kekre az Elad\u00f3 k\u00f6teles j\u00f3t\u00e1ll\u00e1st v\u00e1llalni.&nbsp;&nbsp;&nbsp;&nbsp;&nbsp;&nbsp;&nbsp;<\/p>\n\n\n\n<p>A Ptk. szerinti fogyaszt\u00f3 (term\u00e9szetes szem\u00e9ly) a j\u00f3t\u00e1ll\u00e1sb\u00f3l ered\u0151 jogokat az al\u00e1bbiak szerint \u00e9rv\u00e9nyes\u00edtheti:<\/p>\n\n\n\n<p>A j\u00f3t\u00e1ll\u00e1sb\u00f3l ered\u0151 jogok a j\u00f3t\u00e1ll\u00e1si jeggyel a v\u00e1s\u00e1rl\u00e1st\u00f3l (t\u00e1voll\u00e9v\u0151k k\u00f6z\u00f6tt k\u00f6t\u00f6tt szerz\u0151d\u00e9s eset\u00e9ben az \u00e1tv\u00e9telt\u0151l) sz\u00e1m\u00edtott vonatkoz\u00f3 j\u00f3t\u00e1ll\u00e1si bel\u00fcl \u00e9rv\u00e9nyes\u00edthet\u0151ek. A j\u00f3t\u00e1ll\u00e1si id\u0151 10.000,- Ft \u2013 100.000,- Ft k\u00f6z\u00f6tti v\u00e9tel\u00e1ru term\u00e9kek eset\u00e9n 1 \u00e9v, 100.001,- Ft \u00e9s 250.000,- Ft k\u00f6z\u00f6tti v\u00e9tel\u00e1ru term\u00e9kek eset\u00e9n 2 \u00e9v, 250.000,- Ft feletti v\u00e9tel\u00e1ru term\u00e9kek eset\u00e9n 3 \u00e9v. A j\u00f3t\u00e1ll\u00e1si jegy hi\u00e1ny\u00e1ban, a j\u00f3t\u00e1ll\u00e1sb\u00f3l ered\u0151 jogok a term\u00e9k ellen\u00e9rt\u00e9k\u00e9nek megfizet\u00e9s\u00e9t igazol\u00f3 bizonylat &#8211; az \u00e1ltal\u00e1nos forgalmi ad\u00f3r\u00f3l sz\u00f3l\u00f3 t\u00f6rv\u00e9ny alapj\u00e1n kibocs\u00e1tott sz\u00e1mla vagy nyugta \u2013 bemutat\u00e1s\u00e1val is \u00e9rv\u00e9nyes\u00edthet\u0151ek.&nbsp; E hat\u00e1rid\u0151k elmulaszt\u00e1sa jogveszt\u00e9ssel j\u00e1r. A fogyaszt\u00e1si cikk kijav\u00edt\u00e1sa eset\u00e9n a j\u00f3t\u00e1ll\u00e1s id\u0151tartama meghosszabbodik a jav\u00edt\u00e1sra \u00e1tad\u00e1s napj\u00e1t\u00f3l kezdve azzal az id\u0151vel, amely alatt a fogyaszt\u00f3 a fogyaszt\u00e1si cikket a hiba miatt rendeltet\u00e9sszer\u0171en nem haszn\u00e1lhatta.<\/p>\n\n\n\n<p>3.1. J\u00f3t\u00e1ll\u00e1si ig\u00e9ny bejelent\u00e9s\u00e9nek m\u00f3dja:<\/p>\n\n\n\n<p>&nbsp;&nbsp;&nbsp;&nbsp;&nbsp;&nbsp;&nbsp;&nbsp;&nbsp;&nbsp;&nbsp; &#8211; postai \u00faton (Safety Lift Korl\u00e1tolt Felel\u0151ss\u00e9g\u0171 T\u00e1rsas\u00e1g, 2145 Kerepes, Esze Tam\u00e1s utca 48.)<\/p>\n\n\n\n<p>&nbsp;&nbsp;&nbsp;&nbsp;&nbsp;&nbsp;&nbsp; &nbsp;&nbsp;&nbsp;&nbsp;&#8211; elektronikus lev\u00e9lben (<a href=\"mailto:info@lifting-safety.com\">info@lifting-safety.com<\/a> e-mail c\u00edmen)<\/p>\n\n\n\n<p>A j\u00f3t\u00e1ll\u00e1si jog \u00e9rv\u00e9nyes\u00edt\u00e9se sor\u00e1n a fogyaszt\u00f3 v\u00e1laszt\u00e1sa szerint:<\/p>\n\n\n\n<p>a) kijav\u00edt\u00e1st vagy kicser\u00e9l\u00e9st ig\u00e9nyelhet, kiv\u00e9ve, ha a v\u00e1lasztott kell\u00e9kszavatoss\u00e1gi jog teljes\u00edt\u00e9se lehetetlen, vagy ha az a k\u00f6telezettnek \u2013 m\u00e1sik kell\u00e9kszavatoss\u00e1gi ig\u00e9ny teljes\u00edt\u00e9s\u00e9vel \u00f6sszehasonl\u00edtva \u2013 ar\u00e1nytalan t\u00f6bbletk\u00f6lts\u00e9get eredm\u00e9nyezne. Figyelembe kell venni ilyenkor a szolg\u00e1ltat\u00e1s hib\u00e1tlan \u00e1llapotban k\u00e9pviselt \u00e9rt\u00e9k\u00e9t, a szerz\u0151d\u00e9sszeg\u00e9s s\u00faly\u00e1t \u00e9s a kell\u00e9kszavatoss\u00e1gi jog teljes\u00edt\u00e9s\u00e9vel a jogosultnak okozott \u00e9rdeks\u00e9relmet.<\/p>\n\n\n\n<p>b) k\u00e9rheti az ellenszolg\u00e1ltat\u00e1s ar\u00e1nyos lesz\u00e1ll\u00edt\u00e1s\u00e1t is a szerz\u0151d\u00e9st\u0151l el\u00e1llhat, ha a k\u00f6telezett a kijav\u00edt\u00e1st vagy a kicser\u00e9l\u00e9st nem v\u00e1llalta, e k\u00f6telezetts\u00e9g\u00e9nek megfelel\u0151 hat\u00e1rid\u0151vel nem tud eleget tenni, vagy ha a jogosultnak a kijav\u00edt\u00e1shoz vagy kicser\u00e9l\u00e9shez f\u0171z\u0151d\u0151 \u00e9rdeke megsz\u0171nt. Ptk. 6:159. \u00a7 (2a) bekezd\u00e9se alapj\u00e1n fogyaszt\u00f3 \u00e9s v\u00e1llalkoz\u00e1s k\u00f6z\u00f6tti &#8211; ing\u00f3 dolognak min\u0151s\u00fcl\u0151 \u00e1ru ad\u00e1sv\u00e9tel\u00e9re, digit\u00e1lis tartalom szolg\u00e1ltat\u00e1s\u00e1ra vagy digit\u00e1lis szolg\u00e1ltat\u00e1sok ny\u00fajt\u00e1s\u00e1ra ir\u00e1nyul\u00f3 &#8211; szerz\u0151d\u00e9s eset\u00e9n a fogyaszt\u00f3 kell\u00e9kszavatoss\u00e1gi jogai gyakorl\u00e1sa keret\u00e9ben a hib\u00e1t a k\u00f6telezett k\u00f6lts\u00e9g\u00e9re maga nem jav\u00edthatja ki, illetve m\u00e1ssal sem jav\u00edttathatja ki azt.<\/p>\n\n\n\n<p>Jelent\u00e9ktelen hiba miatt el\u00e1ll\u00e1snak nincs helye. A fogyaszt\u00f3 a v\u00e1lasztott kell\u00e9kszavatoss\u00e1gi jog\u00e1r\u00f3l m\u00e1sikra t\u00e9rhet \u00e1t. Az \u00e1tt\u00e9r\u00e9ssel okozott k\u00f6lts\u00e9get k\u00f6teles a k\u00f6telezettnek megfizetni, kiv\u00e9ve, ha az \u00e1tt\u00e9r\u00e9sre a k\u00f6telezett adott okot, vagy az \u00e1tt\u00e9r\u00e9s egy\u00e9bk\u00e9nt indokolt volt.<\/p>\n\n\n\n<p>A term\u00e9k kijav\u00edt\u00e1sa eset\u00e9n a j\u00f3t\u00e1ll\u00e1s id\u0151tartama meghosszabbodik a jav\u00edt\u00e1sra \u00e1tad\u00e1s napj\u00e1t\u00f3l kezdve azzal az id\u0151vel, amely alatt a fogyaszt\u00f3 a fogyaszt\u00e1si cikket a hiba miatt rendeltet\u00e9sszer\u0171en nem haszn\u00e1lhatta. A j\u00f3t\u00e1ll\u00e1si jog \u00e9rv\u00e9nyes\u00edt\u00e9s\u00e9vel kapcsolatos k\u00f6lts\u00e9gek a k\u00f6telezettet terhelik.<\/p>\n\n\n\n<p>A fogyaszt\u00f3nak jog\u00e1ban \u00e1ll a term\u00e9k azonnali cser\u00e9j\u00e9t k\u00e9rni, amennyiben a v\u00e1s\u00e1rl\u00e1s id\u0151pontj\u00e1t\u00f3l sz\u00e1m\u00edtott 3 munkanapon bel\u00fcl a term\u00e9k meghib\u00e1sodik.<\/p>\n\n\n\n<p>A j\u00f3t\u00e1ll\u00e1si jog \u00e9rv\u00e9nyes\u00edt\u00e9se sor\u00e1n t\u00f6rekednie kell a k\u00f6telezettnek arra, hogy a jav\u00edt\u00e1st\/cser\u00e9t 15 napon bel\u00fcl elv\u00e9gezze. Ha a kijav\u00edt\u00e1s vagy a kicser\u00e9l\u00e9s id\u0151tartama a tizen\u00f6t napot meghaladja, akkor a v\u00e1llalkoz\u00e1s a fogyaszt\u00f3t t\u00e1j\u00e9koztatni k\u00f6teles a kijav\u00edt\u00e1s vagy a csere v\u00e1rhat\u00f3 id\u0151tartam\u00e1r\u00f3l. A kijav\u00edt\u00e1st vagy kicser\u00e9l\u00e9st \u2013 a dolog tulajdons\u00e1gaira \u00e9s a jogosult \u00e1ltal elv\u00e1rhat\u00f3 rendeltet\u00e9s\u00e9re figyelemmel \u2013 megfelel\u0151 hat\u00e1rid\u0151n bel\u00fcl, a jogosult \u00e9rdekeit k\u00edm\u00e9lve kell elv\u00e9gezni.<\/p>\n\n\n\n<p>Ha a j\u00f3t\u00e1ll\u00e1si id\u0151tartam alatt a term\u00e9k els\u0151 alkalommal t\u00f6rt\u00e9n\u0151 jav\u00edt\u00e1sa sor\u00e1n meg\u00e1llap\u00edt\u00e1st nyer, hogy a term\u00e9k nem jav\u00edthat\u00f3, a fogyaszt\u00f3 elt\u00e9r\u0151 rendelkez\u00e9se hi\u00e1ny\u00e1ban az Elad\u00f3 k\u00f6teles a term\u00e9ket nyolc napon bel\u00fcl kicser\u00e9lni. Ha a term\u00e9k cser\u00e9j\u00e9re nincs lehet\u0151s\u00e9g, az Elad\u00f3 k\u00f6teles a v\u00e9tel\u00e1rat nyolc napon bel\u00fcl a fogyaszt\u00f3 r\u00e9sz\u00e9re visszat\u00e9r\u00edteni.<\/p>\n\n\n\n<p>Ha a j\u00f3t\u00e1ll\u00e1si id\u0151tartam alatt a term\u00e9k h\u00e1rom alkalommal t\u00f6rt\u00e9n\u0151 kijav\u00edt\u00e1st k\u00f6vet\u0151en ism\u00e9t meghib\u00e1sodik &#8211; a fogyaszt\u00f3 elt\u00e9r\u0151 rendelkez\u00e9se hi\u00e1ny\u00e1ban -, valamint ha a Polg\u00e1ri T\u00f6rv\u00e9nyk\u00f6nyvr\u0151l sz\u00f3l\u00f3 2013. \u00e9vi V. t\u00f6rv\u00e9ny 6:159. \u00a7 (2) bekezd\u00e9s b) pontja alapj\u00e1n a fogyaszt\u00f3 nem ig\u00e9nyli a v\u00e9tel\u00e1r ar\u00e1nyos lesz\u00e1ll\u00edt\u00e1s\u00e1t, \u00e9s a fogyaszt\u00f3 nem k\u00edv\u00e1nja a term\u00e9ket az Elad\u00f3 k\u00f6lts\u00e9g\u00e9re kijav\u00edtani vagy m\u00e1ssal kijav\u00edttatni, az Elad\u00f3 k\u00f6teles a term\u00e9ket nyolc napon bel\u00fcl kicser\u00e9lni. Ha a term\u00e9k kicser\u00e9l\u00e9s\u00e9re nincs lehet\u0151s\u00e9g, az Elad\u00f3 k\u00f6teles a v\u00e9tel\u00e1rat nyolc napon bel\u00fcl a fogyaszt\u00f3 r\u00e9sz\u00e9re visszat\u00e9r\u00edteni.<\/p>\n\n\n\n<p>&nbsp;Ha a term\u00e9k kijav\u00edt\u00e1sra a kijav\u00edt\u00e1si ig\u00e9ny Elad\u00f3 r\u00e9sz\u00e9re val\u00f3 k\u00f6zl\u00e9s\u00e9t\u0151l sz\u00e1m\u00edtott harmincadik napig nem ker\u00fcl sor, &#8211; a fogyaszt\u00f3 elt\u00e9r\u0151 rendelkez\u00e9se hi\u00e1ny\u00e1ban &#8211; az Elad\u00f3 k\u00f6teles a term\u00e9ket a harmincnapos hat\u00e1rid\u0151 eredm\u00e9nytelen eltelt\u00e9t k\u00f6vet\u0151 nyolc napon bel\u00fcl kicser\u00e9lni. Ha a term\u00e9k cser\u00e9j\u00e9re nincs lehet\u0151s\u00e9g, az Elad\u00f3 k\u00f6teles a v\u00e9tel\u00e1rat a harmincnapos kijav\u00edt\u00e1si hat\u00e1rid\u0151 eredm\u00e9nytelen eltelt\u00e9t k\u00f6vet\u0151 nyolc napon bel\u00fcl a fogyaszt\u00f3 r\u00e9sz\u00e9re visszat\u00e9r\u00edteni.<\/p>\n\n\n\n<p>A r\u00f6gz\u00edtett bek\u00f6t\u00e9s\u0171, illetve a 10 kg-n\u00e1l s\u00falyosabb, vagy t\u00f6megk\u00f6zleked\u00e9si eszk\u00f6z\u00f6n k\u00e9zi csomagk\u00e9nt nem sz\u00e1ll\u00edthat\u00f3 fogyaszt\u00e1si cikket &#8211; a j\u00e1rm\u0171vek kiv\u00e9tel\u00e9vel &#8211; az \u00fczemeltet\u00e9s hely\u00e9n kell megjav\u00edtani. Ha a kijav\u00edt\u00e1s az \u00fczemeltet\u00e9s hely\u00e9n nem v\u00e9gezhet\u0151 el, a le- \u00e9s felszerel\u00e9sr\u0151l, valamint az el- \u00e9s visszasz\u00e1ll\u00edt\u00e1sr\u00f3l a v\u00e1llalkoz\u00e1s, vagy &#8211; a jav\u00edt\u00f3szolg\u00e1latn\u00e1l k\u00f6zvetlen\u00fcl \u00e9rv\u00e9nyes\u00edtett kijav\u00edt\u00e1s ir\u00e1nti ig\u00e9ny eset\u00e9n &#8211; a jav\u00edt\u00f3szolg\u00e1lat gondoskodik.<\/p>\n\n\n\n<p>A kijav\u00edt\u00e1s sor\u00e1n a fogyaszt\u00e1si cikkbe csak \u00faj alkatr\u00e9sz ker\u00fclhet be\u00e9p\u00edt\u00e9sre.<\/p>\n\n\n\n<p>A fogyaszt\u00f3 kijav\u00edt\u00e1s ir\u00e1nti j\u00f3t\u00e1ll\u00e1si ig\u00e9ny\u00e9t k\u00f6zvetlen\u00fcl a j\u00f3t\u00e1ll\u00e1si jegyen felt\u00fcntetett jav\u00edt\u00f3szolg\u00e1latn\u00e1l is \u00e9rv\u00e9nyes\u00edtheti.<\/p>\n\n\n\n<p>Jelen j\u00f3t\u00e1ll\u00e1s a fogyaszt\u00f3 jogszab\u00e1lyb\u00f3l ered\u0151 jogait (k\u00fcl\u00f6n\u00f6sen a term\u00e9kszavatoss\u00e1ggal, kell\u00e9kszavatoss\u00e1ggal \u00f6sszef\u00fcgg\u0151 jogait) nem \u00e9rinti.<\/p>\n\n\n\n<p>A j\u00f3t\u00e1ll\u00e1si ig\u00e9nyt a k\u00f6telezett elutas\u00edthatja, amennyiben az al\u00e1bbiak k\u00f6z\u00fcl b\u00e1rmely eset bizony\u00edthat\u00f3:<\/p>\n\n\n\n<p>A term\u00e9k hib\u00e1ja nem rendeltet\u00e9sszer\u0171 haszn\u00e1lat miatt jelentkezett;<\/p>\n\n\n\n<p>A term\u00e9ket szakszer\u0171tlen\u00fcl helyezt\u00e9k \u00fczembe\/szerelt\u00e9k \u00f6ssze;<\/p>\n\n\n\n<p>A term\u00e9k hib\u00e1j\u00e1t t\u00falfesz\u00fclts\u00e9g, h\u00e1l\u00f3zati hiba, elemi k\u00e1r okozta;<\/p>\n\n\n\n<p>A term\u00e9k hib\u00e1ja m\u00e1r a v\u00e1s\u00e1rl\u00e1skor ismert volt;<\/p>\n\n\n\n<p>A fogyaszt\u00f3 \u00e1ltal jelzett hiba nem \u00e9szlelhet\u0151.<\/p>\n\n\n\n<p>A Ptk. 6:173.\u00a7 (2) bekezd\u00e9se alapj\u00e1n a j\u00f3t\u00e1ll\u00e1si ig\u00e9ny \u00e9rv\u00e9nyes\u00edt\u00e9s\u00e9re egyebekben a kell\u00e9kszavatoss\u00e1gi jogok gyakorl\u00e1s\u00e1ra vonatkoz\u00f3 szab\u00e1lyokat, ide\u00e9rtve k\u00fcl\u00f6n\u00f6sen a Ptk. \u00e9s a 373\/2021.(VI.30.) Korm. rendelet vonatkoz\u00f3 rendelkez\u00e9seit kell megfelel\u0151en alkalmazni.<\/p>\n\n\n\n<p>Amennyiben a fogyaszt\u00f3nak a j\u00f3t\u00e1ll\u00e1ssal kapcsolatos min\u0151s\u00e9gi kifog\u00e1s\u00e1t k\u00f6telezett nem, vagy nem megfelel\u0151en rendezte, a fogyaszt\u00f3 jogosult a v\u00e1rmegyei (f\u0151v\u00e1rosi) kereskedelmi \u00e9s iparkamar\u00e1k \u00e1ltal m\u0171k\u00f6dtetett b\u00e9k\u00e9ltet\u0151 test\u00fclet elj\u00e1r\u00e1s\u00e1t kezdem\u00e9nyezni<\/p>\n\n\n\n<p>Felh\u00edvom a figyelm\u00e9t, hogy ugyanazon hiba miatt kell\u00e9kszavatoss\u00e1gi \u00e9s j\u00f3t\u00e1ll\u00e1si ig\u00e9nyt, illetve term\u00e9kszavatoss\u00e1gi \u00e9s j\u00f3t\u00e1ll\u00e1si ig\u00e9nyt egyszerre, egym\u00e1ssal p\u00e1rhuzamosan nem \u00e9rv\u00e9nyes\u00edthet.<\/p>\n\n\n\n<p>IV. VEGYES RENDELKEZ\u00c9SEK<\/p>\n\n\n\n<p>V\u00e1s\u00e1rl\u00f3 kifejezetten tudom\u00e1sul veszi, hogy szerz\u0151d\u00e9ses nyilatkozata, azaz a web\u00e1ruh\u00e1zb\u00f3l t\u00f6rt\u00e9n\u0151 v\u00e1s\u00e1rl\u00e1s fizet\u00e9si k\u00f6telezetts\u00e9get von maga ut\u00e1n.<\/p>\n\n\n\n<p>Ha a jelen \u00c1SZF b\u00e1rmely r\u00e9sze \u00e9rv\u00e9nytelenn\u00e9, jogtalann\u00e1 vagy \u00e9rv\u00e9nyes\u00edthetetlenn\u00e9 v\u00e1lik, az a fennmarad\u00f3 r\u00e9szek \u00e9rv\u00e9nyess\u00e9g\u00e9t, jogszer\u0171s\u00e9g\u00e9t \u00e9s \u00e9rv\u00e9nyes\u00edthet\u0151s\u00e9g\u00e9t nem \u00e9rinti.<\/p>\n\n\n\n<p>Amennyiben Elad\u00f3 az \u00c1SZF alapj\u00e1n megillet\u0151 jog\u00e1t nem gyakorolja, a joggyakorl\u00e1s elmulaszt\u00e1sa nem tekinthet\u0151 az adott jogr\u00f3l val\u00f3 lemond\u00e1snak. B\u00e1rmilyen jogr\u00f3l t\u00f6rt\u00e9n\u0151 lemond\u00e1s csak az erre vonatkoz\u00f3 kifejezett \u00edr\u00e1sbeli nyilatkozat eset\u00e9n \u00e9rv\u00e9nyes.<\/p>\n\n\n\n<p>V. PANASZKEZEL\u00c9S RENDJE:<\/p>\n\n\n\n<p>1. Panasz\u00fcgyint\u00e9z\u00e9s<\/p>\n\n\n\n<p>Az \u00d6n \u00e1ltala v\u00e1s\u00e1rolt term\u00e9kkel vagy az Elad\u00f3 tev\u00e9kenys\u00e9g\u00e9vel, viselked\u00e9s\u00e9vel, esetleg szakmai hozz\u00e1\u00e9rt\u00e9s\u00e9vel kapcsolatos fogyaszt\u00f3i kifog\u00e1sait a k\u00f6vetkez\u0151 el\u00e9rhet\u0151s\u00e9geken kereszt\u00fcl terjesztheti el\u0151: &nbsp;<\/p>\n\n\n\n<p>Postai \u00faton: Safety Lift Korl\u00e1tolt Felel\u0151ss\u00e9g\u0171 T\u00e1rsas\u00e1g, 2145 Kerepes, Esze Tam\u00e1s utca 48. c\u00edmen;<\/p>\n\n\n\n<p>Elektronikus \u00faton: info@lifting-safety.com e-mail c\u00edmen;<\/p>\n\n\n\n<p>Telefonon: +3630-295-6009 sz\u00e1mon h\u00e9tf\u0151 \u2013 p\u00e9ntekig 9.00.- 12.00. \u00f3ra k\u00f6z\u00f6tt;<\/p>\n\n\n\n<p>A sz\u00f3beli panaszt azonnal meg kell vizsg\u00e1lni, \u00e9s sz\u00fcks\u00e9g szerint orvosolni kell. Ha a fogyaszt\u00f3 a panasz kezel\u00e9s\u00e9vel nem \u00e9rt egyet, vagy a panasz azonnali kivizsg\u00e1l\u00e1sa nem lehets\u00e9ges, a v\u00e1llalkoz\u00e1s a panaszr\u00f3l \u00e9s az azzal kapcsolatos \u00e1ll\u00e1spontj\u00e1r\u00f3l halad\u00e9ktalanul k\u00f6teles jegyz\u0151k\u00f6nyvet felvenni, \u00e9s annak egy m\u00e1solati p\u00e9ld\u00e1ny\u00e1t telefonon vagy egy\u00e9b elektronikus h\u00edrk\u00f6zl\u00e9si szolg\u00e1ltat\u00e1s felhaszn\u00e1l\u00e1s\u00e1val k\u00f6z\u00f6lt sz\u00f3beli panasz eset\u00e9n a fogyaszt\u00f3nak legk\u00e9s\u0151bb az \u00e9rdemi v\u00e1lasszal egyidej\u0171leg megk\u00fcldeni, egyebekben pedig az \u00edr\u00e1sbeli panaszra vonatkoz\u00f3 szab\u00e1lyok szerint k\u00f6teles elj\u00e1rni.<\/p>\n\n\n\n<p>A telefonon vagy elektronikus h\u00edrk\u00f6zl\u00e9si szolg\u00e1ltat\u00e1s felhaszn\u00e1l\u00e1s\u00e1val k\u00f6z\u00f6lt sz\u00f3beli panaszt a v\u00e1llalkoz\u00e1s k\u00f6teles egyedi azonos\u00edt\u00f3sz\u00e1mmal ell\u00e1tni.<\/p>\n\n\n\n<p>&nbsp;A panaszr\u00f3l felvett jegyz\u0151k\u00f6nyvnek tartalmaznia kell az al\u00e1bbiakat:<\/p>\n\n\n\n<p>a) a fogyaszt\u00f3 neve, lakc\u00edme,<\/p>\n\n\n\n<p>b) a panasz el\u0151terjeszt\u00e9s\u00e9nek helye, ideje, m\u00f3dja,<\/p>\n\n\n\n<p>c) a fogyaszt\u00f3 panasz\u00e1nak r\u00e9szletes le\u00edr\u00e1sa, a fogyaszt\u00f3 \u00e1ltal bemutatott iratok, dokumentumok \u00e9s egy\u00e9b bizony\u00edt\u00e9kok jegyz\u00e9ke,<\/p>\n\n\n\n<p>d) a v\u00e1llalkoz\u00e1s nyilatkozata a fogyaszt\u00f3 panasz\u00e1val kapcsolatos \u00e1ll\u00e1spontj\u00e1r\u00f3l, amennyiben a panasz azonnali kivizsg\u00e1l\u00e1sa lehets\u00e9ges,<\/p>\n\n\n\n<p>e) a jegyz\u0151k\u00f6nyvet felvev\u0151 szem\u00e9ly \u00e9s \u2013 telefonon vagy egy\u00e9b elektronikus h\u00edrk\u00f6zl\u00e9si szolg\u00e1ltat\u00e1s felhaszn\u00e1l\u00e1s\u00e1val k\u00f6z\u00f6lt sz\u00f3beli panasz kiv\u00e9tel\u00e9vel \u2013 a fogyaszt\u00f3 al\u00e1\u00edr\u00e1sa,<\/p>\n\n\n\n<p>f) a jegyz\u0151k\u00f6nyv felv\u00e9tel\u00e9nek helye, ideje,<\/p>\n\n\n\n<p>g) telefonon vagy egy\u00e9b elektronikus h\u00edrk\u00f6zl\u00e9si szolg\u00e1ltat\u00e1s felhaszn\u00e1l\u00e1s\u00e1val k\u00f6z\u00f6lt sz\u00f3beli panasz eset\u00e9n a panasz egyedi azonos\u00edt\u00f3sz\u00e1ma.<\/p>\n\n\n\n<p>&nbsp;Az \u00edr\u00e1sbeli panaszt a v\u00e1llalkoz\u00e1s \u2013 ha az Eur\u00f3pai Uni\u00f3 k\u00f6zvetlen\u00fcl alkalmazand\u00f3 jogi aktusa elt\u00e9r\u0151en nem rendelkezik \u2013 a be\u00e9rkez\u00e9s\u00e9t k\u00f6vet\u0151en harminc napon bel\u00fcl k\u00f6teles \u00edr\u00e1sban \u00e9rdemben igazolhat\u00f3 m\u00f3don megv\u00e1laszolni \u00e9s int\u00e9zkedni annak k\u00f6zl\u00e9se ir\u00e1nt. A panaszt elutas\u00edt\u00f3 \u00e1ll\u00e1spontj\u00e1t Elad\u00f3 indokolni k\u00f6teles.<\/p>\n\n\n\n<p>A v\u00e1llalkoz\u00e1s a panaszr\u00f3l felvett jegyz\u0151k\u00f6nyvet \u00e9s a v\u00e1lasz m\u00e1solati p\u00e9ld\u00e1ny\u00e1t h\u00e1rom \u00e9vig k\u00f6teles meg\u0151rizni, \u00e9s azt az ellen\u0151rz\u0151 hat\u00f3s\u00e1goknak k\u00e9r\u00e9s\u00fckre bemutatni.<\/p>\n\n\n\n<p>A panasz elutas\u00edt\u00e1sa eset\u00e9n az Elad\u00f3 k\u00f6teles a fogyaszt\u00f3t \u00edr\u00e1sban t\u00e1j\u00e9koztatni arr\u00f3l, hogy panasz\u00e1val \u2013 annak jellege szerint \u2013 mely hat\u00f3s\u00e1g vagy b\u00e9k\u00e9ltet\u0151 test\u00fclet elj\u00e1r\u00e1s\u00e1t kezdem\u00e9nyezheti.<\/p>\n\n\n\n<p>&nbsp;A kor\u00e1bbi, \u00e9rdemben megv\u00e1laszolt panasz tartalm\u00e1val azonos tartalm\u00fa, ugyanazon fogyaszt\u00f3 \u00e1ltal tett, ism\u00e9telt, \u00faj inform\u00e1ci\u00f3t nem tartalmaz\u00f3 panasz, valamint az azonos\u00edthatatlan szem\u00e9ly \u00e1ltal tett fogyaszt\u00f3i panasz kivizsg\u00e1l\u00e1s\u00e1t Elad\u00f3 mell\u0151zheti.<\/p>\n\n\n\n<ul class=\"wp-block-list\">\n<li>Egy\u00e9b jog\u00e9rv\u00e9nyes\u00edt\u00e9si lehet\u0151s\u00e9gek<\/li>\n<\/ul>\n\n\n\n<p>Amennyiben az Elad\u00f3 \u00e9s \u00d6n, mint fogyaszt\u00f3 (tov\u00e1bbiakban fogyaszt\u00f3) k\u00f6z\u00f6tt esetlegesen fenn\u00e1ll\u00f3 fogyaszt\u00f3i jogvita a t\u00e1rgyal\u00e1sok sor\u00e1n nem rendez\u0151dik, az al\u00e1bbi lehet\u0151s\u00e9gek \u00e1llnak a fogyaszt\u00f3 sz\u00e1m\u00e1ra.<\/p>\n\n\n\n<p>Panaszt\u00e9tel a fogyaszt\u00f3v\u00e9delmi hat\u00f3s\u00e1gokn\u00e1l:<\/p>\n\n\n\n<p>Amennyiben a fogyaszt\u00f3 \u00fagy tapasztalja, hogy fogyaszt\u00f3i jogait megs\u00e9rtett\u00e9k, jogosult panasszal fordulni a lak\u00f3helye szerint az illet\u00e9kes korm\u00e1nyhivatal (fogyaszt\u00f3v\u00e9delmi hat\u00f3s\u00e1g) elj\u00e1r\u00e1s\u00e1t kezdem\u00e9nyezheti. Az elj\u00e1r\u00e1s lefolytat\u00e1s\u00e1ra a fogyaszt\u00f3 lak\u00f3helye vagy tart\u00f3zkod\u00e1si helye, ennek hi\u00e1ny\u00e1ban \u00e9rtes\u00edt\u00e9se c\u00edme szerinti korm\u00e1nyhivatal vagy az a korm\u00e1nyhivatal jogosult, melynek ter\u00fclet\u00e9n a jogellenes magatart\u00e1st elk\u00f6vett\u00e9k.<\/p>\n\n\n\n<p>B\u00e9k\u00e9ltet\u0151 test\u00fclet el\u0151tti elj\u00e1r\u00e1s kezdem\u00e9nyez\u00e9se:<\/p>\n\n\n\n<p>A term\u00e9kek min\u0151s\u00e9g\u00e9vel, biztons\u00e1goss\u00e1g\u00e1val \u00e9s a term\u00e9kfelel\u0151ss\u00e9gi szab\u00e1lyok alkalmaz\u00e1s\u00e1val, valamint a szerz\u0151d\u00e9s megk\u00f6t\u00e9s\u00e9vel \u00e9s teljes\u00edt\u00e9s\u00e9vel kapcsolatos fogyaszt\u00f3i jogvita b\u00edr\u00f3s\u00e1gon k\u00edv\u00fcli, b\u00e9k\u00e9s rendez\u00e9se \u00e9rdek\u00e9ben a fogyaszt\u00f3 a v\u00e1rmegyei (f\u0151v\u00e1rosi) kereskedelmi \u00e9s iparkamar\u00e1k \u00e1ltal m\u0171k\u00f6dtetett szakmailag f\u00fcggetlen b\u00e9k\u00e9ltet\u0151 test\u00fclet elj\u00e1r\u00e1s\u00e1t is kezdem\u00e9nyezheti. &nbsp;<\/p>\n\n\n\n<p>A b\u00e9k\u00e9ltet\u0151 test\u00fclet feladata, hogy megk\u00eds\u00e9relje a fogyaszt\u00f3i jogvita rendez\u00e9se c\u00e9lj\u00e1b\u00f3l egyezs\u00e9g l\u00e9trehoz\u00e1s\u00e1t a felek k\u00f6z\u00f6tt, ennek eredm\u00e9nytelens\u00e9ge eset\u00e9n az \u00fcgyben d\u00f6nt\u00e9st hoz a fogyaszt\u00f3i jogok egyszer\u0171, gyors, hat\u00e9kony \u00e9s k\u00f6lts\u00e9gk\u00edm\u00e9l\u0151 \u00e9rv\u00e9nyes\u00edt\u00e9s\u00e9nek biztos\u00edt\u00e1sa \u00e9rdek\u00e9ben.<\/p>\n\n\n\n<p>A b\u00e9k\u00e9ltet\u0151 test\u00fclet a fogyaszt\u00f3 vagy a v\u00e1llalkoz\u00e1s k\u00e9r\u00e9s\u00e9re tan\u00e1csot ad a fogyaszt\u00f3t megillet\u0151 jogokkal \u00e9s a fogyaszt\u00f3t terhel\u0151 k\u00f6telezetts\u00e9gekkel kapcsolatban.<\/p>\n\n\n\n<p>Online ad\u00e1sv\u00e9teli vagy online szolg\u00e1ltat\u00e1si szerz\u0151d\u00e9ssel \u00f6sszef\u00fcgg\u0151 hat\u00e1ron \u00e1tny\u00fal\u00f3 fogyaszt\u00f3i jogvita eset\u00e9n a fogyaszt\u00f3v\u00e9delem\u00e9rt felel\u0151s miniszter \u00e1ltal rendeletben kijel\u00f6lt kamara \u00e1ltal m\u0171k\u00f6dtetett b\u00e9k\u00e9ltet\u0151 test\u00fclet illet\u00e9kes.<\/p>\n\n\n\n<p>Az elj\u00e1r\u00e1sra a fogyaszt\u00f3 lak\u00f3helye vagy tart\u00f3zkod\u00e1si helye szerinti b\u00e9k\u00e9ltet\u0151 test\u00fclet illet\u00e9kes, belf\u00f6ldi&nbsp; lak\u00f3hely vagy tart\u00f3zkod\u00e1si hely hi\u00e1ny\u00e1ban az Elad\u00f3 sz\u00e9khelye szerint illet\u00e9kes v\u00e1rmegyei kereskedelmi kamara \u00e1ltal m\u0171k\u00f6dtetett B\u00e9k\u00e9ltet\u0151 Test\u00fcletn\u00e9l kell kezdem\u00e9nyeznie az elj\u00e1r\u00e1st. Az elj\u00e1r\u00e1sra &#8211; a fogyaszt\u00f3 erre ir\u00e1nyul\u00f3 k\u00e9relme alapj\u00e1n a fogyaszt\u00f3 k\u00e9relm\u00e9ben megjel\u00f6lt b\u00e9k\u00e9ltet\u0151 test\u00fclet illet\u00e9kes. A b\u00e9k\u00e9ltet\u0151 test\u00fclet illet\u00e9kess\u00e9gi ter\u00fclete a test\u00fcletet m\u0171k\u00f6dtet\u0151 kamara szerinti v\u00e1rmegy\u00e9re (f\u0151v\u00e1rosra) terjed ki. A b\u00e9k\u00e9ltet\u0151 test\u00fcleti elj\u00e1r\u00e1s hivatalos nyelve a magyar.<\/p>\n\n\n\n<p>A b\u00e9k\u00e9ltet\u0151 test\u00fclet elj\u00e1r\u00e1sa megind\u00edt\u00e1s\u00e1nak felt\u00e9tele, hogy a fogyaszt\u00f3 az \u00e9rintett v\u00e1llalkoz\u00e1ssal k\u00f6zvetlen\u00fcl megk\u00eds\u00e9relje a vit\u00e1s \u00fcgy rendez\u00e9s\u00e9t.<\/p>\n\n\n\n<p>A b\u00e9k\u00e9ltet\u0151 test\u00fclet elj\u00e1r\u00e1sa a fogyaszt\u00f3 k\u00e9relm\u00e9re indul.&nbsp;<\/p>\n\n\n\n<p>A k\u00e9relmet a b\u00e9k\u00e9ltet\u0151 test\u00fclet eln\u00f6k\u00e9hez kell \u00edr\u00e1sban beny\u00fajtani: az \u00edr\u00e1sbelis\u00e9g k\u00f6vetelm\u00e9ny\u00e9nek lev\u00e9l, t\u00e1virat, t\u00e1vg\u00e9p\u00edr\u00f3 vagy telefax \u00fatj\u00e1n, tov\u00e1bb\u00e1 b\u00e1rmely egy\u00e9b olyan eszk\u00f6zzel is eleget lehet tenni, amely a c\u00edmzett sz\u00e1m\u00e1ra lehet\u0151v\u00e9 teszi a neki c\u00edmzett adatoknak az adat c\u00e9lj\u00e1nak megfelel\u0151 ideig t\u00f6rt\u00e9n\u0151 tart\u00f3s t\u00e1rol\u00e1s\u00e1t, \u00e9s a t\u00e1rolt adatok v\u00e1ltozatlan form\u00e1ban \u00e9s tartalommal t\u00f6rt\u00e9n\u0151 megjelen\u00edt\u00e9s\u00e9t.<\/p>\n\n\n\n<p>A k\u00e9relemnek tartalmaznia kell<\/p>\n\n\n\n<p>a) a fogyaszt\u00f3 nev\u00e9t, lak\u00f3hely\u00e9t vagy tart\u00f3zkod\u00e1si hely\u00e9t,<\/p>\n\n\n\n<p>b) a fogyaszt\u00f3i jogvit\u00e1val \u00e9rintett v\u00e1llalkoz\u00e1s nev\u00e9t, sz\u00e9khely\u00e9t vagy \u00e9rintett telephely\u00e9t,<\/p>\n\n\n\n<p>c) ha a fogyaszt\u00f3 az illet\u00e9kess\u00e9get az illet\u00e9kes b\u00e9k\u00e9ltet\u0151 test\u00fclet helyett k\u00e9relmezett test\u00fclet megjel\u00f6l\u00e9s\u00e9t,<\/p>\n\n\n\n<p>d) a fogyaszt\u00f3 \u00e1ll\u00e1spontj\u00e1nak r\u00f6vid le\u00edr\u00e1s\u00e1t, az azt al\u00e1t\u00e1maszt\u00f3 t\u00e9nyeket \u00e9s azok bizony\u00edt\u00e9kait,<\/p>\n\n\n\n<p>e) a fogyaszt\u00f3 nyilatkozat\u00e1t arr\u00f3l, hogy a fogyaszt\u00f3 az \u00e9rintett v\u00e1llalkoz\u00e1ssal k\u00f6zvetlen\u00fcl megk\u00eds\u00e9relte a vit\u00e1s \u00fcgy rendez\u00e9s\u00e9t<\/p>\n\n\n\n<p>f) a fogyaszt\u00f3 nyilatkozat\u00e1t arra n\u00e9zve, hogy az \u00fcgyben m\u00e1s b\u00e9k\u00e9ltet\u0151 test\u00fclet elj\u00e1r\u00e1s\u00e1t nem kezdem\u00e9nyezte, k\u00f6zvet\u00edt\u0151i elj\u00e1r\u00e1s nem indult, keresetlev\u00e9l bead\u00e1s\u00e1ra, illetve fizet\u00e9si meghagy\u00e1s kibocs\u00e1t\u00e1sa ir\u00e1nti k\u00e9relem el\u0151terjeszt\u00e9s\u00e9re nem ker\u00fclt sor,<\/p>\n\n\n\n<p>g) a test\u00fclet d\u00f6nt\u00e9s\u00e9re ir\u00e1nyul\u00f3 ind\u00edtv\u00e1nyt,<\/p>\n\n\n\n<p>h) a fogyaszt\u00f3 al\u00e1\u00edr\u00e1s\u00e1t.<\/p>\n\n\n\n<p>A k\u00e9relemhez csatolni kell azt az okiratot, illetve annak m\u00e1solat\u00e1t (kivonat\u00e1t), amelynek tartalm\u00e1ra a fogyaszt\u00f3 bizony\u00edt\u00e9kk\u00e9nt hivatkozik, \u00edgy k\u00fcl\u00f6n\u00f6sen a v\u00e1llalkoz\u00e1s \u00edr\u00e1sbeli nyilatkozat\u00e1t a panasz elutas\u00edt\u00e1s\u00e1r\u00f3l, ennek hi\u00e1ny\u00e1ban a fogyaszt\u00f3 rendelkez\u00e9s\u00e9re \u00e1ll\u00f3 egy\u00e9b \u00edr\u00e1sos bizony\u00edt\u00e9kot az el\u0151\u00edrt egyeztet\u00e9s megk\u00eds\u00e9rl\u00e9s\u00e9r\u0151l. Ha a fogyaszt\u00f3 meghatalmazott \u00fatj\u00e1n j\u00e1r el, a k\u00e9relemhez csatolni kell a meghatalmaz\u00e1st.<\/p>\n\n\n\n<p>A B\u00e9k\u00e9ltet\u0151 Test\u00fcletekr\u0151l b\u0151vebb inform\u00e1ci\u00f3 <a href=\"https:\/\/bekeltetes.hu\/\">https:\/\/bekeltetes.hu\/<\/a>,<\/p>\n\n\n\n<p>a ter\u00fcletileg illet\u00e9kes B\u00e9k\u00e9ltet\u0151 Test\u00fcletek el\u00e9rhet\u0151s\u00e9gei pedig az al\u00e1bbi linken tal\u00e1lhat\u00f3ak meg: <a href=\"http:\/\/www.bekeltetes.hu\/index.php?id=testuletek\">http:\/\/www.bekeltetes.hu\/index.php?id=testuletek<\/a><\/p>\n\n\n\n<p>Elad\u00f3 sz\u00e9khelye szerint illet\u00e9kes B\u00e9k\u00e9ltet\u0151 Test\u00fclet a Pest V\u00e1rmegyei B\u00e9k\u00e9ltet\u0151 Test\u00fclet<\/p>\n\n\n\n<p>Sz\u00e9khely: 1055 Budapest, Balassi B. u. 25. IV\/2.<\/p>\n\n\n\n<p>Levelez\u00e9si c\u00edm: 1364 Budapest, Pf. 81.<\/p>\n\n\n\n<p>Telefonsz\u00e1m: (1) 792 7881<\/p>\n\n\n\n<p>E-mail: <a href=\"mailto:pmbekelteto@pmkik.hu\">pmbekelteto@pmkik.hu<\/a><\/p>\n\n\n\n<p>Honlap: <a href=\"http:\/\/www.pestmegyeibekelteto.hu\">www.pestmegyeibekelteto.hu<\/a><\/p>\n\n\n\n<p>B\u00edr\u00f3s\u00e1gi elj\u00e1r\u00e1s kezdem\u00e9nyez\u00e9se<\/p>\n\n\n\n<p>\u00dcgyf\u00e9l jogosult a fogyaszt\u00f3i jogvit\u00e1b\u00f3l sz\u00e1rmaz\u00f3 k\u00f6vetel\u00e9s\u00e9nek b\u00edr\u00f3s\u00e1g el\u0151tti \u00e9rv\u00e9nyes\u00edt\u00e9s\u00e9re polg\u00e1ri elj\u00e1r\u00e1s keret\u00e9ben a Polg\u00e1ri T\u00f6rv\u00e9nyk\u00f6nyvr\u0151l sz\u00f3l\u00f3 2013. \u00e9vi V. t\u00f6rv\u00e9ny, valamint a Polg\u00e1ri Perrendtart\u00e1sr\u00f3l sz\u00f3l\u00f3 1952. \u00e9vi III. t\u00f6rv\u00e9ny rendelkez\u00e9sei szerint.<\/p>\n\n\n\n<p>Online vitarendez\u00e9s ig\u00e9nybev\u00e9tele:<\/p>\n\n\n\n<p>A fogyaszt\u00f3i jogvit\u00e1k online rendez\u00e9s\u00e9r\u0151l, valamint a 2006\/2004\/EK rendelet \u00e9s a 2009\/22\/EK ir\u00e1nyelv m\u00f3dos\u00edt\u00e1s\u00e1r\u00f3l (fogyaszt\u00f3i online vitarendez\u00e9si ir\u00e1nyelv) sz\u00f3l\u00f3, 2013. \u00e9vi m\u00e1jus 21.-i 524\/2013\/EU eur\u00f3pai parlamenti \u00e9s tan\u00e1csi rendelet (a tov\u00e1bbiakban: rendelet) alapj\u00e1n az Eur\u00f3pai Bizotts\u00e1g l\u00e9trehozott egy online vitarendez\u00e9si platformot, amely 2016. febru\u00e1r 15-t\u0151l vehet\u0151 ig\u00e9nybe az online ad\u00e1sv\u00e9teli vagy szolg\u00e1ltat\u00e1si szerz\u0151d\u00e9st k\u00f6t\u0151k k\u00f6z\u00f6tt fogyaszt\u00f3i jogvita eset\u00e9n mind a fogyaszt\u00f3k, mind a keresked\u0151k sz\u00e1m\u00e1ra.<\/p>\n\n\n\n<p>A rendelet hat\u00e1lya k\u00f6zvetlen\u00fcl kiterjed az Uni\u00f3ban letelepedett, Magyarorsz\u00e1gon sz\u00e9khellyel rendelkez\u0151 online ad\u00e1sv\u00e9teli vagy szolg\u00e1ltat\u00e1si szerz\u0151d\u00e9sekben \u00e9rintett keresked\u0151re, amennyiben k\u00f6zte \u00e9s a fogyaszt\u00f3 k\u00f6z\u00f6tt l\u00e9trej\u00f6tt online ad\u00e1sv\u00e9teli vagy szolg\u00e1ltat\u00e1si szerz\u0151d\u00e9ssel kapcsolatban fogyaszt\u00f3i jogvita mer\u00fcl fel.<\/p>\n\n\n\n<p>Hat\u00e1ron \u00e1tny\u00fal\u00f3 fogyaszt\u00f3i jogvita eset\u00e9n, uni\u00f3s web\u00e1ruh\u00e1zzal fenn\u00e1ll\u00f3 vit\u00e1j\u00e1t Magyarorsz\u00e1gon kiz\u00e1r\u00f3lagosan a f\u0151v\u00e1rosi kereskedelmi \u00e9s iparkamara \u00e1ltal m\u0171k\u00f6dtetett b\u00e9k\u00e9ltet\u0151 test\u00fclet d\u00f6nti el.<\/p>\n\n\n\n<p>Ahhoz, hogy az online vitarendez\u00e9si platformot haszn\u00e1lni tudja, el\u0151z\u0151leg regisztr\u00e1lnia kell az Eur\u00f3pai Bizotts\u00e1g rendszer\u00e9ben.<\/p>\n\n\n\n<p>Az online vitarendez\u00e9si platformot az Eur\u00f3pai Bizotts\u00e1g rendszer\u00e9ben val\u00f3 regisztr\u00e1ci\u00f3t k\u00f6vet\u0151en az al\u00e1bbi link seg\u00edts\u00e9g\u00e9vel \u00e9rheti el: http:\/\/ec.europa.eu\/odr<\/p>\n\n\n\n<p>Az oldal bet\u00f6lt\u00e9s\u00e9t k\u00f6vet\u0151en v\u00e1lassza ki a k\u00edv\u00e1nt nyelvet, jelentkezzen be \u00e9s k\u00f6vesse az oldal utas\u00edt\u00e1sait. Amennyiben a hat\u00e1ron \u00e1t\u00edvel\u0151 online vitarendez\u00e9ssel kapcsolatosan tov\u00e1bbi k\u00e9rd\u00e9se mer\u00fclne fel, a Budapesti B\u00e9k\u00e9ltet\u0151 Test\u00fclet tud r\u00e9szletes felvil\u00e1gos\u00edt\u00e1st adni \u00d6nnek.<\/p>\n\n\n\n<p>A Budapesti B\u00e9k\u00e9ltet\u0151 Test\u00fclet el\u00e9rhet\u0151s\u00e9ge:<\/p>\n\n\n\n<p>1016 Budapest, Krisztina krt. 99. III. em. 310.<\/p>\n\n\n\n<p>Levelez\u00e9si c\u00edm: 1253 Budapest, Pf.: 10.<\/p>\n\n\n\n<p>E-mail c\u00edm: bekelteto.testulet@bkik.hu, onlinevita@bkik.hu<\/p>\n\n\n\n<p>Fax: 06 (1) 488 21 86<\/p>\n\n\n\n<p>Telefon: 06 (1) 488 21 31<\/p>\n\n\n\n<p>\u00e9rtelmez\u0151 rendelkez\u00e9sek:<\/p>\n\n\n\n<p>fogyaszt\u00f3: fogyaszt\u00f3: az \u00f6n\u00e1ll\u00f3 foglalkoz\u00e1s\u00e1n \u00e9s gazdas\u00e1gi tev\u00e9kenys\u00e9g\u00e9n k\u00edv\u00fcl es\u0151 c\u00e9lok \u00e9rdek\u00e9ben elj\u00e1r\u00f3 term\u00e9szetes szem\u00e9ly, aki \u00e1rut vesz, rendel, kap, haszn\u00e1l, ig\u00e9nybe vesz vagy az \u00e1ruval kapcsolatos kereskedelmi kommunik\u00e1ci\u00f3, aj\u00e1nlat c\u00edmzettje. A b\u00e9k\u00e9ltet\u0151 test\u00fcletre vonatkoz\u00f3 szab\u00e1lyok alkalmaz\u00e1s\u00e1ban \u2013 a fogyaszt\u00f3i jogvit\u00e1k online rendez\u00e9s\u00e9r\u0151l, valamint a 2006\/2004\/EK rendelet \u00e9s a 2009\/22\/EK ir\u00e1nyelv m\u00f3dos\u00edt\u00e1s\u00e1r\u00f3l sz\u00f3l\u00f3, 2013. m\u00e1jus 21-i 524\/2013\/EU eur\u00f3pai parlamenti \u00e9s tan\u00e1csi rendelet alkalmaz\u00e1s\u00e1nak kiv\u00e9tel\u00e9vel \u2013 fogyaszt\u00f3nak min\u0151s\u00fcl a fentieken t\u00falmen\u0151en az \u00f6n\u00e1ll\u00f3 foglalkoz\u00e1s\u00e1n \u00e9s gazdas\u00e1gi tev\u00e9kenys\u00e9gi k\u00f6r\u00e9n k\u00edv\u00fcl es\u0151 c\u00e9lok \u00e9rdek\u00e9ben elj\u00e1r\u00f3, k\u00fcl\u00f6n t\u00f6rv\u00e9ny szerinti civil szervezet, egyh\u00e1zi jogi szem\u00e9ly, t\u00e1rsash\u00e1z, lak\u00e1ssz\u00f6vetkezet, mikro-, kis- \u00e9s k\u00f6z\u00e9pv\u00e1llalkoz\u00e1s is, amely \u00e1rut vesz, rendel, kap, haszn\u00e1l, ig\u00e9nybe vesz vagy az \u00e1ruval kapcsolatos kereskedelmi kommunik\u00e1ci\u00f3, aj\u00e1nlat c\u00edmzettje; (fogyaszt\u00f3v\u00e9delemr\u0151l sz\u00f3l\u00f3 1997. \u00e9vi CLV. t\u00f6rv\u00e9ny 2.\u00a7 (10.pont)<\/p>\n\n\n\n<p>fogyaszt\u00f3i jogvita: a fogyaszt\u00f3 \u00e9s a v\u00e1llalkoz\u00e1s k\u00f6z\u00f6tti ad\u00e1sv\u00e9teli vagy szolg\u00e1ltat\u00e1si szerz\u0151d\u00e9s megk\u00f6t\u00e9s\u00e9vel \u00e9s teljes\u00edt\u00e9s\u00e9vel kapcsolatos vit\u00e1s \u00fcgy, valamint a fogyaszt\u00f3 \u00e9s a v\u00e1llalkoz\u00e1s k\u00f6z\u00f6tt k\u00fcl\u00f6n megk\u00f6t\u00e9sre ker\u00fcl\u0151 ad\u00e1sv\u00e9teli vagy szolg\u00e1ltat\u00e1si szerz\u0151d\u00e9s hi\u00e1ny\u00e1ban a term\u00e9k min\u0151s\u00e9g\u00e9vel, biztons\u00e1goss\u00e1g\u00e1val, a term\u00e9kfelel\u0151ss\u00e9gi szab\u00e1lyok alkalmaz\u00e1s\u00e1val, a szolg\u00e1ltat\u00e1s min\u0151s\u00e9g\u00e9vel \u00f6sszef\u00fcgg\u0151 vit\u00e1s \u00fcgy; (a fogyaszt\u00f3v\u00e9delemr\u0151l sz\u00f3l\u00f3 1997. \u00e9vi CLV. t\u00f6rv\u00e9ny 2.\u00a7 (12.pont)<\/p>\n\n\n\n<p>ADATKEZEL\u00c9S<\/p>\n\n\n\n<p>A weboldal, illetve egy\u00e9b online fel\u00fcleten t\u00f6rt\u00e9n\u0151 v\u00e1s\u00e1rl\u00e1s sor\u00e1n a kezelt szem\u00e9lyes adatokkal kapcsolatos adatkezel\u00e9si szab\u00e1lyzat a honlapon el\u00e9rhet\u0151.<\/p>\n\n\n\n<p class=\"has-medium-font-size\">A jelen \u00c1SZF 2024. janu\u00e1r 10. napj\u00e1t\u00f3l hat\u00e1lyos \u00e9s visszavon\u00e1sig hat\u00e1lyban marad. Elad\u00f3 jogosult egyoldal\u00faan m\u00f3dos\u00edtani az \u00c1SZF-et. Az \u00c1SZF esetleges m\u00f3dos\u00edt\u00e1sa a honlapon t\u00f6rt\u00e9n\u0151 megjelen\u00e9st\u0151l \u00e9rv\u00e9nyes. Az esetleges v\u00e1ltoztat\u00e1sok a m\u00e1r addig l\u00e9trej\u00f6tt szerz\u0151d\u00e9seket (visszaigazolt megrendel\u00e9seket) nem \u00e9rintik.<\/p>\n","protected":false},"excerpt":{"rendered":"<p>\u00c1LTAL\u00c1NOS SZERZ\u0150D\u00c9SI FELT\u00c9TELEK(\u00c1SZF) a&nbsp;www. lifting-safety.com weboldal haszn\u00e1lat\u00e1r\u00f3l2024.01.10. I. PREAMBULUM \u00dcdv\u00f6z\u00f6lj\u00fck honlapunkon! K\u00f6sz\u00f6nj\u00fck, hogy C\u00e9g\u00fcnket tiszteli meg bizalm\u00e1val a v\u00e1s\u00e1rl\u00e1sa sor\u00e1n. K\u00e9rj\u00fck, hogy megrendel\u00e9se v\u00e9gleges\u00edt\u00e9se el\u0151tt figyelmesen olvassa el a jelen dokumentumot, mert megrendel\u00e9se v\u00e9gleges\u00edt\u00e9s\u00e9vel \u00d6n elfogadja a jelen \u00c1ltal\u00e1nos Szerz\u0151d\u00e9si Felt\u00e9telek (tov\u00e1bbiakban: \u00c1SZF) tartalm\u00e1t. A www.lifting-safety.com honlapot a Safety Lift Korl\u00e1tolt Felel\u0151ss\u00e9g\u0171 T\u00e1rsas\u00e1g (C\u00e9gjegyz\u00e9ksz\u00e1m: 13-09-222273, [&hellip;]<\/p>\n","protected":false},"author":1,"featured_media":0,"parent":0,"menu_order":0,"comment_status":"closed","ping_status":"closed","template":"","meta":{"site-sidebar-layout":"default","site-content-layout":"","ast-site-content-layout":"default","site-content-style":"default","site-sidebar-style":"default","ast-global-header-display":"","ast-banner-title-visibility":"","ast-main-header-display":"","ast-hfb-above-header-display":"","ast-hfb-below-header-display":"","ast-hfb-mobile-header-display":"","site-post-title":"","ast-breadcrumbs-content":"","ast-featured-img":"","footer-sml-layout":"","theme-transparent-header-meta":"","adv-header-id-meta":"","stick-header-meta":"","header-above-stick-meta":"","header-main-stick-meta":"","header-below-stick-meta":"","astra-migrate-meta-layouts":"set","ast-page-background-enabled":"default","ast-page-background-meta":{"desktop":{"background-color":"","background-image":"","background-repeat":"repeat","background-position":"center center","background-size":"auto","background-attachment":"scroll","background-type":"","background-media":"","overlay-type":"","overlay-color":"","overlay-opacity":"","overlay-gradient":""},"tablet":{"background-color":"","background-image":"","background-repeat":"repeat","background-position":"center center","background-size":"auto","background-attachment":"scroll","background-type":"","background-media":"","overlay-type":"","overlay-color":"","overlay-opacity":"","overlay-gradient":""},"mobile":{"background-color":"","background-image":"","background-repeat":"repeat","background-position":"center center","background-size":"auto","background-attachment":"scroll","background-type":"","background-media":"","overlay-type":"","overlay-color":"","overlay-opacity":"","overlay-gradient":""}},"ast-content-background-meta":{"desktop":{"background-color":"var(--ast-global-color-5)","background-image":"","background-repeat":"repeat","background-position":"center center","background-size":"auto","background-attachment":"scroll","background-type":"","background-media":"","overlay-type":"","overlay-color":"","overlay-opacity":"","overlay-gradient":""},"tablet":{"background-color":"var(--ast-global-color-5)","background-image":"","background-repeat":"repeat","background-position":"center center","background-size":"auto","background-attachment":"scroll","background-type":"","background-media":"","overlay-type":"","overlay-color":"","overlay-opacity":"","overlay-gradient":""},"mobile":{"background-color":"var(--ast-global-color-5)","background-image":"","background-repeat":"repeat","background-position":"center center","background-size":"auto","background-attachment":"scroll","background-type":"","background-media":"","overlay-type":"","overlay-color":"","overlay-opacity":"","overlay-gradient":""}},"footnotes":""},"class_list":["post-4606","page","type-page","status-publish","hentry"],"yoast_head":"<!-- This site is optimized with the Yoast SEO plugin v25.3 - https:\/\/yoast.com\/wordpress\/plugins\/seo\/ -->\n<title>\u00c1ltal\u00e1nos Szerz\u0151d\u00e9si Felt\u00e9telek - Lifting Safety - Lifting equipment from professionals<\/title>\n<meta name=\"robots\" content=\"index, follow, max-snippet:-1, max-image-preview:large, max-video-preview:-1\" \/>\n<link rel=\"canonical\" href=\"https:\/\/lifting-safety.com\/hu_hu\/altalanos-szerzodesi-feltetelek\/\" \/>\n<meta property=\"og:locale\" content=\"hu_HU\" \/>\n<meta property=\"og:type\" content=\"article\" \/>\n<meta property=\"og:title\" content=\"\u00c1ltal\u00e1nos Szerz\u0151d\u00e9si Felt\u00e9telek - Lifting Safety - Lifting equipment from professionals\" \/>\n<meta property=\"og:description\" content=\"\u00c1LTAL\u00c1NOS SZERZ\u0150D\u00c9SI FELT\u00c9TELEK(\u00c1SZF) a&nbsp;www. lifting-safety.com weboldal haszn\u00e1lat\u00e1r\u00f3l2024.01.10. I. PREAMBULUM \u00dcdv\u00f6z\u00f6lj\u00fck honlapunkon! K\u00f6sz\u00f6nj\u00fck, hogy C\u00e9g\u00fcnket tiszteli meg bizalm\u00e1val a v\u00e1s\u00e1rl\u00e1sa sor\u00e1n. K\u00e9rj\u00fck, hogy megrendel\u00e9se v\u00e9gleges\u00edt\u00e9se el\u0151tt figyelmesen olvassa el a jelen dokumentumot, mert megrendel\u00e9se v\u00e9gleges\u00edt\u00e9s\u00e9vel \u00d6n elfogadja a jelen \u00c1ltal\u00e1nos Szerz\u0151d\u00e9si Felt\u00e9telek (tov\u00e1bbiakban: \u00c1SZF) tartalm\u00e1t. A www.lifting-safety.com honlapot a Safety Lift Korl\u00e1tolt Felel\u0151ss\u00e9g\u0171 T\u00e1rsas\u00e1g (C\u00e9gjegyz\u00e9ksz\u00e1m: 13-09-222273, [&hellip;]\" \/>\n<meta property=\"og:url\" content=\"https:\/\/lifting-safety.com\/hu_hu\/altalanos-szerzodesi-feltetelek\/\" \/>\n<meta property=\"og:site_name\" content=\"Lifting Safety - Lifting equipment from professionals\" \/>\n<meta property=\"article:modified_time\" content=\"2024-01-13T16:10:58+00:00\" \/>\n<meta name=\"twitter:card\" content=\"summary_large_image\" \/>\n<meta name=\"twitter:label1\" content=\"Becs\u00fclt olvas\u00e1si id\u0151\" \/>\n\t<meta name=\"twitter:data1\" content=\"46 perc\" \/>\n<script type=\"application\/ld+json\" class=\"yoast-schema-graph\">{\"@context\":\"https:\/\/schema.org\",\"@graph\":[{\"@type\":\"WebPage\",\"@id\":\"https:\/\/lifting-safety.com\/altalanos-szerzodesi-feltetelek\/\",\"url\":\"https:\/\/lifting-safety.com\/altalanos-szerzodesi-feltetelek\/\",\"name\":\"\u00c1ltal\u00e1nos Szerz\u0151d\u00e9si Felt\u00e9telek - Lifting Safety - Lifting equipment from professionals\",\"isPartOf\":{\"@id\":\"https:\/\/lifting-safety.com\/hu_hu\/#website\"},\"datePublished\":\"2024-01-13T16:10:56+00:00\",\"dateModified\":\"2024-01-13T16:10:58+00:00\",\"breadcrumb\":{\"@id\":\"https:\/\/lifting-safety.com\/altalanos-szerzodesi-feltetelek\/#breadcrumb\"},\"inLanguage\":\"hu\",\"potentialAction\":[{\"@type\":\"ReadAction\",\"target\":[\"https:\/\/lifting-safety.com\/altalanos-szerzodesi-feltetelek\/\"]}]},{\"@type\":\"BreadcrumbList\",\"@id\":\"https:\/\/lifting-safety.com\/altalanos-szerzodesi-feltetelek\/#breadcrumb\",\"itemListElement\":[{\"@type\":\"ListItem\",\"position\":1,\"name\":\"Kezd\u0151lap\",\"item\":\"https:\/\/lifting-safety.com\/hu_hu\/\"},{\"@type\":\"ListItem\",\"position\":2,\"name\":\"\u00c1ltal\u00e1nos Szerz\u0151d\u00e9si Felt\u00e9telek\"}]},{\"@type\":\"WebSite\",\"@id\":\"https:\/\/lifting-safety.com\/hu_hu\/#website\",\"url\":\"https:\/\/lifting-safety.com\/hu_hu\/\",\"name\":\"Lifting Safety - Lifting equipment from professionals\",\"description\":\"\",\"publisher\":{\"@id\":\"https:\/\/lifting-safety.com\/hu_hu\/#organization\"},\"potentialAction\":[{\"@type\":\"SearchAction\",\"target\":{\"@type\":\"EntryPoint\",\"urlTemplate\":\"https:\/\/lifting-safety.com\/hu_hu\/?s={search_term_string}\"},\"query-input\":{\"@type\":\"PropertyValueSpecification\",\"valueRequired\":true,\"valueName\":\"search_term_string\"}}],\"inLanguage\":\"hu\"},{\"@type\":\"Organization\",\"@id\":\"https:\/\/lifting-safety.com\/hu_hu\/#organization\",\"name\":\"Lifting Safety - Lifting equipment from professionals\",\"url\":\"https:\/\/lifting-safety.com\/hu_hu\/\",\"logo\":{\"@type\":\"ImageObject\",\"inLanguage\":\"hu\",\"@id\":\"https:\/\/lifting-safety.com\/hu_hu\/#\/schema\/logo\/image\/\",\"url\":\"https:\/\/lifting-safety.com\/wp-content\/uploads\/2024\/02\/cropped-SAFETY_LIFT_LOGO_horizontal_tiny.png\",\"contentUrl\":\"https:\/\/lifting-safety.com\/wp-content\/uploads\/2024\/02\/cropped-SAFETY_LIFT_LOGO_horizontal_tiny.png\",\"width\":520,\"height\":174,\"caption\":\"Lifting Safety - Lifting equipment from professionals\"},\"image\":{\"@id\":\"https:\/\/lifting-safety.com\/hu_hu\/#\/schema\/logo\/image\/\"}}]}<\/script>\n<!-- \/ Yoast SEO plugin. -->","yoast_head_json":{"title":"\u00c1ltal\u00e1nos Szerz\u0151d\u00e9si Felt\u00e9telek - Lifting Safety - Lifting equipment from professionals","robots":{"index":"index","follow":"follow","max-snippet":"max-snippet:-1","max-image-preview":"max-image-preview:large","max-video-preview":"max-video-preview:-1"},"canonical":"https:\/\/lifting-safety.com\/hu_hu\/altalanos-szerzodesi-feltetelek\/","og_locale":"hu_HU","og_type":"article","og_title":"\u00c1ltal\u00e1nos Szerz\u0151d\u00e9si Felt\u00e9telek - Lifting Safety - Lifting equipment from professionals","og_description":"\u00c1LTAL\u00c1NOS SZERZ\u0150D\u00c9SI FELT\u00c9TELEK(\u00c1SZF) a&nbsp;www. lifting-safety.com weboldal haszn\u00e1lat\u00e1r\u00f3l2024.01.10. I. PREAMBULUM \u00dcdv\u00f6z\u00f6lj\u00fck honlapunkon! K\u00f6sz\u00f6nj\u00fck, hogy C\u00e9g\u00fcnket tiszteli meg bizalm\u00e1val a v\u00e1s\u00e1rl\u00e1sa sor\u00e1n. K\u00e9rj\u00fck, hogy megrendel\u00e9se v\u00e9gleges\u00edt\u00e9se el\u0151tt figyelmesen olvassa el a jelen dokumentumot, mert megrendel\u00e9se v\u00e9gleges\u00edt\u00e9s\u00e9vel \u00d6n elfogadja a jelen \u00c1ltal\u00e1nos Szerz\u0151d\u00e9si Felt\u00e9telek (tov\u00e1bbiakban: \u00c1SZF) tartalm\u00e1t. A www.lifting-safety.com honlapot a Safety Lift Korl\u00e1tolt Felel\u0151ss\u00e9g\u0171 T\u00e1rsas\u00e1g (C\u00e9gjegyz\u00e9ksz\u00e1m: 13-09-222273, [&hellip;]","og_url":"https:\/\/lifting-safety.com\/hu_hu\/altalanos-szerzodesi-feltetelek\/","og_site_name":"Lifting Safety - Lifting equipment from professionals","article_modified_time":"2024-01-13T16:10:58+00:00","twitter_card":"summary_large_image","twitter_misc":{"Becs\u00fclt olvas\u00e1si id\u0151":"46 perc"},"schema":{"@context":"https:\/\/schema.org","@graph":[{"@type":"WebPage","@id":"https:\/\/lifting-safety.com\/altalanos-szerzodesi-feltetelek\/","url":"https:\/\/lifting-safety.com\/altalanos-szerzodesi-feltetelek\/","name":"\u00c1ltal\u00e1nos Szerz\u0151d\u00e9si Felt\u00e9telek - Lifting Safety - Lifting equipment from professionals","isPartOf":{"@id":"https:\/\/lifting-safety.com\/hu_hu\/#website"},"datePublished":"2024-01-13T16:10:56+00:00","dateModified":"2024-01-13T16:10:58+00:00","breadcrumb":{"@id":"https:\/\/lifting-safety.com\/altalanos-szerzodesi-feltetelek\/#breadcrumb"},"inLanguage":"hu","potentialAction":[{"@type":"ReadAction","target":["https:\/\/lifting-safety.com\/altalanos-szerzodesi-feltetelek\/"]}]},{"@type":"BreadcrumbList","@id":"https:\/\/lifting-safety.com\/altalanos-szerzodesi-feltetelek\/#breadcrumb","itemListElement":[{"@type":"ListItem","position":1,"name":"Kezd\u0151lap","item":"https:\/\/lifting-safety.com\/hu_hu\/"},{"@type":"ListItem","position":2,"name":"\u00c1ltal\u00e1nos Szerz\u0151d\u00e9si Felt\u00e9telek"}]},{"@type":"WebSite","@id":"https:\/\/lifting-safety.com\/hu_hu\/#website","url":"https:\/\/lifting-safety.com\/hu_hu\/","name":"Lifting Safety - Lifting equipment from professionals","description":"","publisher":{"@id":"https:\/\/lifting-safety.com\/hu_hu\/#organization"},"potentialAction":[{"@type":"SearchAction","target":{"@type":"EntryPoint","urlTemplate":"https:\/\/lifting-safety.com\/hu_hu\/?s={search_term_string}"},"query-input":{"@type":"PropertyValueSpecification","valueRequired":true,"valueName":"search_term_string"}}],"inLanguage":"hu"},{"@type":"Organization","@id":"https:\/\/lifting-safety.com\/hu_hu\/#organization","name":"Lifting Safety - Lifting equipment from professionals","url":"https:\/\/lifting-safety.com\/hu_hu\/","logo":{"@type":"ImageObject","inLanguage":"hu","@id":"https:\/\/lifting-safety.com\/hu_hu\/#\/schema\/logo\/image\/","url":"https:\/\/lifting-safety.com\/wp-content\/uploads\/2024\/02\/cropped-SAFETY_LIFT_LOGO_horizontal_tiny.png","contentUrl":"https:\/\/lifting-safety.com\/wp-content\/uploads\/2024\/02\/cropped-SAFETY_LIFT_LOGO_horizontal_tiny.png","width":520,"height":174,"caption":"Lifting Safety - Lifting equipment from professionals"},"image":{"@id":"https:\/\/lifting-safety.com\/hu_hu\/#\/schema\/logo\/image\/"}}]}},"_links":{"self":[{"href":"https:\/\/lifting-safety.com\/hu_hu\/wp-json\/wp\/v2\/pages\/4606","targetHints":{"allow":["GET"]}}],"collection":[{"href":"https:\/\/lifting-safety.com\/hu_hu\/wp-json\/wp\/v2\/pages"}],"about":[{"href":"https:\/\/lifting-safety.com\/hu_hu\/wp-json\/wp\/v2\/types\/page"}],"author":[{"embeddable":true,"href":"https:\/\/lifting-safety.com\/hu_hu\/wp-json\/wp\/v2\/users\/1"}],"replies":[{"embeddable":true,"href":"https:\/\/lifting-safety.com\/hu_hu\/wp-json\/wp\/v2\/comments?post=4606"}],"version-history":[{"count":1,"href":"https:\/\/lifting-safety.com\/hu_hu\/wp-json\/wp\/v2\/pages\/4606\/revisions"}],"predecessor-version":[{"id":4607,"href":"https:\/\/lifting-safety.com\/hu_hu\/wp-json\/wp\/v2\/pages\/4606\/revisions\/4607"}],"wp:attachment":[{"href":"https:\/\/lifting-safety.com\/hu_hu\/wp-json\/wp\/v2\/media?parent=4606"}],"curies":[{"name":"wp","href":"https:\/\/api.w.org\/{rel}","templated":true}]}}